{"id":156199,"date":"2023-02-26T15:20:57","date_gmt":"2023-02-26T14:20:57","guid":{"rendered":"https:\/\/plumvillage.org\/retreats\/days-of-mindfulness\/"},"modified":"2025-11-18T00:16:04","modified_gmt":"2025-11-17T23:16:04","slug":"days-of-mindfulness","status":"publish","type":"page","link":"https:\/\/plumvillage.org\/es\/days-of-mindfulness","title":{"rendered":"D\u00edas de Plena Consciencia"},"content":{"rendered":"\n<figure class=\"wp-block-image alignright size-large\"><img loading=\"lazy\" decoding=\"async\" width=\"1024\" height=\"680\" src=\"https:\/\/plumvillage.org\/wp-content\/uploads\/2024\/06\/2024.06.05-NH-RobWalshMediaL1004660-1024x680.jpg\" alt=\"\" class=\"wp-image-459777\" srcset=\"https:\/\/plumvillage.org\/wp-content\/uploads\/2024\/06\/2024.06.05-NH-RobWalshMediaL1004660-1024x680.jpg 1024w, https:\/\/plumvillage.org\/wp-content\/uploads\/2024\/06\/2024.06.05-NH-RobWalshMediaL1004660-499x331.jpg 499w, https:\/\/plumvillage.org\/wp-content\/uploads\/2024\/06\/2024.06.05-NH-RobWalshMediaL1004660-768x510.jpg 768w, https:\/\/plumvillage.org\/wp-content\/uploads\/2024\/06\/2024.06.05-NH-RobWalshMediaL1004660-1536x1020.jpg 1536w, https:\/\/plumvillage.org\/wp-content\/uploads\/2024\/06\/2024.06.05-NH-RobWalshMediaL1004660.jpg 1920w\" sizes=\"auto, (max-width: 1024px) 100vw, 1024px\" \/><figcaption class=\"wp-element-caption\">meditaci\u00f3n caminando<\/figcaption><\/figure>\n\n\n\n<p class=\"has-large-font-size\">Te invitamos a participar en nuestros D\u00edas de Plena Consciencia. Estos d\u00edas ofrecen una peque\u00f1a muestra de la pr\u00e1ctica de mindfulness en Plum Village.<\/p>\n\n\n\n<p>Si viajas desde lejos, te recomendamos que te alojes con nosotros al menos una semana en un retiro, para que puedas tener una introducci\u00f3n completa a nuestras pr\u00e1cticas de mindfulness y una experiencia de inmersi\u00f3n total en Plum Village.<\/p>\n\n\n\n<p><em>A continuaci\u00f3n se ofrece informaci\u00f3n sobre las jornadas t\u00edpicas de atenci\u00f3n plena que suelen tener lugar en primavera, oto\u00f1o e invierno:<\/em><\/p>\n\n\n\n<div class=\"jump-to alignwide\" id=\"proximos-dias-de-plena-consciencia\">\n\t<hr>\n\t<span class=\"jump-to-text\"><span class=\"label\">Ir a <span class=\"icon icon-arrow-tiny\"><\/span><\/span>\n\t\t<a class=\"active\" href=\"#proximos-dias-de-plena-consciencia\">Pr\u00f3ximos d\u00edas de Plena Consciencia<\/a>, <a  href=\"#acerca-de\">acerca de<\/a>, <a  href=\"#horario-de-actividades-tipico\">Horario de Actividades t\u00edpico<\/a>, <a  href=\"#informacion-practica\">Informaci\u00f3n Pr\u00e1ctica <\/a><\/span>\n<\/div>\n\n\n<h2 class=\"wp-block-heading\">Upcoming Days<\/h2>\n\n\n<div class=\"block block-retreats-list align is-style-dom\">\n\n                            <p>No upcoming retreats.<\/p>\n            <\/div>\n\n\n<p><\/p>\n\n\n\n<pre class=\"wp-block-verse\">Queridos amigos, iremos a\u00f1adiendo m\u00e1s fechas a medida que se acerquen los D\u00edas de Mindfulness. No es necesario registrarse para estas fechas.<\/pre>\n\n\n\n<p>*Por favor, traigan sus auriculares y un cable alargador para escuchar la charla de Dharma.<\/p>\n\n\n\n<div class=\"jump-to alignwide is-style-inline\" id=\"acerca-de\">\n\t<hr>\n\t<span class=\"jump-to-text\"><span class=\"label\">Ir a <span class=\"icon icon-arrow-tiny\"><\/span><\/span>\n\t\t<a  href=\"#proximos-dias-de-plena-consciencia\">Pr\u00f3ximos d\u00edas de Plena Consciencia<\/a>, <a class=\"active\" href=\"#acerca-de\">acerca de<\/a>, <a  href=\"#horario-de-actividades-tipico\">Horario de Actividades t\u00edpico<\/a>, <a  href=\"#informacion-practica\">Informaci\u00f3n Pr\u00e1ctica <\/a><\/span>\n<\/div>\n\n\n<h2 class=\"wp-block-heading\">\u00bfQu\u00e9 es un d\u00eda de Plena Consciencia<\/h2>\n\n\n\n<p>Un d\u00eda de Plena Consciencia <strong>es un d\u00eda completo dedicado a la pr\u00e1ctica de la Plena Consciencia (Mindfulness), al estilo de Plum Village, en comunidad.<\/strong> Monjes, monjas y laicos \u2014residentes, invitados, vecinos y amigos de Plum Village\u2014 se re\u00fanen para escuchar una Charla de Dharma (una ense\u00f1anza o conferencia) y practicar juntos meditaci\u00f3n sentados, meditaci\u00f3n caminando, alimentaci\u00f3n consciente, sonrisa y respiraci\u00f3n.<\/p>\n\n\n\n<p>Las Charlas de Dharma ser\u00e1n impartidas por un monje o monja mayor, maestro\/maestra de Dharma, y \u200b\u200bocasionalmente se proyectar\u00e1 un v\u00eddeo de una Charla de Dharma anterior de Thay (Thich Nhat Hanh).<\/p>\n\n\n\n<p>El d\u00eda transcurre de forma natural, con la m\u00ednima gu\u00eda posible, para que todo fluya con relajaci\u00f3n. Los D\u00edas de Plena Consciencia en Plum Village no est\u00e1n estructurados como \u00abtalleres\u00bb o \u00abclases\u00bb de Plena Consciencia o Mindfulness.<\/p>\n\n\n\n<p>Los D\u00edas de Plena Consciencia tienen lugar <strong>todos los jueves y domingos durante las \u00abSemanas de Pr\u00e1ctica General\u00bb<\/strong> de temporada. Durante las semanas de retiros tem\u00e1ticos, como el Retiro de Junio, la Apertura de Verano (julio) y el Retiro Despertar (agosto), el monasterio no organizar\u00e1 D\u00edas de Plena Consciencia.<\/p>\n\n\n\n<p>Los D\u00edas de Plena Consciencia se celebran de manera alternada en <a href=\"https:\/\/plumvillage.org\/es\/plum-village\/hamlet\" data-type=\"link\" data-id=\"https:\/\/plumvillage.org\/es\/plum-village\/hamlet\">los Hamlets (aldeas) de Plum Village<\/a>: Upper Hamlet (Th\u00e9nac), Lower Hamlet (Loub\u00e8s-Bernac) y New Hamlet (Dieulivol). Toda la comunidad se re\u00fane en uno de los hamlets durante todo el d\u00eda.<\/p>\n\n\n\n<p>Importante: Los D\u00edas de Plena Consciencia son ideales para visitarnos si no puedes asistir a un retiro. Si deseas visitarnos un d\u00eda en que no celebremos un D\u00eda de Plena Consciencia, ponte en contacto con la oficina de registro del Hamlet con antelaci\u00f3n para comprobar si es posible asistir, ya que habr\u00e1 ocasiones en que los Hamlets estar\u00e1n cerradas o no estar\u00e1n abiertas al p\u00fablico.<\/p>\n\n\n\n<div class=\"jump-to alignwide\" id=\"horario-de-actividades-tipico\">\n\t<hr>\n\t<span class=\"jump-to-text\"><span class=\"label\">Ir a <span class=\"icon icon-arrow-tiny\"><\/span><\/span>\n\t\t<a  href=\"#proximos-dias-de-plena-consciencia\">Pr\u00f3ximos d\u00edas de Plena Consciencia<\/a>, <a  href=\"#acerca-de\">acerca de<\/a>, <a class=\"active\" href=\"#horario-de-actividades-tipico\">Horario de Actividades t\u00edpico<\/a>, <a  href=\"#informacion-practica\">Informaci\u00f3n Pr\u00e1ctica <\/a><\/span>\n<\/div>\n\n\n<h2 class=\"wp-block-heading\" id=\"practical\">Horario de actividades t\u00edpico de un D\u00eda de Plena Consciencia<\/h2>\n\n\n\n<div class=\"wp-block-group is-vertical is-layout-flex wp-container-core-group-is-layout-8cf370e7 wp-block-group-is-layout-flex\">\n<div class=\"wp-block-group is-vertical is-layout-flex wp-container-core-group-is-layout-8cf370e7 wp-block-group-is-layout-flex\">\n<p>8:45 Llegada<br>9:15 Meditaci\u00f3n sentados<br>(Por favor, no entre si la meditaci\u00f3n ya ha comenzado)<br>9:30 Canto y charla de Dharma<br>(Por favor, no entre en la sala de meditaci\u00f3n si la charla ya ha comenzado)<\/p>\n\n\n\n<p>Breve pausa para el t\u00e9<\/p>\n\n\n\n<p>11:30 Meditaci\u00f3n caminando por los campos y el bosque<\/p>\n\n\n\n<p>12:30 Almuerzo en grupo en la sala de meditaci\u00f3n<\/p>\n\n\n\n<p>13:30-15:00 Descanso \/ Tiempo libre<\/p>\n\n\n\n<p>15:00 Compartir el Dharma<\/p>\n<\/div>\n\n\n\n<p>(Conversaciones en c\u00edrculos peque\u00f1os sobre la pr\u00e1ctica de la atenci\u00f3n plena u otra actividad)<\/p>\n\n\n\n<p>16:30 Fin del d\u00eda<\/p>\n<\/div>\n\n\n\n<p><\/p>\n\n\n\n<p><em>Por favor, recuerden llegar con tiempo para poder entrar tranquilamente a la sala de meditaci\u00f3n antes de que comience el programa.<br><br><\/em><\/p>\n\n\n\n<figure class=\"wp-block-image aligncenter size-large\"><img loading=\"lazy\" decoding=\"async\" width=\"1024\" height=\"662\" src=\"https:\/\/plumvillage.org\/wp-content\/uploads\/2024\/08\/456967171_570423475645335_7951077599073547461_n-1024x662.jpg\" alt=\"\" class=\"wp-image-467030\" srcset=\"https:\/\/plumvillage.org\/wp-content\/uploads\/2024\/08\/456967171_570423475645335_7951077599073547461_n-1024x662.jpg 1024w, https:\/\/plumvillage.org\/wp-content\/uploads\/2024\/08\/456967171_570423475645335_7951077599073547461_n-499x323.jpg 499w, https:\/\/plumvillage.org\/wp-content\/uploads\/2024\/08\/456967171_570423475645335_7951077599073547461_n-768x497.jpg 768w, https:\/\/plumvillage.org\/wp-content\/uploads\/2024\/08\/456967171_570423475645335_7951077599073547461_n-1536x993.jpg 1536w, https:\/\/plumvillage.org\/wp-content\/uploads\/2024\/08\/456967171_570423475645335_7951077599073547461_n.jpg 1890w\" sizes=\"auto, (max-width: 1024px) 100vw, 1024px\" \/><figcaption class=\"wp-element-caption\">Canto antes de la Charla de Dharma<\/figcaption><\/figure>\n\n\n\n<figure class=\"wp-block-image size-full\"><img loading=\"lazy\" decoding=\"async\" width=\"1024\" height=\"682\" src=\"https:\/\/plumvillage.org\/wp-content\/uploads\/2024\/08\/WK.NH-13-Aug-2024.3.jpg\" alt=\"\" class=\"wp-image-466403\" srcset=\"https:\/\/plumvillage.org\/wp-content\/uploads\/2024\/08\/WK.NH-13-Aug-2024.3.jpg 1024w, https:\/\/plumvillage.org\/wp-content\/uploads\/2024\/08\/WK.NH-13-Aug-2024.3-499x332.jpg 499w, https:\/\/plumvillage.org\/wp-content\/uploads\/2024\/08\/WK.NH-13-Aug-2024.3-768x512.jpg 768w\" sizes=\"auto, (max-width: 1024px) 100vw, 1024px\" \/><\/figure>\n\n\n\n<div class=\"jump-to alignwide\" id=\"informacion-practica\">\n\t<hr>\n\t<span class=\"jump-to-text\"><span class=\"label\">Ir a <span class=\"icon icon-arrow-tiny\"><\/span><\/span>\n\t\t<a  href=\"#proximos-dias-de-plena-consciencia\">Pr\u00f3ximos d\u00edas de Plena Consciencia<\/a>, <a  href=\"#acerca-de\">acerca de<\/a>, <a  href=\"#horario-de-actividades-tipico\">Horario de Actividades t\u00edpico<\/a>, <a class=\"active\" href=\"#informacion-practica\">Informaci\u00f3n Pr\u00e1ctica <\/a><\/span>\n<\/div>\n\n\n<h2 class=\"wp-block-heading\" id=\"practical\">Informaci\u00f3n Pr\u00e1ctica <\/h2>\n\n\n\n<h4 class=\"wp-block-heading\" id=\"prepare\">C\u00f3mo prepararse <\/h4>\n\n\n\n<p>Recomendamos leer un poco sobre la pr\u00e1ctica del mindfulness en Plum Village antes de asistir, ya que los D\u00edas de Plena Consciencia se desarrollan de forma natural con una breve introducci\u00f3n a las pr\u00e1cticas.<\/p>\n\n\n\n<p> Por favor, consulte esta p\u00e1gina con unos d\u00edas de antelaci\u00f3n para saber d\u00f3nde tendr\u00e1 lugar el pr\u00f3ximo D\u00eda de Plena Consciencia, ya que podr\u00eda haber cambios de \u00faltima hora. Hay aparcamiento disponible en cada Hamlet. <br><\/p>\n\n\n\n<figure class=\"wp-block-image alignright size-large\"><img loading=\"lazy\" decoding=\"async\" width=\"1024\" height=\"683\" src=\"https:\/\/plumvillage.org\/wp-content\/uploads\/2024\/08\/455087769_559807166706966_9030153037715043508_n-1024x683.jpg\" alt=\"\" class=\"wp-image-465387\" srcset=\"https:\/\/plumvillage.org\/wp-content\/uploads\/2024\/08\/455087769_559807166706966_9030153037715043508_n-1024x683.jpg 1024w, https:\/\/plumvillage.org\/wp-content\/uploads\/2024\/08\/455087769_559807166706966_9030153037715043508_n-499x333.jpg 499w, https:\/\/plumvillage.org\/wp-content\/uploads\/2024\/08\/455087769_559807166706966_9030153037715043508_n-768x512.jpg 768w, https:\/\/plumvillage.org\/wp-content\/uploads\/2024\/08\/455087769_559807166706966_9030153037715043508_n-1536x1025.jpg 1536w, https:\/\/plumvillage.org\/wp-content\/uploads\/2024\/08\/455087769_559807166706966_9030153037715043508_n.jpg 1920w\" sizes=\"auto, (max-width: 1024px) 100vw, 1024px\" \/><figcaption class=\"wp-element-caption\">Charla de Dharma del Hermano Phap Ung<\/figcaption><\/figure>\n\n\n\n<h4 class=\"wp-block-heading\" id=\"whattobring\">Qu\u00e9 traer<\/h4>\n\n\n\n<ul class=\"wp-block-list\">\n<li>Por favor, traiga auriculares con cable y un cable de extensi\u00f3n de audio (conector de 3,5 mm y al menos 3 m de longitud). Las charlas de Dharma se imparten en franc\u00e9s, ingl\u00e9s o vietnamita. Si no entiende ninguno de estos idiomas, dispone de traducci\u00f3n simult\u00e1nea a trav\u00e9s de las cabinas de traducci\u00f3n, a las que puede acceder con auriculares con cable y un cable de extensi\u00f3n de audio. Hay algunos auriculares disponibles para pr\u00e9stamo en la entrada de la sala.<\/li>\n\n\n\n<li>Si llueve, por favor traiga calzado adecuado para nuestros senderos rurales (y para el barro).<\/li>\n\n\n\n<li>ofrecemos una mesa de t\u00e9 de autoservicio y un almuerzo vegano para todos.<\/li>\n\n\n\n<li>No olvide traer su donaci\u00f3n en agradecimiento por las ense\u00f1anzas y para contribuir a la comida y las instalaciones.<\/li>\n<\/ul>\n\n\n\n<h4 class=\"wp-block-heading\" id=\"dana\"><strong>Dana <\/strong>(donaciones)<\/h4>\n\n\n\n<p>Agradecemos las donaciones, o dana (generosidad), en agradecimiento por las ense\u00f1anzas y para apoyar a nuestra comunidad y que podamos seguir ofreci\u00e9ndolas en el futuro.<\/p>\n\n\n\n<p>Su donaci\u00f3n tambi\u00e9n contribuye a la comida y a las instalaciones (sala de meditaci\u00f3n, sistema de sonido, ba\u00f1os, etc.). La donaci\u00f3n sugerida es de <strong>20 &#8211; 35 \u20ac por persona<\/strong>, seg\u00fan sus posibilidades. Puede encontrar urnas para donaciones en los comedores de las aldeas o donar en l\u00ednea a trav\u00e9s de <a href=\"https:\/\/plumvillage.org\/es\/donar\" data-type=\"link\" data-id=\"https:\/\/plumvillage.org\/es\/donar\">este enlace<\/a>.<\/p>\n\n\n\n<p>Todas las donaciones se destinan a apoyar a la comunidad de Plum Village, reconocida oficialmente en la legislaci\u00f3n francesa como congregaci\u00f3n budista con el nombre de \u00abCommunaut\u00e9 Bouddhique Zen du Village des Pruniers\u00bb.<\/p>\n\n\n\n<p>Agradecemos profundamente su generosidad. Gracias.<\/p>\n\n\n\n<h4 class=\"wp-block-heading\" id=\"accomodation\">Alojamiento cercano<\/h4>\n\n\n\n<p>Lamentamos no poder ofrecer alojamiento para estancias de una o dos noches (la estancia m\u00ednima es de una semana reservada a trav\u00e9s del <a href=\"https:\/\/plumvillage.org\/es\/retreats\" data-type=\"link\" data-id=\"https:\/\/plumvillage.org\/es\/retreats\">Calendario de Retiros<\/a>). Tampoco podemos alojarle si desea acampar en tienda de campa\u00f1a o autocaravana. Le recomendamos reservar una habitaci\u00f3n en <a href=\"https:\/\/www.google.com\/search?q=chambres+d%27hotes+thenac&amp;oq=chambres+d%27hotes+thenac&amp;aqs=chrome..69i57j0.5575j0j4&amp;sourceid=chrome&amp;espv=210&amp;es_sm=91&amp;ie=UTF-8#q=chambres+d'hotes+thenac+24240\" data-type=\"link\" data-id=\"https:\/\/www.google.com\/search?q=chambres+d%27hotes+thenac&amp;oq=chambres+d%27hotes+thenac&amp;aqs=chrome..69i57j0.5575j0j4&amp;sourceid=chrome&amp;espv=210&amp;es_sm=91&amp;ie=UTF-8#q=chambres+d'hotes+thenac+24240\">un alojamiento rural en la regi\u00f3n de Th\u00e9nac<\/a> (Upper Hamlet), <a href=\"https:\/\/www.google.com\/search?q=chambres+d%27hotes+thenac&amp;oq=chambres+d%27hotes+thenac&amp;aqs=chrome..69i57j0.5575j0j4&amp;sourceid=chrome&amp;espv=210&amp;es_sm=91&amp;ie=UTF-8#q=chambres+d'hotes+loubes-bernac+47120\" data-type=\"link\" data-id=\"https:\/\/www.google.com\/search?q=chambres+d%27hotes+thenac&amp;oq=chambres+d%27hotes+thenac&amp;aqs=chrome..69i57j0.5575j0j4&amp;sourceid=chrome&amp;espv=210&amp;es_sm=91&amp;ie=UTF-8#q=chambres+d'hotes+loubes-bernac+47120\">Loub\u00e8s-Bernac <\/a>(Lower Hamlet) o <a href=\"https:\/\/www.google.com\/search?q=chambres+d%27hotes+duras+france&amp;num=10&amp;sca_esv=808073c6bb6cc239&amp;espv=210&amp;sxsrf=AE3TifOM6ANeELCuXQ5FoFaaxI2prGgGYg%3A1763420626802&amp;ei=0qkbaZTbMIjCkPIPmbjBiAY&amp;ved=0ahUKEwiUjLPgpfqQAxUIIUQIHRlcEGEQ4dUDCBE&amp;uact=5&amp;oq=chambres+d%27hotes+duras+france&amp;gs_lp=Egxnd3Mtd2l6LXNlcnAiHWNoYW1icmVzIGQnaG90ZXMgZHVyYXMgZnJhbmNlMgUQIRigAUjZMFDjDVixLnABeACQAQCYAZADoAHrHaoBCTAuNy45LjEuMbgBA8gBAPgBAZgCD6ACwxbCAggQABiABBiwA8ICCBAAGLADGO8FwgIFEAAYgATCAgsQABiABBiGAxiKBcICBRAAGO8FwgIIEAAYgAQYogTCAgoQIxiABBgnGIoFwgIEECMYJ8ICChAAGIAEGBQYhwLCAgsQABiABBiRAhiKBcICBxAAGIAEGArCAgYQABgWGB7CAggQABgWGAoYHsICBhAAGA0YHsICCBAAGAoYDRgewgIHECEYoAEYCsICChAhGKABGLEGGAqYAwCIBgGQBgKSBwkxLjcuNS4xLjGgB_93sgcJMC43LjUuMS4xuAe9FsIHBTAuNi45yAcx&amp;sclient=gws-wiz-serp\" data-type=\"link\" data-id=\"https:\/\/www.google.com\/search?q=chambres+d%27hotes+duras+france&amp;num=10&amp;sca_esv=808073c6bb6cc239&amp;espv=210&amp;sxsrf=AE3TifOM6ANeELCuXQ5FoFaaxI2prGgGYg%3A1763420626802&amp;ei=0qkbaZTbMIjCkPIPmbjBiAY&amp;ved=0ahUKEwiUjLPgpfqQAxUIIUQIHRlcEGEQ4dUDCBE&amp;uact=5&amp;oq=chambres+d%27hotes+duras+france&amp;gs_lp=Egxnd3Mtd2l6LXNlcnAiHWNoYW1icmVzIGQnaG90ZXMgZHVyYXMgZnJhbmNlMgUQIRigAUjZMFDjDVixLnABeACQAQCYAZADoAHrHaoBCTAuNy45LjEuMbgBA8gBAPgBAZgCD6ACwxbCAggQABiABBiwA8ICCBAAGLADGO8FwgIFEAAYgATCAgsQABiABBiGAxiKBcICBRAAGO8FwgIIEAAYgAQYogTCAgoQIxiABBgnGIoFwgIEECMYJ8ICChAAGIAEGBQYhwLCAgsQABiABBiRAhiKBcICBxAAGIAEGArCAgYQABgWGB7CAggQABgWGAoYHsICBhAAGA0YHsICCBAAGAoYDRgewgIHECEYoAEYCsICChAhGKABGLEGGAqYAwCIBgGQBgKSBwkxLjcuNS4xLjGgB_93sgcJMC43LjUuMS4xuAe9FsIHBTAuNi45yAcx&amp;sclient=gws-wiz-serp\">Duras<\/a> (New Hamlet), o bien buscar un camping cercano.<\/p>\n\n\n\n<p>\u00a1Esperamos verle pronto en un D\u00eda de Mindfulness!<\/p>\n","protected":false},"excerpt":{"rendered":"<p>Te invitamos a participar en nuestros D\u00edas de Plena Consciencia. Estos d\u00edas ofrecen una peque\u00f1a muestra de la pr\u00e1ctica de mindfulness en Plum Village. Si viajas desde lejos, te recomendamos que te alojes con nosotros al menos una semana en un retiro, para que puedas tener una introducci\u00f3n completa a nuestras pr\u00e1cticas de mindfulness y<\/p>\n","protected":false},"author":9,"featured_media":0,"parent":0,"menu_order":1,"comment_status":"closed","ping_status":"closed","template":"","meta":{"_acf_changed":false,"sync_status":"","episode_type":"","audio_file":"","podmotor_file_id":"","podmotor_episode_id":"","castos_file_data":"","cover_image":"","cover_image_id":"","duration":"","filesize":"","filesize_raw":"","date_recorded":"","explicit":"","block":"","itunes_episode_number":"","itunes_title":"","itunes_season_number":"","itunes_episode_type":"","ep_exclude_from_search":false,"footnotes":""},"class_list":["post-156199","page","type-page","status-publish","hentry"],"acf":[],"_links":{"self":[{"href":"https:\/\/plumvillage.org\/es\/wp-json\/wp\/v2\/pages\/156199","targetHints":{"allow":["GET"]}}],"collection":[{"href":"https:\/\/plumvillage.org\/es\/wp-json\/wp\/v2\/pages"}],"about":[{"href":"https:\/\/plumvillage.org\/es\/wp-json\/wp\/v2\/types\/page"}],"author":[{"embeddable":true,"href":"https:\/\/plumvillage.org\/es\/wp-json\/wp\/v2\/users\/9"}],"replies":[{"embeddable":true,"href":"https:\/\/plumvillage.org\/es\/wp-json\/wp\/v2\/comments?post=156199"}],"version-history":[{"count":4,"href":"https:\/\/plumvillage.org\/es\/wp-json\/wp\/v2\/pages\/156199\/revisions"}],"predecessor-version":[{"id":593680,"href":"https:\/\/plumvillage.org\/es\/wp-json\/wp\/v2\/pages\/156199\/revisions\/593680"}],"wp:attachment":[{"href":"https:\/\/plumvillage.org\/es\/wp-json\/wp\/v2\/media?parent=156199"}],"curies":[{"name":"wp","href":"https:\/\/api.w.org\/{rel}","templated":true}]}}