{"id":272102,"date":"2022-02-25T20:25:00","date_gmt":"2022-02-25T19:25:00","guid":{"rendered":"https:\/\/plumvillage.org\/?post_type=pv_event&#038;p=272102"},"modified":"2022-03-09T13:36:46","modified_gmt":"2022-03-09T12:36:46","slug":"aller-et-venir-en-liberte","status":"publish","type":"pv_event","link":"https:\/\/plumvillage.org\/fr\/event\/retraite-en-ligne\/aller-et-venir-en-liberte","title":{"rendered":"Aller et Venir en Libert\u00e9"},"content":{"rendered":"\n<div class=\"wp-block-columns alignfull is-style-lesswide has-fresh-sun-background-color has-background is-layout-flex wp-container-core-columns-is-layout-9d6595d7 wp-block-columns-is-layout-flex\">\n<div class=\"wp-block-column is-layout-flow wp-block-column-is-layout-flow\" style=\"flex-basis:60%\">\n<p class=\"has-text-align-right mb-0\">Une retraite en immersion avec les monastiques du Village des Pruniers<\/p>\n<\/div>\n\n\n\n<div class=\"wp-block-column is-layout-flow wp-block-column-is-layout-flow\" style=\"flex-basis:40%\">\n<div class=\"wp-block-buttons is-layout-flex wp-block-buttons-is-layout-flex\">\n<div class=\"wp-block-button\"><a class=\"wp-block-button__link\" href=\"#inscription\" rel=\"#register\">S&rsquo;inscrire<\/a><\/div>\n<\/div>\n<\/div>\n<\/div>\n\n\n\n<p>Rejoignez-nous pour des pratiques de pleine conscience, des m\u00e9ditations, des enseignements, des partages en cercle, avant la c\u00e9r\u00e9monie diffus\u00e9e en direct pour recevoir et r\u00e9pandre les cendres de Thay au Hameau du Haut, Village des Pruniers, France. Ce week-end de retraite en ligne, qui comprendra la c\u00e9r\u00e9monie traditionnelle du 49e jour, est une occasion pr\u00e9cieuse de se r\u00e9unir en communaut\u00e9 pour partager du fond du c\u0153ur, participer \u00e0 des enseignements en direct et nourrir notre \u00e9nergie collective.<\/p>\n\n\n\n<figure class=\"wp-block-video\"><video height=\"720\" style=\"aspect-ratio: 1280 \/ 720;\" width=\"1280\" controls src=\"https:\/\/plumvillage.org\/wp-content\/uploads\/2022\/03\/Br-P-Huu-vid-FRench.mp4\"><\/video><\/figure>\n\n\n\n<p><strong>Veuillez noter <\/strong>que la c\u00e9r\u00e9monie du dimanche 13 mars sera publiquement diffus\u00e9e en direct pour tout le monde sur la cha\u00eene YouTube du Village des Pruniers. En vous inscrivant \u00e0 cette retraite, vous aurez une occasion suppl\u00e9mentaire de rejoindre les monastiques pour des m\u00e9ditations assises du matin et du soir, des relaxations, des enseignements sur le Dharma, des partages du Dharma et des d\u00eeners autour des \u00e9v\u00e9nements du dimanche.<\/p>\n\n\n\n<figure class=\"wp-block-pullquote is-style-no-padding\" id=\"video\"><blockquote><p><em><em>Un ami de Tha\u00eflande m&rsquo;a demand\u00e9 : \u201cThay, que se passera-t-il quand tu mourras ?\u201d J&rsquo;ai r\u00e9pondu que je ne mourrai pas. Je continuerai avec mes amis et mes \u00e9tudiants. Je serai l\u00e0 pendant longtemps. Je veux prendre plaisir \u00e0 voyager et \u00e0 \u00eatre pr\u00e9sent. Ainsi, dans 100 ans, lorsque vous viendrez au Village des Pruniers, vous me verrez encore sous diff\u00e9rentes formes &#8211; et plus jeune, plus belle !<\/em><\/em><\/p><cite>Thich Nhat Hanh<\/cite><\/blockquote><\/figure>\n\n\n\n<p><em><em><meta charset=\"utf-8\"><em>Cette retraite est propos\u00e9e et anim\u00e9e par des monastiques du Village des Pruniers, en France. La retraite sera propos\u00e9e en anglais et en fran\u00e7ais.<\/em><\/em><\/em><\/p>\n\n\n\n<p><\/p>\n\n\n\n<div class=\"wp-block-columns alignwide is-style-lesswide is-layout-flex wp-container-core-columns-is-layout-9d6595d7 wp-block-columns-is-layout-flex\">\n<div class=\"wp-block-column has-fresh-sun-background-color is-layout-flow wp-block-column-is-layout-flow\">\n<figure class=\"wp-block-image size-large pb-0 is-style-default\"><img loading=\"lazy\" decoding=\"async\" width=\"1440\" height=\"812\" src=\"https:\/\/plumvillage.org\/wp-content\/uploads\/2021\/12\/Karine_Sitting_16-10-edited.jpg\" alt=\"\" class=\"wp-image-242911\" srcset=\"https:\/\/plumvillage.org\/wp-content\/uploads\/2021\/12\/Karine_Sitting_16-10-edited.jpg 1440w, https:\/\/plumvillage.org\/wp-content\/uploads\/2021\/12\/Karine_Sitting_16-10-edited-499x281.jpg 499w, https:\/\/plumvillage.org\/wp-content\/uploads\/2021\/12\/Karine_Sitting_16-10-edited-1024x577.jpg 1024w, https:\/\/plumvillage.org\/wp-content\/uploads\/2021\/12\/Karine_Sitting_16-10-edited-768x433.jpg 768w\" sizes=\"auto, (max-width: 1440px) 100vw, 1440px\" \/><\/figure>\n\n\n\n<div class=\"wp-block-group highlight-block has-fresh-sun-background-color has-background is-layout-flow wp-block-group-is-layout-flow\">\n<h3 class=\"has-text-align-center wp-block-heading\">Une exp\u00e9rience immersive de trois jours sp\u00e9cialement con\u00e7ue pour cette occasion.<\/h3>\n\n\n\n<p class=\"has-text-align-center has-grey-color has-text-color\"><meta charset=\"utf-8\">Du jeudi soir au dimanche soir, il y aura des m\u00e9ditations guid\u00e9es en direct, des relaxations et des enseignements.<\/p>\n<\/div>\n<\/div>\n\n\n\n<div class=\"wp-block-column has-fresh-sun-background-color is-layout-flow wp-block-column-is-layout-flow\">\n<figure class=\"wp-block-image size-large pb-0 is-style-default\"><img loading=\"lazy\" decoding=\"async\" width=\"1339\" height=\"753\" src=\"https:\/\/plumvillage.org\/wp-content\/uploads\/2021\/12\/Happy-Radish-Family2-edited-2.png\" alt=\"\" class=\"wp-image-242889\" srcset=\"https:\/\/plumvillage.org\/wp-content\/uploads\/2021\/12\/Happy-Radish-Family2-edited-2.png 1339w, https:\/\/plumvillage.org\/wp-content\/uploads\/2021\/12\/Happy-Radish-Family2-edited-2-499x281.png 499w, https:\/\/plumvillage.org\/wp-content\/uploads\/2021\/12\/Happy-Radish-Family2-edited-2-1024x576.png 1024w, https:\/\/plumvillage.org\/wp-content\/uploads\/2021\/12\/Happy-Radish-Family2-edited-2-768x432.png 768w\" sizes=\"auto, (max-width: 1339px) 100vw, 1339px\" \/><\/figure>\n\n\n\n<div class=\"wp-block-group highlight-block has-fresh-sun-background-color has-background is-layout-flow wp-block-group-is-layout-flow\">\n<h3 class=\"has-text-align-center wp-block-heading\">Connectez-vous en direct \u00e0 notre communaut\u00e9 internationale<\/h3>\n\n\n\n<p class=\"has-text-align-center has-grey-color has-text-color\">G\u00e9n\u00e9rer une \u00e9nergie collective de pleine conscience et de compassion<\/p>\n<\/div>\n<\/div>\n<\/div>\n\n\n\n<div class=\"wp-block-columns alignwide is-style-lesswide is-layout-flex wp-container-core-columns-is-layout-9d6595d7 wp-block-columns-is-layout-flex\">\n<div class=\"wp-block-column is-layout-flow wp-block-column-is-layout-flow\">\n<figure class=\"wp-block-image size-large is-style-default has-fresh-sun-background-color pb-0\"><img loading=\"lazy\" decoding=\"async\" width=\"1024\" height=\"485\" src=\"https:\/\/plumvillage.org\/wp-content\/uploads\/2022\/02\/Francapone-retreat-2021_17-1-1024x485.jpg\" alt=\"\" class=\"wp-image-271764\" srcset=\"https:\/\/plumvillage.org\/wp-content\/uploads\/2022\/02\/Francapone-retreat-2021_17-1-1024x485.jpg 1024w, https:\/\/plumvillage.org\/wp-content\/uploads\/2022\/02\/Francapone-retreat-2021_17-1-499x236.jpg 499w, https:\/\/plumvillage.org\/wp-content\/uploads\/2022\/02\/Francapone-retreat-2021_17-1-768x364.jpg 768w, https:\/\/plumvillage.org\/wp-content\/uploads\/2022\/02\/Francapone-retreat-2021_17-1.jpg 1500w\" sizes=\"auto, (max-width: 1024px) 100vw, 1024px\" \/><\/figure>\n\n\n\n<div class=\"wp-block-group is-style-narrow-inner-width is-layout-flow wp-block-group-is-layout-flow\">\n<div class=\"wp-block-group highlight-block has-fresh-sun-background-color has-background is-layout-flow wp-block-group-is-layout-flow\">\n<h3 class=\"has-text-align-center wp-block-heading\"><em>Interactions intimes en groupe avec les monastiques<\/em><\/h3>\n\n\n\n<p class=\"has-text-align-center has-grey-color has-text-color\">Rejoignez un groupe de 16 \u00e0 20 personnes de diff\u00e9rents pays et origines, guid\u00e9es par un monastique. Ces groupes de \u201cpartage du dharma\u201d sont une offrande unique du Village des Pruniers et nous permettent de pratiquer l&rsquo;\u00e9coute profonde et la parole aimante et d&rsquo;apprendre des exp\u00e9riences et des visions des uns et des autres. <em>Veuillez noter que les places sont limit\u00e9es.<\/em><\/p>\n<\/div>\n<\/div>\n<\/div>\n<\/div>\n\n\n\n<div class=\"jump-to alignwide\" id=\"enseignements-exclusifs\">\n\t<hr>\n\t<span class=\"jump-to-text\"><span class=\"label\">Allez vers <span class=\"icon icon-arrow-tiny\"><\/span><\/span>\n\t\t<a class=\"active\" href=\"#enseignements-exclusifs\">Enseignements exclusifs<\/a>, <a  href=\"#programme-quotidien\">Programme quotidien<\/a>, <a  href=\"#resources\">Resources<\/a>, <a  href=\"#experiences\">Experiences<\/a>, <a  href=\"#inscription\">Inscription<\/a>, <a  href=\"#questions-courantes\">Questions courantes<\/a><\/span>\n<\/div>\n\n\n<h2 class=\"wp-block-heading\">Des enseignements exclusifs avec des monastiques a\u00een\u00e9s form\u00e9s par Thich Nhat Hanh.<\/h2>\n\n\n\n<p><em>Diffus\u00e9 en direct du Village des Pruniers, France<\/em><\/p>\n\n\n\n<div class=\"wp-block-columns alignwide is-style-lesswide has-cloud-background-color has-background is-layout-flex wp-container-core-columns-is-layout-9d6595d7 wp-block-columns-is-layout-flex\">\n<div class=\"wp-block-column is-layout-flow wp-block-column-is-layout-flow\" style=\"flex-basis:25%\">\n<figure class=\"wp-block-image size-full\"><img loading=\"lazy\" decoding=\"async\" width=\"493\" height=\"616\" src=\"https:\/\/plumvillage.org\/wp-content\/uploads\/2022\/02\/cello-teacher-thay-phap-linh-1.jpeg\" alt=\"\" class=\"wp-image-271560\"\/><figcaption>Fr\u00e8re Phap Linh avec Thay en 2014<\/figcaption><\/figure>\n<\/div>\n\n\n\n<div class=\"wp-block-column is-layout-flow wp-block-column-is-layout-flow\" style=\"flex-basis:75%\">\n<h4 class=\"has-text-align-left wp-block-heading\">Jeudi 10 mars: L&rsquo;essence de l&rsquo;enseignement de Thay sur la pleine conscience du corps<\/h4>\n\n\n\n<p>En d\u00e9but de retraite, nous nous permettrons d&rsquo;arriver profond\u00e9ment dans notre corps et de prendre soin de nos sentiments, en approfondissant notre compr\u00e9hension des enseignements fondamentaux de Thay sur la pleine conscience du corps. Nous laisserons tout chagrin que nous pourrions avoir, \u00eatre doucement embrass\u00e9 par l&rsquo;\u00e9nergie collective de la pratique, alors que nous apprenons \u00e0 cultiver une habile \u201cinclinaison de l&rsquo;esprit\u201d. En regardant profond\u00e9ment, nous d\u00e9couvrirons notre ma\u00eetre et nos proches au c\u0153ur du moment pr\u00e9sent.<\/p>\n<\/div>\n<\/div>\n\n\n\n<div class=\"wp-block-columns alignwide is-style-lesswide has-cloud-background-color has-background is-layout-flex wp-container-core-columns-is-layout-9d6595d7 wp-block-columns-is-layout-flex\">\n<div class=\"wp-block-column is-layout-flow wp-block-column-is-layout-flow\" style=\"flex-basis:25%\">\n<figure class=\"wp-block-image size-large\"><img loading=\"lazy\" decoding=\"async\" width=\"820\" height=\"1024\" src=\"https:\/\/plumvillage.org\/wp-content\/uploads\/2022\/02\/Brother-Phap-Huu-2021-820x1024.jpeg\" alt=\"\" class=\"wp-image-271499\" srcset=\"https:\/\/plumvillage.org\/wp-content\/uploads\/2022\/02\/Brother-Phap-Huu-2021-820x1024.jpeg 820w, https:\/\/plumvillage.org\/wp-content\/uploads\/2022\/02\/Brother-Phap-Huu-2021-499x623.jpeg 499w, https:\/\/plumvillage.org\/wp-content\/uploads\/2022\/02\/Brother-Phap-Huu-2021-768x959.jpeg 768w, https:\/\/plumvillage.org\/wp-content\/uploads\/2022\/02\/Brother-Phap-Huu-2021-1230x1536.jpeg 1230w, https:\/\/plumvillage.org\/wp-content\/uploads\/2022\/02\/Brother-Phap-Huu-2021.jpeg 1537w\" sizes=\"auto, (max-width: 820px) 100vw, 820px\" \/><figcaption>Fr\u00e8re Phap Huu<\/figcaption><\/figure>\n<\/div>\n\n\n\n<div class=\"wp-block-column is-layout-flow wp-block-column-is-layout-flow\" style=\"flex-basis:75%\">\n<h4 class=\"has-text-align-left wp-block-heading\">Vendredi 11 mars: Nourrir notre corps de Bouddha, notre corps du Dharma et notre corps de sangha. <\/h4>\n\n\n\n<p>Nous sommes bien plus que simplement notre corps physique. Dans ses derniers enseignements de l&rsquo;\u00e9t\u00e9 2014, Thay a enseign\u00e9 que chacun d&rsquo;entre nous poss\u00e8de au moins huit \u201d corps. \u201d Dans cet expos\u00e9, nous explorerons notre capacit\u00e9 \u00e0 nous \u00e9veiller (notre \u201ccorps de Bouddha\u201d), l&rsquo;importance d&rsquo;une pratique spirituelle r\u00e9guli\u00e8re (notre \u201ccorps de Dharma\u201d), et le pouvoir de l&rsquo;\u00e9nergie collective de la communaut\u00e9 (notre \u201ccorps de Sangha\u201d).<\/p>\n\n\n\n<p><span class=\"has-inline-color has-stamp-color\"> <\/span><\/p>\n<\/div>\n<\/div>\n\n\n\n<div class=\"wp-block-columns alignwide is-style-lesswide has-cloud-background-color has-background is-layout-flex wp-container-core-columns-is-layout-9d6595d7 wp-block-columns-is-layout-flex\">\n<div class=\"wp-block-column is-layout-flow wp-block-column-is-layout-flow\" style=\"flex-basis:25%\">\n<figure class=\"wp-block-image size-large is-style-default\"><img loading=\"lazy\" decoding=\"async\" width=\"820\" height=\"1024\" src=\"https:\/\/plumvillage.org\/wp-content\/uploads\/2022\/02\/Sr-Chan-Duc-with-mic-820x1024.jpeg\" alt=\"Sister Chan Duc is smiling and speaking into a microphone\" class=\"wp-image-271577\" srcset=\"https:\/\/plumvillage.org\/wp-content\/uploads\/2022\/02\/Sr-Chan-Duc-with-mic-820x1024.jpeg 820w, https:\/\/plumvillage.org\/wp-content\/uploads\/2022\/02\/Sr-Chan-Duc-with-mic-499x623.jpeg 499w, https:\/\/plumvillage.org\/wp-content\/uploads\/2022\/02\/Sr-Chan-Duc-with-mic-768x959.jpeg 768w, https:\/\/plumvillage.org\/wp-content\/uploads\/2022\/02\/Sr-Chan-Duc-with-mic-1230x1536.jpeg 1230w, https:\/\/plumvillage.org\/wp-content\/uploads\/2022\/02\/Sr-Chan-Duc-with-mic.jpeg 1538w\" sizes=\"auto, (max-width: 820px) 100vw, 820px\" \/><figcaption>S\u0153ur Chan Duc<\/figcaption><\/figure>\n\n\n\n<p><\/p>\n<\/div>\n\n\n\n<div class=\"wp-block-column is-layout-flow wp-block-column-is-layout-flow\" style=\"flex-basis:75%\">\n<h4 class=\"has-text-align-left wp-block-heading\">Samedi 12 mars: Voir tous nos corps de continuation<\/h4>\n\n\n\n<p class=\"has-text-align-left\">Dans cette conf\u00e9rence, nous explorerons l&rsquo;enseignement de Thay sur la fa\u00e7on dont nos actions du corps, de la parole et de l&rsquo;esprit nous continuent \u00e0 travers l&rsquo;espace et le temps. Nous apprendrons les enseignements bouddhistes profonds sur notre inter-\u00eatre avec l&rsquo;ensemble du cosmos et la vraie nature de la r\u00e9alit\u00e9, tels qu&rsquo;ils sont pr\u00e9sent\u00e9s par Thay dans son livre L&rsquo;art de vivre (2018 pour la traduction fran\u00e7aise).<\/p>\n<\/div>\n<\/div>\n\n\n\n<div class=\"wp-block-columns alignwide is-style-lesswide has-cloud-background-color has-background is-layout-flex wp-container-core-columns-is-layout-9d6595d7 wp-block-columns-is-layout-flex\">\n<div class=\"wp-block-column is-layout-flow wp-block-column-is-layout-flow\" style=\"flex-basis:25%\">\n<figure class=\"wp-block-image size-large is-style-default\"><img loading=\"lazy\" decoding=\"async\" width=\"820\" height=\"1024\" src=\"https:\/\/plumvillage.org\/wp-content\/uploads\/2022\/02\/Thay-Altar-Upper-Hamlet-January-2022-820x1024.jpeg\" alt=\"\" class=\"wp-image-271645\" srcset=\"https:\/\/plumvillage.org\/wp-content\/uploads\/2022\/02\/Thay-Altar-Upper-Hamlet-January-2022-820x1024.jpeg 820w, https:\/\/plumvillage.org\/wp-content\/uploads\/2022\/02\/Thay-Altar-Upper-Hamlet-January-2022-499x623.jpeg 499w, https:\/\/plumvillage.org\/wp-content\/uploads\/2022\/02\/Thay-Altar-Upper-Hamlet-January-2022-768x959.jpeg 768w, https:\/\/plumvillage.org\/wp-content\/uploads\/2022\/02\/Thay-Altar-Upper-Hamlet-January-2022-1230x1536.jpeg 1230w, https:\/\/plumvillage.org\/wp-content\/uploads\/2022\/02\/Thay-Altar-Upper-Hamlet-January-2022.jpeg 1537w\" sizes=\"auto, (max-width: 820px) 100vw, 820px\" \/><figcaption>Thay&rsquo;s Altar in Upper Hamlet, Plum Village<\/figcaption><\/figure>\n<\/div>\n\n\n\n<div class=\"wp-block-column is-layout-flow wp-block-column-is-layout-flow\" style=\"flex-basis:75%\">\n<h4 class=\"has-text-align-left wp-block-heading\">Dimanche 13 mars: Revenir \u00e0 l&rsquo;\u00e9treinte de la Terre M\u00e8re<\/h4>\n\n\n\n<p>Le dernier jour de notre retraite, nous assisterons, en tant que communaut\u00e9 internationale, au moment l\u00e9gendaire o\u00f9 les cendres de Thay seront officiellement apport\u00e9es \u00e0 son autel dans la salle de m\u00e9ditation Eau Tranquille, suivi d&rsquo;une c\u00e9r\u00e9monie compl\u00e8te, puis d&rsquo;une m\u00e9ditation march\u00e9e en tant que communaut\u00e9 jusqu&rsquo;\u00e0 l&rsquo;endroit pr\u00e9f\u00e9r\u00e9 de Thay sur la colline du Bouddha, o\u00f9 ses cendres seront rendues \u00e0 la Terre. Cette c\u00e9r\u00e9monie sera suivie du dernier cercle de partage de la retraite et d&rsquo;une soir\u00e9e de c\u00e9l\u00e9bration musicale.<\/p>\n<\/div>\n<\/div>\n\n\n\n<figure class=\"wp-block-image size-large\"><img loading=\"lazy\" decoding=\"async\" width=\"1024\" height=\"683\" src=\"https:\/\/plumvillage.org\/wp-content\/uploads\/2022\/02\/IMG_0631-1024x683.jpg\" alt=\"\" class=\"wp-image-271668\" srcset=\"https:\/\/plumvillage.org\/wp-content\/uploads\/2022\/02\/IMG_0631-1024x683.jpg 1024w, https:\/\/plumvillage.org\/wp-content\/uploads\/2022\/02\/IMG_0631-499x333.jpg 499w, https:\/\/plumvillage.org\/wp-content\/uploads\/2022\/02\/IMG_0631-768x512.jpg 768w, https:\/\/plumvillage.org\/wp-content\/uploads\/2022\/02\/IMG_0631-1536x1024.jpg 1536w, https:\/\/plumvillage.org\/wp-content\/uploads\/2022\/02\/IMG_0631.jpg 1920w\" sizes=\"auto, (max-width: 1024px) 100vw, 1024px\" \/><figcaption>Les cendres de Thay seront amen\u00e9es jusqu&rsquo;\u00e0 la salle de m\u00e9ditation Eau Tranquille lors d&rsquo;une c\u00e9r\u00e9monie formelle<\/figcaption><\/figure>\n\n\n\n<div class=\"jump-to alignwide\" id=\"programme-quotidien\">\n\t<hr>\n\t<span class=\"jump-to-text\"><span class=\"label\">Allez vers <span class=\"icon icon-arrow-tiny\"><\/span><\/span>\n\t\t<a  href=\"#enseignements-exclusifs\">Enseignements exclusifs<\/a>, <a class=\"active\" href=\"#programme-quotidien\">Programme quotidien<\/a>, <a  href=\"#resources\">Resources<\/a>, <a  href=\"#experiences\">Experiences<\/a>, <a  href=\"#inscription\">Inscription<\/a>, <a  href=\"#questions-courantes\">Questions courantes<\/a><\/span>\n<\/div>\n\n\n<h2 class=\"wp-block-heading\">Programme de la retraite<\/h2>\n\n\n\n<p><em>Tout le contenu diffus\u00e9 en ligne sera t\u00e9l\u00e9charg\u00e9 apr\u00e8s la session et sera accessible pendant six mois \u00e0 tous ceux qui se sont inscrits.<\/em><\/p>\n\n\n<style>.kt-tabs-id_64ebf0-3d > .kt-tabs-content-wrap > .wp-block-kadence-tab{border-top-width:1px;border-right-width:1px;border-bottom-width:1px;border-left-width:1px;border-color:#bcbcbc;border-top-left-radius:0px;border-top-right-radius:0px;border-bottom-right-radius:0px;border-bottom-left-radius:0px;padding-top:var(--global-kb-spacing-sm, 1.5rem);padding-right:var(--global-kb-spacing-sm, 1.5rem);padding-bottom:var(--global-kb-spacing-sm, 1.5rem);padding-left:var(--global-kb-spacing-sm, 1.5rem);background:#ffffff;}.wp-block-kadence-tabs .kt-tabs-id_64ebf0-3d > .kt-tabs-title-list li{margin-top:0px;margin-right:8px;margin-bottom:-1px;margin-left:0px;}.wp-block-kadence-tabs .kt-tabs-id_64ebf0-3d > .kt-tabs-title-list li:last-child{margin-right:0px;}.wp-block-kadence-tabs .kt-tabs-id_64ebf0-3d > .kt-tabs-title-list li .kt-tab-title, .wp-block-kadence-tabs .kt-tabs-id_64ebf0-3d > .kt-tabs-content-wrap > .kt-tabs-accordion-title .kt-tab-title{line-height:1.4em;font-weight:regular;font-style:normal;border-top-width:1px;border-right-width:1px;border-bottom-width:0px;border-left-width:1px;border-top-left-radius:4px;border-top-right-radius:4px;border-bottom-right-radius:0px;border-bottom-left-radius:0px;padding-top:8px;padding-right:20px;padding-bottom:8px;padding-left:20px;border-color:#eeeeee;color:#444444;background:#ffffff;}.wp-block-kadence-tabs .kt-tabs-id_64ebf0-3d > .kt-tabs-content-wrap > .kt-tabs-accordion-title .kt-tab-title{margin-top:0px;margin-right:8px;margin-bottom:-1px;margin-left:0px;}.wp-block-kadence-tabs .kt-tabs-id_64ebf0-3d > .kt-tabs-title-list li .kt-tab-title:hover, .wp-block-kadence-tabs .kt-tabs-id_64ebf0-3d > .kt-tabs-content-wrap > .kt-tabs-accordion-title .kt-tab-title:hover{border-color:#e2e2e2;color:#444444;background:#ffffff;}.wp-block-kadence-tabs .kt-tabs-id_64ebf0-3d > .kt-tabs-title-list li.kt-tab-title-active .kt-tab-title, .wp-block-kadence-tabs .kt-tabs-id_64ebf0-3d > .kt-tabs-content-wrap > .kt-tabs-accordion-title.kt-tab-title-active .kt-tab-title{border-color:#bcbcbc;color:#444444;background:#ffffff;}<\/style>\n<div class=\"wp-block-kadence-tabs alignnone\"><div class=\"kt-tabs-wrap kt-tabs-id_64ebf0-3d kt-tabs-has-4-tabs kt-active-tab-2 kt-tabs-layout-tabs kt-tabs-tablet-layout-inherit kt-tabs-mobile-layout-inherit kt-tab-alignment-left \" style=\"max-width:none\"><ul class=\"kt-tabs-title-list\"><li id=\"tab-strongjeudistrong\" class=\"kt-title-item kt-title-item-1 kt-tabs-svg-show-always kt-tabs-icon-side-right kt-tab-title-inactive\"><a href=\"#tab-strongjeudistrong\" data-tab=\"1\" class=\"kt-tab-title kt-tab-title-1 \"><span class=\"kt-title-text\"><strong>Jeudi<\/strong><\/span><\/a><\/li><li id=\"tab-strongvendredistrong\" class=\"kt-title-item kt-title-item-2 kt-tabs-svg-show-always kt-tabs-icon-side-right kt-tab-title-active\"><a href=\"#tab-strongvendredistrong\" data-tab=\"2\" class=\"kt-tab-title kt-tab-title-2 \"><span class=\"kt-title-text\"><strong>Vendredi<\/strong><\/span><\/a><\/li><li id=\"tab-strongsamedistrong\" class=\"kt-title-item kt-title-item-3 kt-tabs-svg-show-always kt-tabs-icon-side-right kt-tab-title-inactive\"><a href=\"#tab-strongsamedistrong\" data-tab=\"3\" class=\"kt-tab-title kt-tab-title-3 \"><span class=\"kt-title-text\"><strong>Samedi<\/strong><\/span><\/a><\/li><li id=\"tab-strongdimanchestrong\" class=\"kt-title-item kt-title-item-4 kt-tabs-svg-show-always kt-tabs-icon-side-right kt-tab-title-inactive\"><a href=\"#tab-strongdimanchestrong\" data-tab=\"4\" class=\"kt-tab-title kt-tab-title-4 \"><span class=\"kt-title-text\"><strong>Dimanche<\/strong><\/span><\/a><\/li><\/ul><div class=\"kt-tabs-content-wrap\">\n<div class=\"wp-block-kadence-tab kt-tab-inner-content kt-inner-tab-1 kt-inner-tab_0228d7-02\"><div class=\"kt-tab-inner-content-inner\">\n<p><strong>19:30<\/strong> &#8211; Orientation d&rsquo;introduction en direct par fr\u00e8re Phap Linh<\/p>\n<\/div><\/div>\n\n\n\n<div class=\"wp-block-kadence-tab kt-tab-inner-content kt-inner-tab-2 kt-inner-tab_0741a9-95\"><div class=\"kt-tab-inner-content-inner\">\n<p><strong>06:30<\/strong> \u2013 M\u00e9ditation assise guid\u00e9e<br><strong>09:30<\/strong> &#8211; Enseignement du Dharma par Fr\u00e8re Phap Huu <br><strong>11:30<\/strong> &#8211; M\u00e9ditation march\u00e9e avec mots d&rsquo; introduction  en direct<br><strong>12:30<\/strong> &#8211; Pause d\u00e9jeuner<br><strong>14:00<\/strong> &#8211; Relaxation profonde en direct<br><strong>15:30<\/strong> &#8211; Partage sur le Dharma<br><strong>18:00<\/strong> &#8211; Diner en pleine conscience et moment avec sr Lang Nghiem (en Anglais seulement) <br><strong>20:00<\/strong> &#8211; Assise et chant<\/p>\n<\/div><\/div>\n\n\n\n<div class=\"wp-block-kadence-tab kt-tab-inner-content kt-inner-tab-3 kt-inner-tab_b2d391-5b\"><div class=\"kt-tab-inner-content-inner\">\n<p><strong>06:30<\/strong> &#8211; M\u00e9ditation assise guid\u00e9e<br><strong>09:30<\/strong> &#8211; Enseignement sur le Dharma par s\u0153ur Chan Duc avec des chants<br><strong>11:30<\/strong> &#8211; M\u00e9ditation march\u00e9e <meta charset=\"utf-8\">avec mots d&rsquo; introductions en direct<br><strong>12:30<\/strong> &#8211; Repas en cercle<br><strong>14:00<\/strong> &#8211; Relaxation profonde en direct <br><strong>15:30<\/strong> &#8211; Partage sur le Dharma<br><strong>18:00<\/strong> &#8211; Repas en pleine conscience et moment avec Fr\u00e8re Phap Lai (en Anglais seulement)<br><strong>20:00<\/strong> &#8211; Assise et chant<\/p>\n<\/div><\/div>\n\n\n\n<div class=\"wp-block-kadence-tab kt-tab-inner-content kt-inner-tab-4 kt-inner-tab_dcb5cb-43\"><div class=\"kt-tab-inner-content-inner\">\n<p><strong>06:30<\/strong> &#8211; M\u00e9ditation assise guid\u00e9e<br><strong>09:30<\/strong> &#8211; Procession et c\u00e9r\u00e9monie pour apporter les cendres de Thay de la cabane de Thay \u00e0 la salle de m\u00e9ditation <br><strong>11:30<\/strong> &#8211; M\u00e9ditation march\u00e9e pour r\u00e9pandre les cendres de Thay<br><meta charset=\"utf-8\"><strong>12:30<\/strong> &#8211; Pause pour le d\u00e9jeuner<br><strong>15:30<\/strong> &#8211; Partage sur le Dharma<br><strong>20:00<\/strong> &#8211; C\u00e9l\u00e9bration de la vie de Thay en musique et po\u00e9sie<\/p>\n\n\n\n<figure class=\"wp-block-image\"><img decoding=\"async\" src=\"https:\/\/ssl.gstatic.com\/ui\/v1\/icons\/mail\/images\/cleardot.gif\" alt=\"\"\/><\/figure>\n<\/div><\/div>\n<\/div><\/div><\/div>\n\n\n\n<p><\/p>\n\n\n\n<div class=\"jump-to alignwide\" id=\"resources\">\n\t<hr>\n\t<span class=\"jump-to-text\"><span class=\"label\">Allez vers <span class=\"icon icon-arrow-tiny\"><\/span><\/span>\n\t\t<a  href=\"#enseignements-exclusifs\">Enseignements exclusifs<\/a>, <a  href=\"#programme-quotidien\">Programme quotidien<\/a>, <a class=\"active\" href=\"#resources\">Resources<\/a>, <a  href=\"#experiences\">Experiences<\/a>, <a  href=\"#inscription\">Inscription<\/a>, <a  href=\"#questions-courantes\">Questions courantes<\/a><\/span>\n<\/div>\n\n\n<h2 class=\"wp-block-heading\">Ressources<\/h2>\n\n\n\n<div class=\"wp-block-columns alignwide is-style-lesswide is-layout-flex wp-container-core-columns-is-layout-9d6595d7 wp-block-columns-is-layout-flex\">\n<div class=\"wp-block-column has-fresh-sun-background-color is-layout-flow wp-block-column-is-layout-flow\">\n<figure class=\"wp-block-image size-large pb-0\"><img loading=\"lazy\" decoding=\"async\" width=\"1024\" height=\"573\" src=\"https:\/\/plumvillage.org\/wp-content\/uploads\/2021\/05\/Preparing-Your-Space-q70-1024x573.jpg\" alt=\"\" class=\"wp-image-207262\" srcset=\"https:\/\/plumvillage.org\/wp-content\/uploads\/2021\/05\/Preparing-Your-Space-q70-1024x573.jpg 1024w, https:\/\/plumvillage.org\/wp-content\/uploads\/2021\/05\/Preparing-Your-Space-q70-499x279.jpg 499w, https:\/\/plumvillage.org\/wp-content\/uploads\/2021\/05\/Preparing-Your-Space-q70-768x430.jpg 768w, https:\/\/plumvillage.org\/wp-content\/uploads\/2021\/05\/Preparing-Your-Space-q70-1536x859.jpg 1536w, https:\/\/plumvillage.org\/wp-content\/uploads\/2021\/05\/Preparing-Your-Space-q70.jpg 1920w\" sizes=\"auto, (max-width: 1024px) 100vw, 1024px\" \/><\/figure>\n\n\n\n<div class=\"wp-block-group highlight-block has-fresh-sun-background-color has-background is-layout-flow wp-block-group-is-layout-flow\">\n<h3 class=\"has-text-align-center wp-block-heading\">Vid\u00e9o exclusive comment cr\u00e9er un espace de m\u00e9ditation chez vous<\/h3>\n\n\n\n<p class=\"has-text-align-center has-grey-color has-text-color\">Inspiration pour transformer votre espace et pr\u00e9parer votre c\u0153ur et votre esprit<\/p>\n<\/div>\n<\/div>\n\n\n\n<div class=\"wp-block-column has-fresh-sun-background-color is-layout-flow wp-block-column-is-layout-flow\">\n<figure class=\"wp-block-image size-large is-style-default\"><img loading=\"lazy\" decoding=\"async\" width=\"1024\" height=\"724\" src=\"https:\/\/plumvillage.org\/wp-content\/uploads\/2022\/02\/Aller-et-venir-en-liberte-1024x724.png\" alt=\"\" class=\"wp-image-272251\" srcset=\"https:\/\/plumvillage.org\/wp-content\/uploads\/2022\/02\/Aller-et-venir-en-liberte-1024x724.png 1024w, https:\/\/plumvillage.org\/wp-content\/uploads\/2022\/02\/Aller-et-venir-en-liberte-499x353.png 499w, https:\/\/plumvillage.org\/wp-content\/uploads\/2022\/02\/Aller-et-venir-en-liberte-768x543.png 768w, https:\/\/plumvillage.org\/wp-content\/uploads\/2022\/02\/Aller-et-venir-en-liberte-1536x1086.png 1536w, https:\/\/plumvillage.org\/wp-content\/uploads\/2022\/02\/Aller-et-venir-en-liberte.png 1920w\" sizes=\"auto, (max-width: 1024px) 100vw, 1024px\" \/><\/figure>\n\n\n\n<h3 class=\"has-text-align-center wp-block-heading\"><em>Calligraphies<\/em><\/h3>\n\n\n\n<p class=\"has-text-align-center has-grey-color has-text-color has-normal-font-size\"><meta charset=\"utf-8\">Nouvelles \u0153uvres d&rsquo;art de Fr\u00e8re Phap Huu \u00e0 imprimer et \u00e0 afficher dans votre maison<\/p>\n<\/div>\n<\/div>\n\n\n\n<p>En plus du forfait de retraite fourni, nous recommandons le livre <em>L&rsquo;art de vivre<\/em> de Thich Nhat Hanh pour vous accompagner durant cette retraite.<\/p>\n\n\n    <div class=\"panel panel-books align        panel-open \n         \n        no-title\">\n                <div class=\"row row-collapsable\">\n            <div class=\"col-md-12\">\n                <div class=\"row \">\n                                                                                                <div class=\"index-item index-book col \">\n                                <a class=\"link-zoom\" data-base-class=\"lg-hide-close-button\" data-small-btn=\"false\" data-fancybox=\"block_62150c92884a2\" data-type=\"ajax\" data-touch=\"false\" href=\"https:\/\/plumvillage.org\/fr\/books\/lart-de-vivre\"><span class=\"book-cover\"><span class=\"icon icon-bg icon-zoom\"><\/span><img loading=\"lazy\" decoding=\"async\" width=\"450\" height=\"700\" src=\"https:\/\/plumvillage.org\/wp-content\/uploads\/2021\/01\/FR-LIVRE-L-art-de-vivre.jpg\" class=\"attachment-medium size-medium wp-post-image\" alt=\"\" \/><\/span>\n                                                                            <h5><span>L&rsquo;Art de Vivre<span><\/h5>\n                                        \n                                                                                    <p>Nous voulons tous savoir d&rsquo;o\u00f9 nous venons et o\u00f9 nous allons. Et par-dessus tout, nous voulons \u00eatre heureux. L&rsquo;humanit\u00e9 a donn\u00e9 naissance \u00e0 de nombreux artistes talentueux : musiciens,&#8230;<\/p>\n                                                                                                            <\/a>\n                            <\/div>\n                                                                                                                                <\/div>\n            <\/div>\n        <\/div>\n    <\/div>\n\n\n\n<p> <\/p>\n\n\n\n<div class=\"jump-to alignwide\" id=\"experiences\">\n\t<hr>\n\t<span class=\"jump-to-text\"><span class=\"label\">Allez vers <span class=\"icon icon-arrow-tiny\"><\/span><\/span>\n\t\t<a  href=\"#enseignements-exclusifs\">Enseignements exclusifs<\/a>, <a  href=\"#programme-quotidien\">Programme quotidien<\/a>, <a  href=\"#resources\">Resources<\/a>, <a class=\"active\" href=\"#experiences\">Experiences<\/a>, <a  href=\"#inscription\">Inscription<\/a>, <a  href=\"#questions-courantes\">Questions courantes<\/a><\/span>\n<\/div>\n\n\n<h2 class=\"wp-block-heading\">Comment se d\u00e9roule une retraite du Village des Pruniers chez soi ?<\/h2>\n\n\n<figure class=\"video-embed align\"\">\n\n    <script>var $9xDZnqgkdU = '<iframe loading=\"lazy\" id=\"hyperyoutubeplayer\" data-player-type=\"youtube\" title=\"T\u00e9moignage en couple\" width=\"640\" height=\"360\" src=\"https:\/\/www.youtube.com\/embed\/9x-DZnqgkdU?feature=oembed&#038;rel=0&#038;enablejsapi=1&#038;origin=https:\/\/plumvillage.org&#038;playsinline=1&#038;modestbranding=1&#038;autoplay=1\" frameborder=\"0\" allow=\"accelerometer; autoplay; clipboard-write; encrypted-media; gyroscope; picture-in-picture; web-share\" referrerpolicy=\"strict-origin-when-cross-origin\" allowfullscreen><\/iframe>';<\/script>    <div class=\"video-wrapper\">\n              <a\n          class=\"play \"\n          aria-label=\"Play Video\"\n          href=\"#\"\n          data-embed-link=\"$9xDZnqgkdU\"\n          data-target=\"9xDZnqgkdU145\">\n          <img decoding=\"async\" src=\"https:\/\/i.ytimg.com\/vi\/9x-DZnqgkdU\/maxresdefault.jpg\">          <span class=\"icon icon-bg icon-play\"><\/span>\n        <\/a>\n                    <div class=\"iframe-target iframe-target-9xDZnqgkdU145\">\n          <span class=\"icon icon-close\"><\/span>\n          <div class=\"iframe-container ratio ratio-16x9 dropzone\"><\/div>\n        <\/div>\n          <\/div>\n    \n<\/figure>\n\n\n<div class=\"wp-block-columns alignfull has-fresh-earth-background-color has-background is-layout-flex wp-container-core-columns-is-layout-9d6595d7 wp-block-columns-is-layout-flex\">\n<div class=\"wp-block-column is-layout-flow wp-block-column-is-layout-flow\">\n<figure class=\"wp-block-pullquote\"><blockquote><p><em><em><em><em><em><em><em><em><em>J&rsquo;ai trouv\u00e9 cette retraite tr\u00e8s puissante. Tranquillement radicale. Un changement de paradigme en douceur. Cela me rappelle exactement pourquoi j&rsquo;aime tant le Village des Pruniers.<\/em><\/em><\/em><\/em><\/em><\/em><\/em><\/em><\/em><\/p><cite><em><meta charset=\"utf-8\">Yvette Issar, Geneve, Suisse<\/em><\/cite><\/blockquote><\/figure>\n<\/div>\n\n\n\n<div class=\"wp-block-column is-layout-flow wp-block-column-is-layout-flow\">\n<figure class=\"wp-block-pullquote\"><blockquote><p><em><em><em><em><em><em><em>Ce qui a \u00e9t\u00e9 particuli\u00e8rement utile, c&rsquo;est d&rsquo;amener l&rsquo;esprit de la retraite dans ma propre maison, ce qui facilite l&rsquo;int\u00e9gration dans la vie quotidienne.<\/em><\/em><\/em><\/em><\/em><\/em><\/em><\/p><cite><meta charset=\"utf-8\">Judith, Pays-Bas<\/cite><\/blockquote><\/figure>\n<\/div>\n\n\n\n<div class=\"wp-block-column is-layout-flow wp-block-column-is-layout-flow\">\n<figure class=\"wp-block-pullquote\"><blockquote><p><em><em><em><em><em><em><em>Il est difficile d&rsquo;exprimer par des mots ma gratitude pour cette retraite. Je me sens re-connect\u00e9e, r\u00e9-inspir\u00e9e, nourrie et dans un endroit o\u00f9 je peux agir \u00e0 partir d&rsquo;une v\u00e9ritable \u00e9nergie.<\/em><\/em><\/em><\/em><\/em><\/em><\/em><\/p><cite><meta charset=\"utf-8\"><em>Joanna, UK<\/em><\/cite><\/blockquote><\/figure>\n<\/div>\n<\/div>\n\n\n\n<p><\/p>\n\n\n\n<div class=\"jump-to alignwide\" id=\"inscription\">\n\t<hr>\n\t<span class=\"jump-to-text\"><span class=\"label\">Allez vers <span class=\"icon icon-arrow-tiny\"><\/span><\/span>\n\t\t<a  href=\"#enseignements-exclusifs\">Enseignements exclusifs<\/a>, <a  href=\"#programme-quotidien\">Programme quotidien<\/a>, <a  href=\"#resources\">Resources<\/a>, <a  href=\"#experiences\">Experiences<\/a>, <a class=\"active\" href=\"#inscription\">Inscription<\/a>, <a  href=\"#questions-courantes\">Questions courantes<\/a><\/span>\n<\/div>\n\n\n<h2 class=\"wp-block-heading\">S&rsquo;inscrire<\/h2>\n\n\n\n<p>Veuillez noter qu&rsquo;il y a deux \u00e9tapes pour compl\u00e9ter le processus d&rsquo;enregistrement :<\/p>\n\n\n\n<ol class=\"wp-block-list\"><li>La premi\u00e8re \u00e9tape : effectuer le paiement (cela n\u00e9cessite une carte de cr\u00e9dit),<\/li><li>La deuxi\u00e8me \u00e9tape : remplir le formulaire d&rsquo;inscription.<\/li><\/ol>\n\n\n\n<p><meta charset=\"utf-8\"><meta charset=\"utf-8\"><em>Vous pouvez choisir la contribution qui convient \u00e0 vos moyens financiers, toutes les options donnant le m\u00eame acc\u00e8s \u00e0 la ret<\/em>raite.<\/p>\n\n\n\n<p>Lors de votre inscription, vous pouvez choisir de rejoindre ou non un groupe de partage du dharma.<\/p>\n\n\n\n<p><em><meta charset=\"utf-8\"><em>Nous ne voulons pas que l&rsquo;aspect financier vous emp\u00eache de participer. Si vous souhaitez participer \u00e0 une retraite en ligne et que votre budget ne vous le permet pas pour le moment, veuillez nous envoyer un courriel \u00e0 <a href=\"mailto:onlineretreats@plumvillage.org\">onlineretreats@plumvillage.org<\/a> pour demander une r\u00e9duction suppl\u00e9mentaire.<\/em><\/em><\/p>\n\n\n\n\n\n<div class=\"jump-to alignwide\" id=\"questions-courantes\">\n\t<hr>\n\t<span class=\"jump-to-text\"><span class=\"label\">Allez vers <span class=\"icon icon-arrow-tiny\"><\/span><\/span>\n\t\t<a  href=\"#enseignements-exclusifs\">Enseignements exclusifs<\/a>, <a  href=\"#programme-quotidien\">Programme quotidien<\/a>, <a  href=\"#resources\">Resources<\/a>, <a  href=\"#experiences\">Experiences<\/a>, <a  href=\"#inscription\">Inscription<\/a>, <a class=\"active\" href=\"#questions-courantes\">Questions courantes<\/a><\/span>\n<\/div>\n\n\n<h2 class=\"wp-block-heading\"><em>Questions courantes<\/em><\/h2>\n\n\n\n<ul class=\"programme-2 wp-block-list\"><li><a href=\"#programme-2\">A propos du programme<\/a><\/li><li><a href=\"#technique\">A propos d&rsquo;\u00e9ventuels probl\u00e8mes techniques<\/a><\/li><li><a href=\"#inscription-2\">A propos de l&rsquo;inscription<\/a><\/li><\/ul>\n\n\n\n<hr class=\"wp-block-separator is-style-wide\" id=\"programme-2\"\/>\n\n\n\n<h3 class=\"wp-block-heading\">A propos du programme<\/h3>\n\n\n\n<div class=\"wp-block-pb-accordion-item c-accordion__item js-accordion-item no-js\" data-initially-open=\"false\" data-click-to-close=\"true\" data-auto-close=\"true\" data-scroll=\"false\" data-scroll-offset=\"0\"><h4 id=\"at-2721020\" class=\"c-accordion__title js-accordion-controller\" role=\"button\">De combien de temps ai-je besoin pour suivre cette retraite ?<\/h4><div id=\"ac-2721020\" class=\"c-accordion__content\">\n<p><em>Il s&rsquo;agit d&rsquo;une retraite de 3 jours, du jeudi soir au dimanche soir. Id\u00e9alement, il est pr\u00e9f\u00e9rable que vous puissiez lib\u00e9rer vos journ\u00e9es d&rsquo;autres engagements afin de pouvoir participer pleinement et savourer l&rsquo;\u00e9nergie paisible de la retraite, m\u00eame lorsque vous ne suivez pas une s\u00e9ance du programme.<\/em><\/p>\n\n\n\n<p><em>Chaque jour, il y a une <strong>s\u00e9ance matinale de 6h30 \u00e0 11h30<\/strong> (CET), qui comprend une s\u00e9ance d&rsquo;exercice guid\u00e9e de 30 minutes, une pause d&rsquo;une heure pour le petit d\u00e9jeuner puis un Enseignement du Dharma. La <strong>s\u00e9ance de l&rsquo;apr\u00e8s-midi a lieu de 14h00 \u00e0 17h00<\/strong> et commence par une relaxation suivie d&rsquo;un \u201cPartage du Dharma\u201d (cercles de partage). La <strong>s\u00e9ance du soir d\u00e9marre \u00e0 20h00<\/strong>. Nous vous recommandons de toujours arriver quelques minutes \u00e0 l&rsquo;avance pour v\u00e9rifier votre connexion informatique et le son.<\/em><\/p>\n\n\n\n<p><em>Veuillez noter que vous pouvez choisir de participer ou non aux trois sessions de \u201cPartage du Dharma\u201d de l&rsquo;apr\u00e8s-midi (15h30-17h chaque jour). Si vous choisissez d&rsquo;y participer, nous vous demandons de vous engager \u00e0<strong> vous joindre \u00e0 toutes les sessions<\/strong>, \u00e0 l&rsquo;heure, afin que le groupe puisse avoir une exp\u00e9rience collective forte. Pour \u00e9viter de perturber le groupe, nous ne pourrons pas admettre les personnes aux sessions de \u201cPartage du Dharma\u201d une fois qu&rsquo;elles auront commenc\u00e9.<\/em><\/p>\n\n\n\n<p><em>Veuillez \u00e9galement organiser votre temps avant que la retraite ne commence, afin de vous familiariser avec les vid\u00e9os de pr\u00e9sentation et les pratiques de base et de tirer le meilleur parti de cette retraite. La session sera enregistr\u00e9e si vous ne pouvez pas y assister, mais veuillez la regarder avant de commencer la retraite. Vous trouverez \u00e9galement des vid\u00e9os sur la mani\u00e8re d&rsquo;am\u00e9nager un coin paisible dans votre maison pour participer aux sessions en ligne. Nous esp\u00e9rons que cette exp\u00e9rience immersive et interactive vous aidera \u00e0 renforcer votre pratique de la Pleine Conscience et \u00e0 \u00e9tablir l&rsquo;esprit du Village des Pruniers chez vous.<\/em><\/p>\n\n\n\n<p><em>Veuillez \u00e9galement pr\u00e9voir un peu de temps avant le d\u00e9but de la retraite pour vous familiariser avec les vid\u00e9os et les informations contenues dans le dossier \u201cComment profiter de votre retraite en ligne\u201d, et am\u00e9nager un coin tranquille de votre maison o\u00f9 vous pourrez disposer d&rsquo;une connexion Internet. Nous esp\u00e9rons que cette exp\u00e9rience immersive et interactive vous aidera \u00e0 renforcer votre pratique de la pleine conscience et \u00e0 \u00e9tablir l&rsquo;esprit du Village des Pruniers chez vous.<\/em><\/p>\n<\/div><\/div>\n\n\n\n<div class=\"wp-block-pb-accordion-item c-accordion__item js-accordion-item no-js\" data-initially-open=\"false\" data-click-to-close=\"true\" data-auto-close=\"true\" data-scroll=\"false\" data-scroll-offset=\"0\"><h4 id=\"at-2721021\" class=\"c-accordion__title js-accordion-controller\" role=\"button\">Si je ne peux pas participer \u00e0 une des sessions, puis-je quand m\u00eame suivre les autres sessions ?<\/h4><div id=\"ac-2721021\" class=\"c-accordion__content\">\n<p><em><em>Nous vous encourageons \u00e0 assister \u00e0 la plus grande partie possible de la retraite pour tirer le plus grand b\u00e9n\u00e9fice de la pratique. Veuillez noter que si vous souhaitez participer aux trois sessions de Partage du Dharma, vous devrez suivre l&rsquo;Enseignement du Dharma afin de \u201cd\u00e9bloquer\u201d la session de Partage du Dharma de l&rsquo;apr\u00e8s-midi. Pour favoriser l&rsquo;exp\u00e9rience collective partag\u00e9e, il n&rsquo;est pas possible de se joindre au partage du dharma si vous n&rsquo;avez pas assist\u00e9 \u00e0 l&rsquo;Enseignement du Dharma.<\/em><\/em><\/p>\n<\/div><\/div>\n\n\n\n<div class=\"wp-block-pb-accordion-item c-accordion__item js-accordion-item no-js\" data-initially-open=\"false\" data-click-to-close=\"true\" data-auto-close=\"true\" data-scroll=\"false\" data-scroll-offset=\"0\"><h4 id=\"at-2721022\" class=\"c-accordion__title js-accordion-controller\" role=\"button\">Si je ne peux pas me joindre \u00e0 une session en direct, puis-je la regarder plus tard ?<\/h4><div id=\"ac-2721022\" class=\"c-accordion__content\">\n<p><em><em>Oui, nous essayons de diffuser en direct toutes les sessions sur notre plateforme afin que vous puissiez suivre \u00e0 la fois l\u00e0 et sur Zoom. L&rsquo;enregistrement de ce live stream restera disponible par la suite.<\/em><\/em><\/p>\n<\/div><\/div>\n\n\n\n<div class=\"wp-block-pb-accordion-item c-accordion__item js-accordion-item no-js\" data-initially-open=\"false\" data-click-to-close=\"true\" data-auto-close=\"true\" data-scroll=\"false\" data-scroll-offset=\"0\"><h4 id=\"at-2721023\" class=\"c-accordion__title js-accordion-controller\" role=\"button\">Qu&rsquo;est-ce que le \u201cPartage du Dharma\u201d ou \u201ccercles de partage\u201d ?<\/h4><div id=\"ac-2721023\" class=\"c-accordion__content\">\n<p><em><em>Pendant cette retraite, le Partage du Dharma est un petit groupe de  20-25 participants, dirig\u00e9 par un facilitateur exp\u00e9riment\u00e9. Cela nous donne l&rsquo;occasion d&rsquo;\u00e9couter profond\u00e9ment, de parler avec notre c\u0153ur et de b\u00e9n\u00e9ficier de la compr\u00e9hension et de l&rsquo;exp\u00e9rience de chacun de la pleine conscience. Nous pouvons partager nos exp\u00e9riences, nos joies, nos difficult\u00e9s et nos questions concernant les enseignements de la retraite et les pratiques de pleine conscience que nous suivons ensemble.<\/em><\/em><\/p>\n<\/div><\/div>\n\n\n\n<div class=\"wp-block-pb-accordion-item c-accordion__item js-accordion-item no-js\" data-initially-open=\"false\" data-click-to-close=\"true\" data-auto-close=\"true\" data-scroll=\"false\" data-scroll-offset=\"0\"><h4 id=\"at-2721024\" class=\"c-accordion__title js-accordion-controller\" role=\"button\">Que dois-je pr\u00e9parer avant de rejoindre cette retraite ?&nbsp;<\/h4><div id=\"ac-2721024\" class=\"c-accordion__content\">\n<p><em>Veuillez organiser votre temps et vos engagements, afin de disposer d&rsquo;un espace entre le <strong>jeudi 10 mars au soir et le dimanche 13 mars au soir<\/strong> pour participer pleinement \u00e0 la retraite. Quelques jours avant le d\u00e9but de la retraite, vous recevrez un dossier num\u00e9rique contenant des informations et des ressources sur la mani\u00e8re de vous pr\u00e9parer et de pr\u00e9parer votre environnement afin de pouvoir profiter pleinement de la retraite. Veuillez pr\u00e9voir une heure ou deux avant le vendredi matin pour vous familiariser avec ces documents et configurer correctement votre ordinateur.<\/em><\/p>\n\n\n\n<p><em><em>Vous \u00eates invit\u00e9 \u00e0 pr\u00e9parer une pi\u00e8ce ou un coin de votre maison o\u00f9 vous pourrez \u00eatre en ligne, sans \u00eatre d\u00e9rang\u00e9. Il est important que vous ne soyez pas interrompu pendant les diff\u00e9rentes sessions, donc pensez \u00e0 communiquer avec vos proches, ou d&rsquo;autres personnes avec lesquelles vous vivez, pour leur demander leur soutien dans ce domaine. Si vous participez aux groupes de partage du Dharma, il sera important que vous vous connectiez \u00e0 partir d&rsquo;un espace priv\u00e9 o\u00f9 vous pourrez partager sans que les autres vous entendent.<\/em><\/em><\/p>\n<\/div><\/div>\n\n\n\n<div class=\"wp-block-pb-accordion-item c-accordion__item js-accordion-item no-js\" data-initially-open=\"false\" data-click-to-close=\"true\" data-auto-close=\"true\" data-scroll=\"false\" data-scroll-offset=\"0\"><h4 id=\"at-2721025\" class=\"c-accordion__title js-accordion-controller\" role=\"button\">Si j&rsquo;ai une question sur les enseignements donn\u00e9s pendant la retraite, o\u00f9 \/ quand puis-je la poser ?<\/h4><div id=\"ac-2721025\" class=\"c-accordion__content\">\n<p><em><em>Les groupes de discussion du Partage du Dharma sont le moment id\u00e9al pour poser des questions du c\u0153ur sur les enseignements que vous avez entendus et les pratiques que nous suivons ensemble. Vous pouvez \u00e9galement \u00e9crire une question dans les commentaires sous la vid\u00e9o d&rsquo;un enseignement particulier.<\/em><\/em><\/p>\n<\/div><\/div>\n\n\n\n<div class=\"wp-block-pb-accordion-item c-accordion__item js-accordion-item no-js\" data-initially-open=\"false\" data-click-to-close=\"true\" data-auto-close=\"true\" data-scroll=\"false\" data-scroll-offset=\"0\"><h4 id=\"at-2721026\" class=\"c-accordion__title js-accordion-controller\" role=\"button\">Est-ce que je pourrai interagir directement avec les monastiques ? Par exemple, puis-je leur poser une question et obtenir une r\u00e9ponse ?<\/h4><div id=\"ac-2721026\" class=\"c-accordion__content\">\n<p><em><em>Les petits groupes de partage du Dharma offrent une rare opportunit\u00e9 de rejoindre un cercle anim\u00e9 par un monastique. Si vous souhaitez entrer en contact avec les fr\u00e8res et soeurs, nous vous encourageons vivement \u00e0 vous engager \u00e0 participer aux trois sessions de Partage du Dharma. Notre professeur, Thich Nhat Hanh, nous a appris que les groupes de partage du Dharma sont le moyen le plus puissant d&rsquo;apprendre et de grandir dans notre pratique de la pleine conscience. Veuillez noter que ces sessions ne sont pas des sessions de questions-r\u00e9ponses directes, mais un groupe o\u00f9 les questions sont abord\u00e9es collectivement.<\/em><\/em><\/p>\n<\/div><\/div>\n\n\n\n<div class=\"wp-block-pb-accordion-item c-accordion__item js-accordion-item no-js\" data-initially-open=\"false\" data-click-to-close=\"true\" data-auto-close=\"true\" data-scroll=\"false\" data-scroll-offset=\"0\"><h4 id=\"at-2721027\" class=\"c-accordion__title js-accordion-controller\" role=\"button\">Je vis avec d&rsquo;autres personnes. Puis-je quand m\u00eame participer \u00e0 la retraite ?<\/h4><div id=\"ac-2721027\" class=\"c-accordion__content\">\n<p><em><em>Oui, vous n&rsquo;avez pas besoin d&rsquo;\u00eatre dans une cabane sur une montagne pour profiter de cette retraite. Tant que vous disposez d&rsquo;un coin ou d&rsquo;une pi\u00e8ce tranquille o\u00f9 vous ne serez pas d\u00e9rang\u00e9, et peut-\u00eatre d&rsquo;un espace pour vous \u00e9tirer et faire les mouvements de pleine conscience, vous pourrez profiter pleinement de la retraite. Vous aurez peut-\u00eatre besoin d&rsquo;\u00e9couteurs, et si vous participez au Partage du Dharma, d&rsquo;un endroit dans la maison o\u00f9 vous pourrez parler sans \u00eatre entendu par les autres.<\/em><\/em><\/p>\n\n\n\n<p><em><em>Vous pouvez expliquer \u00e0 ceux avec qui vous vivez votre intention de rejoindre la retraite et leur demander leur soutien. L&rsquo;id\u00e9e n&rsquo;est pas de vous couper d&rsquo;eux, mais de g\u00e9n\u00e9rer une forte \u00e9nergie d&rsquo;attention, de paix et de pr\u00e9sence, pendant les sessions, que vous pouvez apporter \u00e0 vos interactions en personne hors \u00e9cran au cours du week-end. Vous serez en mesure d&rsquo;appliquer imm\u00e9diatement bon nombre des enseignements sur l&rsquo;\u00e9coute profonde, l&rsquo;alimentation consciente, etc.<\/em><\/em><\/p>\n<\/div><\/div>\n\n\n\n<div class=\"wp-block-pb-accordion-item c-accordion__item js-accordion-item no-js\" data-initially-open=\"false\" data-click-to-close=\"true\" data-auto-close=\"true\" data-scroll=\"false\" data-scroll-offset=\"0\"><h4 id=\"at-2721028\" class=\"c-accordion__title js-accordion-controller\" role=\"button\">Cette retraite convient-elle \u00e0 tous les \u00e2ges ? Les enfants ou les adolescents peuvent-ils y participer ?<\/h4><div id=\"ac-2721028\" class=\"c-accordion__content\">\n<p><em>Cette retraite est sp\u00e9cifiquement con\u00e7ue pour les adultes, mais tout le monde est invit\u00e9 \u00e0 participer aux m\u00e9ditations, aux partages, aux exercices physiques et aux relaxations. Veuillez noter que dans les groupes du partage du Dharma, des th\u00e8mes peuvent surgir spontan\u00e9ment et ne pas \u00eatre appropri\u00e9s pour les adolescents ou les enfants. Il n&rsquo;est donc pas possible d&rsquo;inscrire des participants de moins de 18 ans aux groupes de Partage du Dharma. Nous \u00e9tudions actuellement la mani\u00e8re dont nous pouvons offrir une exp\u00e9rience diff\u00e9rente et plus adapt\u00e9e aux enfants et aux adolescents en ligne. Veuillez consulter notre liste d&rsquo;\u00e9v\u00e9nements pour de futures annonces.<\/em><\/p>\n<\/div><\/div>\n\n\n\n<div class=\"wp-block-pb-accordion-item c-accordion__item js-accordion-item no-js\" data-initially-open=\"false\" data-click-to-close=\"true\" data-auto-close=\"true\" data-scroll=\"false\" data-scroll-offset=\"0\"><h4 id=\"at-2721029\" class=\"c-accordion__title js-accordion-controller\" role=\"button\">Je n&rsquo;ai jamais fait de retraite auparavant. Est-ce que je pourrai suivre celle-ci ?<\/h4><div id=\"ac-2721029\" class=\"c-accordion__content\">\n<p><em><em>Cette retraite est accessible aux nouveaux venus et constituera une exp\u00e9rience rafra\u00eechissante et enrichissante pour ceux qui pratiquent la pleine conscience depuis un certain temps. C&rsquo;est une chance pr\u00e9cieuse de se connecter directement avec notre communaut\u00e9 spirituelle et de rencontrer des personnes qui partagent les m\u00eames id\u00e9es.<\/em><\/em><\/p>\n\n\n\n<p><em>Si n\u00e9cessaire, avant de vous inscrire, veuillez tenir compte de votre \u00e9tat mental et physique actuel et demander l&rsquo;avis d&rsquo;un professionnel de la sant\u00e9 mentale ou d&rsquo;un m\u00e9decin afin de d\u00e9terminer si cette retraite en ligne vous convient<\/em>.<\/p>\n<\/div><\/div>\n\n\n\n<div class=\"wp-block-pb-accordion-item c-accordion__item js-accordion-item no-js\" data-initially-open=\"false\" data-click-to-close=\"true\" data-auto-close=\"true\" data-scroll=\"false\" data-scroll-offset=\"0\"><h4 id=\"at-27210210\" class=\"c-accordion__title js-accordion-controller\" role=\"button\">Dans quelle langue la retraite sera-t-elle donn\u00e9e ?<br>Je ne suis pas en Europe. Puis-je m&rsquo;inscrire depuis un autre fuseau horaire ? Est-ce que je vais manquer quelque chose ?<\/h4><div id=\"ac-27210210\" class=\"c-accordion__content\">\n<p><em>Cette retraite est essentiellement donn\u00e9e en anglais. Pour les francophones, il y aura une traduction en fran\u00e7ais des Enseignement du Dharma et des groupes de Partage du Dharma en fran\u00e7ais. Au fur et \u00e0 mesure que nous d\u00e9veloppons notre exp\u00e9rience et nos capacit\u00e9s techniques, nous esp\u00e9rons pouvoir proposer la traduction dans d&rsquo;autres langues \u00e0 l&rsquo;avenir. Merci de votre patience et de votre compr\u00e9hension.<\/em><\/p>\n\n\n\n<p><em>Vous pouvez consulter le programme pour voir s&rsquo;il convient \u00e0 votre fuseau horaire. De nombreuses activit\u00e9s peuvent \u00eatre r\u00e9alis\u00e9es \u00e0 un autre moment car les enregistrements seront disponibles par la suite, mais les groupes de Partage du Dharma doivent \u00eatre suivis en direct si vous choisissez d&rsquo;en rejoindre un.<\/em><\/p>\n<\/div><\/div>\n\n\n\n<hr class=\"wp-block-separator is-style-wide\" id=\"technique\"\/>\n\n\n\n<h3 class=\"wp-block-heading\">A propos d&rsquo;\u00e9ventuels probl\u00e8mes techniques<\/h3>\n\n\n\n<div class=\"wp-block-pb-accordion-item c-accordion__item js-accordion-item no-js\" data-initially-open=\"false\" data-click-to-close=\"true\" data-auto-close=\"true\" data-scroll=\"false\" data-scroll-offset=\"0\"><h4 id=\"at-27210211\" class=\"c-accordion__title js-accordion-controller\" role=\"button\">De quoi ai-je besoin pour participer \u00e0 cette retraite ? Ai-je besoin d&rsquo;installer quelque chose ? Ai-je besoin d&rsquo;un \u00e9quipement sp\u00e9cial ?<\/h4><div id=\"ac-27210211\" class=\"c-accordion__content\">\n<p><em><em>Cette retraite vous sera offerte via votre navigateur web et l&rsquo;application Zoom. Lorsque vous suivez les activit\u00e9s en direct, vous pouvez choisir de participer via Zoom ou via la vid\u00e9o int\u00e9gr\u00e9e dans votre navigateur (le lien vous sera fourni \u00e0 l&rsquo;avance). Si vous choisissez de participer au Dharma Sharing (les petits groupes de discussion), vous devrez <a href=\"https:\/\/zoom.us\/download#client_4meeting\">installer le logiciel Zoom<\/a> et vous aurez besoin d&rsquo;une <strong>webcam <\/strong>sur votre ordinateur ou tablette, afin que les gens puissent vous voir (tout comme vous verrez les autres). Il est \u00e9galement pr\u00e9f\u00e9rable d&rsquo;avoir des <strong>\u00e9couteurs<\/strong>, id\u00e9alement avec un microphone.<\/em><\/em><\/p>\n<\/div><\/div>\n\n\n\n<div class=\"wp-block-pb-accordion-item c-accordion__item js-accordion-item no-js\" data-initially-open=\"false\" data-click-to-close=\"true\" data-auto-close=\"true\" data-scroll=\"false\" data-scroll-offset=\"0\"><h4 id=\"at-27210212\" class=\"c-accordion__title js-accordion-controller\" role=\"button\">Quelle sera la qualit\u00e9 des vid\u00e9os diffus\u00e9es en streaming ?<\/h4><div id=\"ac-27210212\" class=\"c-accordion__content\">\n<p><em><em>Nous essayons de diffuser en direct sur 720p, mais certains de nos hameaux du Village des Pruniers n&rsquo;ont pas un acc\u00e8s Internet suffisamment puissant, ce qui peut limiter la qualit\u00e9 \u00e0 480p. Apr\u00e8s la retraite, nous t\u00e9l\u00e9chargerons tout le contenu en 1080p pour que vous en profitiez pleinement.<\/em><\/em><\/p>\n<\/div><\/div>\n\n\n\n<div class=\"wp-block-pb-accordion-item c-accordion__item js-accordion-item no-js\" data-initially-open=\"false\" data-click-to-close=\"true\" data-auto-close=\"true\" data-scroll=\"false\" data-scroll-offset=\"0\"><h4 id=\"at-27210213\" class=\"c-accordion__title js-accordion-controller\" role=\"button\">Je n&rsquo;ai pas une connexion Internet tr\u00e8s stable. Puis-je quand m\u00eame participer \u00e0 la retraite ?<\/h4><div id=\"ac-27210213\" class=\"c-accordion__content\">\n<p><em><em>Cela d\u00e9pend de l&rsquo;instabilit\u00e9 de votre connexion. La qualit\u00e9 de votre visionnage est similaire \u00e0 celle que vous pouvez exp\u00e9rimenter sur youtube. Donc si l&rsquo;exp\u00e9rience est assez agr\u00e9able, alors oui, vous pouvez vous joindre \u00e0 la retraite. Mais pour le Partage du Dharma, les autres pourraient avoir du mal \u00e0 vous entendre. Vous pouvez demander la permission d&rsquo;\u00e9teindre votre cam\u00e9ra, pour que les autres vous entendent mieux.<\/em><\/em><\/p>\n<\/div><\/div>\n\n\n\n<div class=\"wp-block-pb-accordion-item c-accordion__item js-accordion-item no-js\" data-initially-open=\"false\" data-click-to-close=\"true\" data-auto-close=\"true\" data-scroll=\"false\" data-scroll-offset=\"0\"><h4 id=\"at-27210214\" class=\"c-accordion__title js-accordion-controller\" role=\"button\">Puis-je me joindre \u00e0 la retraite depuis mon t\u00e9l\u00e9phone ?<\/h4><div id=\"ac-27210214\" class=\"c-accordion__content\">\n<p><em><em>Oui, lorsque vous vous inscrivez, vous recevrez un e-mail avec les instructions et les num\u00e9ros de t\u00e9l\u00e9phone pour nous rejoindre via Zoom. Vous ne pourrez suivre que les sessions en direct ; il n&rsquo;est pas possible de participer aux sessions de Dharma Sharing depuis un t\u00e9l\u00e9phone.<\/em><\/em><\/p>\n<\/div><\/div>\n\n\n\n<div class=\"wp-block-pb-accordion-item c-accordion__item js-accordion-item no-js\" data-initially-open=\"false\" data-click-to-close=\"true\" data-auto-close=\"true\" data-scroll=\"false\" data-scroll-offset=\"0\"><h4 id=\"at-27210215\" class=\"c-accordion__title js-accordion-controller\" role=\"button\">Dois-je activer ma cam\u00e9ra ou puis-je participer uniquement en audio ?<\/h4><div id=\"ac-27210215\" class=\"c-accordion__content\">\n<p><em><em>Oui, vous pouvez vous joindre uniquement via l&rsquo;audio, vous n&rsquo;avez pas besoin de d\u00e9marrer votre cam\u00e9ra, vous pouvez \u00e9galement choisir via notre plateforme de regarder uniquement. Ce n&rsquo;est que lorsque vous participez \u00e0 la session de partage du Dharma que tout le monde est invit\u00e9 \u00e0 activer sa cam\u00e9ra pour cr\u00e9er un environnement s\u00fbr.<\/em><\/em><\/p>\n<\/div><\/div>\n\n\n\n<div class=\"wp-block-pb-accordion-item c-accordion__item js-accordion-item no-js\" data-initially-open=\"false\" data-click-to-close=\"true\" data-auto-close=\"true\" data-scroll=\"false\" data-scroll-offset=\"0\"><h4 id=\"at-27210216\" class=\"c-accordion__title js-accordion-controller\" role=\"button\">Est-ce que je pourrai sauvegarder et conserver les enregistrements apr\u00e8s la retraite ?<\/h4><div id=\"ac-27210216\" class=\"c-accordion__content\">\n<p><em><em>Tous les enregistrements seront disponibles apr\u00e8s la retraite sur notre plateforme. Vous ne pourrez pas les t\u00e9l\u00e9charger.<\/em><\/em><\/p>\n<\/div><\/div>\n\n\n\n<div class=\"wp-block-pb-accordion-item c-accordion__item js-accordion-item no-js\" data-initially-open=\"false\" data-click-to-close=\"true\" data-auto-close=\"true\" data-scroll=\"false\" data-scroll-offset=\"0\"><h4 id=\"at-27210217\" class=\"c-accordion__title js-accordion-controller\" role=\"button\">Si j&rsquo;ai des difficult\u00e9s techniques avec mon installation, qui dois-je contacter ?<\/h4><div id=\"ac-27210217\" class=\"c-accordion__content\">\n<p><em><em>Vous \u00eates invit\u00e9 \u00e0 respirer, \u00e0 prier ou \u00e0 envoyer un courriel \u00e0<\/em>:<a href=\"mailto:onlineretreats@plumvillage.org\">onlineretreats@plumvillage.org<\/a><\/em><\/p>\n<\/div><\/div>\n\n\n\n<hr class=\"wp-block-separator is-style-wide\" id=\"inscription-2\"\/>\n\n\n\n<h3 class=\"wp-block-heading\">A propos de l&rsquo;inscription<\/h3>\n\n\n\n<div class=\"wp-block-pb-accordion-item c-accordion__item js-accordion-item no-js\" data-initially-open=\"false\" data-click-to-close=\"true\" data-auto-close=\"true\" data-scroll=\"false\" data-scroll-offset=\"0\"><h4 id=\"at-27210218\" class=\"c-accordion__title js-accordion-controller\" role=\"button\">Comment les \u00abgroupes de partage\u00bb sont-ils form\u00e9s? Puis-je choisir le groupe de partage \u00e0 rejoindre?&nbsp;<\/h4><div id=\"ac-27210218\" class=\"c-accordion__content\">\n<p><em><em>Les groupes seront assign\u00e9s par les monastiques, sur la base de notre exp\u00e9rience de cr\u00e9ation de groupes diversifi\u00e9s mais \u00e9quilibr\u00e9s. Il n&rsquo;est pas possible de vous assigner \u00e0 un animateur choisi ou d&rsquo;\u00eatre dans un groupe avec des amis.<\/em><\/em><\/p>\n<\/div><\/div>\n\n\n\n<div class=\"wp-block-pb-accordion-item c-accordion__item js-accordion-item no-js\" data-initially-open=\"false\" data-click-to-close=\"true\" data-auto-close=\"true\" data-scroll=\"false\" data-scroll-offset=\"0\"><h4 id=\"at-27210219\" class=\"c-accordion__title js-accordion-controller\" role=\"button\">Vers quoi vont mes frais d&rsquo;inscription ?<\/h4><div id=\"ac-27210219\" class=\"c-accordion__content\">\n<p><em><em>Votre contribution servira \u00e0 financer la nourriture, le logement et les soins de sant\u00e9 de notre communaut\u00e9 de 700 monastiques dans dix centres de pratique de la pleine conscience dans le monde. Elle nous permettra \u00e9galement d&rsquo;investir dans l&rsquo;infrastructure technique en termes d&rsquo;internet, de cam\u00e9ras et d&rsquo;\u00e9quipement, afin que nous puissions offrir davantage d&rsquo;enseignements en ligne en direct, avec un contact direct entre les monastiques et les pratiquants. Sans votre soutien, nous ne serions pas en mesure de maintenir notre communaut\u00e9 ou d&rsquo;offrir le Dharma en ligne.<\/em><\/em><\/p>\n<\/div><\/div>\n\n\n\n<div class=\"wp-block-pb-accordion-item c-accordion__item js-accordion-item no-js\" data-initially-open=\"false\" data-click-to-close=\"true\" data-auto-close=\"true\" data-scroll=\"false\" data-scroll-offset=\"0\"><h4 id=\"at-27210220\" class=\"c-accordion__title js-accordion-controller\" role=\"button\">Existe-t-il une option de remboursement si je dois annuler mon inscription ?<\/h4><div id=\"ac-27210220\" class=\"c-accordion__content\">\n<p><em><em>Nous pouvons vous offrir un remboursement complet dans les 30 jours suivant votre paiement.<\/em><\/em><\/p>\n<\/div><\/div>\n\n\n\n<div class=\"wp-block-pb-accordion-item c-accordion__item js-accordion-item no-js\" data-initially-open=\"false\" data-click-to-close=\"true\" data-auto-close=\"true\" data-scroll=\"false\" data-scroll-offset=\"0\"><h4 id=\"at-27210221\" class=\"c-accordion__title js-accordion-controller\" role=\"button\"><meta charset=\"utf-8\">Si je ne peux pas payer les frais de bourse les plus bas, puis-je demander une r\u00e9duction suppl\u00e9mentaire ?<\/h4><div id=\"ac-27210221\" class=\"c-accordion__content\">\n<p><em>Nous ne voulons pas que l&rsquo;aspect financier vous emp\u00eache de participer. Si vous souhaitez participer \u00e0 une retraite en ligne et que votre budget ne vous le permet pas pour le moment, veuillez nous envoyer un courriel \u00e0 <a href=\"mailto:onlineretreats@plumvillage.org\">onlineretreats@plumvillage.org<\/a> pour demander une r\u00e9duction suppl\u00e9mentaire<\/em><\/p>\n\n\n\n<p><\/p>\n<\/div><\/div>\n","protected":false},"excerpt":{"rendered":"<p>Alors que s&rsquo;ach\u00e8ve une nouvelle ann\u00e9e pleine de d\u00e9fis, nous vous invitons \u00e0 vous r\u00e9fugier dans la communaut\u00e9 spirituelle en nous r\u00e9unissant en ligne pour nous soutenir et nous nourrir mutuellement, et \u00e0 prendre le temps de r\u00e9fl\u00e9chir \u00e0 ce que nous avons appris et \u00e0 nos aspirations pour l&rsquo;avenir.<\/p>\n","protected":false},"author":1142,"featured_media":271631,"parent":0,"menu_order":0,"template":"","meta":{"_acf_changed":false,"sync_status":"","episode_type":"","audio_file":"","podmotor_file_id":"","podmotor_episode_id":"","castos_file_data":"","cover_image":"","cover_image_id":"","duration":"","filesize":"","filesize_raw":"","date_recorded":"","explicit":"","block":"","itunes_episode_number":"","itunes_title":"","itunes_season_number":"","itunes_episode_type":"","ep_exclude_from_search":false,"footnotes":""},"class_list":["post-272102","pv_event","type-pv_event","status-publish","has-post-thumbnail","hentry"],"acf":[],"pv_custom_fields":{"locations":["Plum Village France - Europe"],"status":"EventScheduled","custom_status":"","start_date":1646956800,"end_date":1647129600,"registration_open":1645830000,"external_link":"","featured_image":"https:\/\/plumvillage.org\/wp-content\/uploads\/2022\/02\/monastics-sanghati-hug-480x290.jpeg","is_translated":271476,"post_language":"fr","hidden":false,"event_type":1927},"_links":{"self":[{"href":"https:\/\/plumvillage.org\/fr\/wp-json\/wp\/v2\/pv_event\/272102","targetHints":{"allow":["GET"]}}],"collection":[{"href":"https:\/\/plumvillage.org\/fr\/wp-json\/wp\/v2\/pv_event"}],"about":[{"href":"https:\/\/plumvillage.org\/fr\/wp-json\/wp\/v2\/types\/pv_event"}],"author":[{"embeddable":true,"href":"https:\/\/plumvillage.org\/fr\/wp-json\/wp\/v2\/users\/1142"}],"version-history":[{"count":0,"href":"https:\/\/plumvillage.org\/fr\/wp-json\/wp\/v2\/pv_event\/272102\/revisions"}],"wp:featuredmedia":[{"embeddable":true,"href":"https:\/\/plumvillage.org\/fr\/wp-json\/wp\/v2\/media\/271631"}],"wp:attachment":[{"href":"https:\/\/plumvillage.org\/fr\/wp-json\/wp\/v2\/media?parent=272102"}],"curies":[{"name":"wp","href":"https:\/\/api.w.org\/{rel}","templated":true}]}}