{"id":479192,"date":"2024-11-25T16:38:01","date_gmt":"2024-11-25T15:38:01","guid":{"rendered":"https:\/\/plumvillage.org\/?post_type=pv_event&#038;p=479192"},"modified":"2025-05-06T17:00:26","modified_gmt":"2025-05-06T15:00:26","slug":"printemps-2025-semaines-de-pratique-generale","status":"publish","type":"pv_event","link":"https:\/\/plumvillage.org\/fr\/event\/retraite-en-presentiel\/printemps-2025-semaines-de-pratique-generale","title":{"rendered":"Printemps 2025 &#8211; Semaines de pratique g\u00e9n\u00e9rale"},"content":{"rendered":"\n<blockquote class=\"wp-block-quote is-layout-flow wp-block-quote-is-layout-flow\">\n<p>Au printemps, des milliers de fleurs diff\u00e9rentes se r\u00e9veillent. Votre c\u0153ur peut lui aussi \u00e9clore. Vous pouvez laisser votre c\u0153ur s&rsquo;ouvrir au monde.<\/p>\n<cite>Thich Nhat Hanh <\/cite><\/blockquote>\n\n\n\n<p>Nous vous invitons \u00e0 participer \u00e0 la vie de notre communaut\u00e9 pendant cette p\u00e9riode de transformation et de renouveau. Rejoignez-nous pour une retraite d&rsquo;<strong>une ou deux semaines<\/strong> \u00e0 <strong>diff\u00e9rentes dates <\/strong>entre<strong> le 7 f\u00e9vrier et le 13 juin 2025<\/strong>.<\/p>\n\n\n\n<figure class=\"wp-block-image size-full\"><img loading=\"lazy\" decoding=\"async\" width=\"1024\" height=\"683\" src=\"https:\/\/plumvillage.org\/wp-content\/uploads\/2024\/11\/Spring-2025.jpg\" alt=\"\" class=\"wp-image-478720\" srcset=\"https:\/\/plumvillage.org\/wp-content\/uploads\/2024\/11\/Spring-2025.jpg 1024w, https:\/\/plumvillage.org\/wp-content\/uploads\/2024\/11\/Spring-2025-499x333.jpg 499w, https:\/\/plumvillage.org\/wp-content\/uploads\/2024\/11\/Spring-2025-768x512.jpg 768w\" sizes=\"auto, (max-width: 1024px) 100vw, 1024px\" \/><figcaption class=\"wp-element-caption\">Open to the world <\/figcaption><\/figure>\n\n\n\n<p>Pendant les semaines de <strong>pratique g\u00e9n\u00e9rale<\/strong>, les retraitant\u00b7es se joindront principalement aux activit\u00e9s de la communaut\u00e9 r\u00e9sidentielle. Il y aura \u00e9galement des sessions con\u00e7ues pour les retraitant\u00b7e\u00b7s qui sont nouvelles et nouveaux dans la pratique. <strong>Les programmes seront diff\u00e9rents de ceux des grandes et petites retraites \u00e0 th\u00e8me qui auront lieu au printemps et en \u00e9t\u00e9.<\/strong><\/p>\n\n\n\n<p>Les retraites \u00e0 th\u00e8me qui se d\u00e9rouleront au printemps seront bient\u00f4t disponibles sur le calendrier des retraites et les inscriptions seront ouvertes ult\u00e9rieurement.<\/p>\n\n\n\n<h2 class=\"wp-block-heading\">Informations compl\u00e9mentaires<\/h2>\n\n\n\n<p><strong>Veuillez noter que chaque hameau n&rsquo;accueillera pas toutes les semaines.<\/strong> Vous devrez donc v\u00e9rifier la liste des dates dans la section d&rsquo;inscription ci-dessous. Veuillez aussi noter que <a href=\"https:\/\/plumvillage.org\/fr\/a-propos\/village-des-pruniers\/nos-hameaux\" target=\"_blank\" rel=\"noreferrer noopener\">les trois hameaux sont situ\u00e9s dans des endroits diff\u00e9rents, parfois \u00e9loign\u00e9s les uns des autres.<\/a><\/p>\n\n\n\n<h4 class=\"wp-block-heading\">Quelques informations importantes avant de nous rejoindre pour une retraite<\/h4>\n\n\n\n<ul class=\"wp-block-list\">\n<li><a href=\"https:\/\/plumvillage.org\/fr\/retraites\/informations-importantes\/exemple-de-planning\">Exemple d\u2019emploi du temps<\/a><\/li>\n\n\n\n<li><a href=\"https:\/\/plumvillage.org\/fr\/a-propos\/village-des-pruniers\/nos-hameaux\" target=\"_blank\" rel=\"noreferrer noopener\">Informations sur nos hameaux<\/a><\/li>\n\n\n\n<li><a href=\"https:\/\/plumvillage.org\/fr\/retraites\/informations-importantes\/hebergement-et-prix\">H\u00e9bergement et Contribution<\/a><\/li>\n\n\n\n<li><a href=\"https:\/\/plumvillage.org\/fr\/retraites\/informations-importantes\/organisations-pratiques\">Quelques aspects pratiques, tels que : Transport, Tenues vestimentaires, qu\u2019Apporter et Repas<\/a><\/li>\n<\/ul>\n\n\n\n<h2 class=\"wp-block-heading\">Inscriptions<\/h2>\n\n\n\n<p>Veuillez noter que <strong>beaucoup d&rsquo;autres semaines de retraite sont disponibles pour ceux qui comprennent l&rsquo;anglais, <a href=\"https:\/\/plumvillage.org\/fr\/event\/retraite-en-presentiel\/printemps-2025-semaines-de-pratique-generale\" target=\"_blank\" rel=\"noreferrer noopener\">sur la version anglaise du site<\/a>.<\/strong> La grande retraite francophone annuelle se d\u00e9roulera quant \u00e0 elle du 19 au 26 avril 2025.<\/p>\n\n\n        <!--\n        <style>\n        .btn.disabled {\n            pointer-events: inherit; \n        }\n        <\/style>\n    -->\n        <style>\n            .btn {\n                --bs-btn-disabled-opacity: 0.33;\n                margin: 2px;\n            }\n\n            textarea {\n                margin: 1px;\n            }\n        <\/style>\n                <div id=\"planyo-registration\">\n            <form id=\"planyo-registration-form\">\n                <div class=\"row mb-2 g-2\" >\n                    <div class=\"col\">\n                        <div class=\"form-floating hamlet-grp\">\n                            <div class=\"questions\">\n                                Veuillez s\u00e9lectionner un hameau\u00a0:                            <\/div>\n                            <!-- Hamlet buttons -->\n                            <div class=\"btn-group\" role=\"group\">\n                                <button type='button' class='btn btn-primary hamlet-btn' data-hamlet-key='LH' >Hameau du Bas (avec les s\u0153urs)<\/button><button type='button' class='btn btn-primary hamlet-btn' data-hamlet-key='UH' >Hameau du Haut (avec les fr\u00e8res)<\/button><button type='button' class='btn btn-primary hamlet-btn' data-hamlet-key='NH' >Hameau Nouveau (avec les s\u0153urs)<\/button>                            <\/div>\n                        <\/div>\n                    <\/div>\n                <\/div>\n                <div class=\"row mb-2 g-2\" >\n                    <div class=\"col\">\n                        <div class=\"form-floating couple-grp\" style=\"display:none;\">\n                            <div class=\"questions\">\n                                Serez-vous accompagn\u00e9(e) de votre partenaire ou de membres de votre famille proche ?                            <\/div>\n                            <!-- Couple buttons -->\n                            <div class=\"btn-group\" role=\"group\">\n                                <button type=\"button\" class=\"btn btn-primary couple-btn\" data-couple=\"on\">Oui<\/button>\n                                <button type=\"button\" class=\"btn btn-primary couple-btn\" data-couple=\"off\">Non<\/button>\n                            <\/div>\n\n                        <\/div>\n                    <\/div>\n                <\/div>\n                <div class=\"row mb-2 g-2\">\n                    <div class=\"col\">\n                        <div class=\"form-floating gender-grp\" style=\"display:none;\">\n                            <div class=\"questions\">\n                                Veuillez s\u00e9lectionner l'identit\u00e9 de genre qui vous repr\u00e9sente le mieux (pour les individus) ou votre groupe (pour les couples et les familles).                            <\/div>\n                            <!-- Gender buttons -->\n                            <div class=\"btn-group\" role=\"group\">\n                                <button type=\"button\" class=\"btn btn-primary gender-btn\" data-gender=\"Female\">Femme(s)<\/button>\n                                <button type=\"button\" class=\"btn btn-primary gender-btn\" data-gender=\"Male\">Homme(s)<\/button>\n                                <button type=\"button\" class=\"btn btn-primary gender-btn\" data-gender=\"Other\">Non-binaire<\/button>\n                                <button type=\"button\" class=\"btn btn-primary gender-btn\" data-gender=\"Other\">Pr\u00e9f\u00e9rer d\u00e9crire soi-m\u00eame<\/button>\n                                <button type=\"button\" class=\"btn btn-primary gender-btn mixed-gender disabled\" data-gender=\"Mixed\" style=\"display: none;\">Groupe mixte de genres<\/button>\n                            <\/div>\n                        <\/div>\n                        <div id=\"otherGrp\" style=\"display:none;\">\n                            <textarea id=\"otherText\" placeholder=\"Please specify\"><\/textarea>\n                            <div id=\"otherMsg\" style=\"color:orange;\"><\/div>\n                        <\/div>\n                    <\/div>\n                <\/div>\n\n                <div class=\"row mb-2 g-2\">\n                    <div class=\"col\">\n                        <div class=\"form-floating groupSelection-grp\" style=\"display:none;\">\n                            <div class=\"questions\">\n                                Veuillez s\u00e9lectionner votre Famille de Partage du Dharma pr\u00e9f\u00e9r\u00e9e ci-dessous. Si vous ne pouvez pas s\u00e9lectionner votre option pr\u00e9f\u00e9r\u00e9e, revenez sur cette page ult\u00e9rieurement en cas d&#039;annulation, ou essayez une autre option \u00e0 laquelle vous seriez pr\u00eat \u00e0 vous joindre pour la retraite. Il ne sera pas possible de changer pour une option diff\u00e9rente apr\u00e8s avoir soumis votre inscription ni le jour de l&#039;arriv\u00e9e.                            <\/div>\n                            <!-- Gender buttons -->\n                            <div class=\"btn-group\" role=\"group\">\n                                                            <\/div>\n                        <\/div>\n                        <div id=\"otherGrp\" style=\"display:none;\">\n                            <textarea id=\"otherText\" placeholder=\"Please specify\"><\/textarea>\n                            <div id=\"otherMsg\" style=\"color:orange;\"><\/div>\n                        <\/div>\n                    <\/div>\n                    <div style=\"display:none;\">\n                        <span  class=\"footnote show\">Pendant les retraites sp\u00e9ciales, vous rejoindrez un petit groupe de 20 \u00e0 30 personnes pour des activit\u00e9s quotidiennes comprenant du travail de service, des repas partag\u00e9s et des discussions de groupe - le tout guid\u00e9 par un monastique ou un pratiquant exp\u00e9riment\u00e9.<\/span>\n                    <\/div>\n                <\/div>\n\n                <div class=\"row mb-2 g-2\" >\n                    <div class=\"col\">\n                        <div class=\"form-floating\">\n                            <select id=\"start-date-select\" class=\"form-control required\" required>\n                                <!-- Start dates will be added by JavaScript -->\n                            <\/select>\n                            <label for=\"start-date-select\">S\u00e9lectionnez votre date de d\u00e9but :<\/label>\n                        <\/div>\n                    <\/div>\n                    <div class=\"col\">\n                        <div class=\"form-floating\">\n                            <select id=\"end-date-select\" class=\"form-control required \" required>\n                                <!-- End dates will be added by JavaScript -->\n                            <\/select>\n                            <label for=\"end-date-select\">S\u00e9lectionnez votre date de fin :<\/label>\n                        <\/div>\n                    <\/div>\n                <\/div>\n\n                <!-- Add the spinner container -->\n                <div id=\"loading-spinner\" style=\"display:none; text-align: center;\">\n                    <div class=\"spinner\"><\/div>\n                <\/div>\n                <!-- Price Tier Selection -->\n                <div class=\"totalUnavailable-message\"><\/div>\n\n                <!-- Price Tier Selection -->\n                <div class=\"pricing-group-wrapper mb-4\" style=\"display:none\">\n                    <h3>Veuillez s\u00e9lectionner votre niveau de contribution :<span class=\"footnote show\">\u00ab Notre nouvelle tarification \u00e9chelonn\u00e9e rend les retraites plus accessibles et \u00e9largit nos bourses, tout en soutenant l'\u0153uvre du Village des Pruniers dans le monde. Ces frais couvrent l'h\u00e9bergement, les repas, les installations de la retraite, l'entretien du domaine, ainsi qu'une contribution \u00e0 la communaut\u00e9 des enseignants. Votre g\u00e9n\u00e9rosit\u00e9 soutient \u00e9galement la formation des monastiques, les b\u00e9n\u00e9voles et les autres participants \u00e0 la retraite. Merci de bien vouloir choisir le tarif le plus \u00e9lev\u00e9 que vous pouvez offrir. \u00bb<\/span><\/h3>\n                    <div class=\"pricing-group registration-content\">\n                        <!-- Supporting Option -->\n                        <div class=\"pricing-option\">\n                            <div class=\"pricing-header\">\n                                <h4>G\u00e9n\u00e9reux<\/h4>\n                                <p>Votre g\u00e9n\u00e9reuse contribution aide \u00e0 financer des projets essentiels et \u00e0 maintenir un espace accueillant pour tous.<\/p>\n                                <div class=\"price\"><\/div> <!-- Price placeholder -->\n                                <div class=\"availability places-left\"><\/div> <!-- Availability placeholder -->\n                                <div class=\"unavailable-message\"><\/div>\n                            <\/div>\n\n                            <button type='button' class='btn btn-primary price-tier-btn' data-price-tier='Supporting'>Choisir G\u00e9n\u00e9reux<\/button>\n\n\n                        <\/div>\n                        <!-- Sustaining Option (Default) -->\n                        <div class=\"pricing-option\">\n                            <div class=\"pricing-header\">\n                                <h4>Soutien<\/h4>\n                                <p>Ce tarif couvre enti\u00e8rement vos frais de retraite et contribue \u00e0 la formation monastique, \u00e0 l'entretien des installations et \u00e0 notre travail engag\u00e9 dans le monde.<\/p>\n                                <div class=\"price\"><\/div> <!-- Price placeholder -->\n\n                                <div class=\"availability places-left\"><\/div> <!-- Availability placeholder -->\n                                <div class=\"unavailable-message\"><\/div>\n                            <\/div>\n\n                            <button type='button' class='btn btn-primary price-tier-btn' data-price-tier='Sustaining'>Choisir Soutien<\/button>\n                        <\/div>\n                        <!-- Basic Option -->\n                        <div class=\"pricing-option\">\n                            <div class=\"pricing-header\">\n                                <h4>R\u00e9duit<\/h4>\n                                <p>Couvrir les co\u00fbts superficiels de votre retraite. Nous proposons ce tarif pour rendre nos retraites accessibles \u00e0 tous. Les places sont limit\u00e9es, et nous vous encourageons \u00e0 choisir cette option uniquement si le tarif de maintien d\u00e9passe vos moyens.<\/p>\n                                <div class=\"price\"><\/div> <!-- Price placeholder -->\n\n                                <div class=\"availability places-left\"><\/div> <!-- Availability placeholder -->\n                                <div class=\"unavailable-message\"><\/div>\n                            <\/div>\n                            <button type='button' class='btn btn-primary price-tier-btn' data-price-tier='Basic'>Choisir R\u00e9duit<\/button>\n                        <\/div>\n                        <!-- Scholarship Option -->\n                        <div class=\"pricing-option\">\n                            <div class=\"pricing-header\">\n                                <h4>Bourse<\/h4>\n                                <p>Pour ceux qui ont besoin d'une assistance financi\u00e8re. Ce tarif r\u00e9duit est disponible gr\u00e2ce \u00e0 la g\u00e9n\u00e9rosit\u00e9 des autres retraitants. La disponibilit\u00e9 est limit\u00e9e.<\/p>\n                                <div class=\"price\"><\/div> <!-- Price placeholder -->\n                                <div class=\"availability places-left\"><\/div> <!-- Availability placeholder -->\n                                <div class=\"unavailable-message\"><\/div>\n                            <\/div>\n                            <div>\n                                <button type='button' class='btn btn-primary price-tier-btn' data-price-tier='Scholarship'>Choisir Bourse<\/button>\n                            <\/div>\n                        <\/div>\n\n                    <\/div>\n                <\/div>\n\n                <div class=\"row mb-2 g-2\">\n                    <div class=\"col\">\n                        <div id=\"error-msg\" style=\"display:none; color:red;\"><\/div>\n                    <\/div>\n                <\/div>\n\n                <div class=\"row mb-2 g-2 availability-search\" style=\"display: none\">\n                    <div class=\"col\">\n                        <button type=\"submit\" class=\"btn btn-primary \">Voir les disponibilit\u00e9s<\/button>\n                    <\/div>\n                <\/div>\n            <\/form>\n        <\/div>\n\n\n\n\n\n\n<p><\/p>\n\n\n\n<p><strong>D&rsquo;autres semaines de retraite sont disponibles pour ceux qui comprennent l&rsquo;anglais, <a href=\"https:\/\/plumvillage.org\/fr\/event\/retraite-en-presentiel\/printemps-2025-semaines-de-pratique-generale\" target=\"_blank\" rel=\"noreferrer noopener\">sur la version anglaise du site<\/a>.<\/strong><\/p>\n","protected":false},"excerpt":{"rendered":"<p>Nous vous invitons \u00e0 participer \u00e0 la vie de notre communaut\u00e9 pendant cette p\u00e9riode de transformation et de renouveau. Rejoignez-nous pour une retraite d&rsquo;une ou deux semaines \u00e0 diff\u00e9rentes dates entre le 7 f\u00e9vrier et le 13 juin 2025.<\/p>\n","protected":false},"author":2006,"featured_media":478724,"parent":0,"menu_order":0,"template":"","meta":{"_acf_changed":false,"sync_status":"","episode_type":"","audio_file":"","podmotor_file_id":"","podmotor_episode_id":"","castos_file_data":"","cover_image":"","cover_image_id":"","duration":"","filesize":"","filesize_raw":"","date_recorded":"","explicit":"","block":"","itunes_episode_number":"","itunes_title":"","itunes_season_number":"","itunes_episode_type":"","ep_exclude_from_search":false,"footnotes":""},"class_list":["post-479192","pv_event","type-pv_event","status-publish","has-post-thumbnail","hentry"],"acf":[],"pv_custom_fields":{"locations":["Le Village des Pruniers - Europe"],"status":"EventScheduled","custom_status":"","start_date":1746748800,"end_date":1749772800,"registration_open":1733148000,"external_link":"","featured_image":"https:\/\/plumvillage.org\/wp-content\/uploads\/2024\/11\/Spring-2025-480x290.jpg","is_translated":478500,"post_language":"fr","hidden":false,"event_type":4282},"_links":{"self":[{"href":"https:\/\/plumvillage.org\/fr\/wp-json\/wp\/v2\/pv_event\/479192","targetHints":{"allow":["GET"]}}],"collection":[{"href":"https:\/\/plumvillage.org\/fr\/wp-json\/wp\/v2\/pv_event"}],"about":[{"href":"https:\/\/plumvillage.org\/fr\/wp-json\/wp\/v2\/types\/pv_event"}],"author":[{"embeddable":true,"href":"https:\/\/plumvillage.org\/fr\/wp-json\/wp\/v2\/users\/2006"}],"version-history":[{"count":5,"href":"https:\/\/plumvillage.org\/fr\/wp-json\/wp\/v2\/pv_event\/479192\/revisions"}],"predecessor-version":[{"id":514641,"href":"https:\/\/plumvillage.org\/fr\/wp-json\/wp\/v2\/pv_event\/479192\/revisions\/514641"}],"wp:featuredmedia":[{"embeddable":true,"href":"https:\/\/plumvillage.org\/fr\/wp-json\/wp\/v2\/media\/478724"}],"wp:attachment":[{"href":"https:\/\/plumvillage.org\/fr\/wp-json\/wp\/v2\/media?parent=479192"}],"curies":[{"name":"wp","href":"https:\/\/api.w.org\/{rel}","templated":true}]}}