{"id":490883,"date":"2024-12-27T15:17:33","date_gmt":"2024-12-27T14:17:33","guid":{"rendered":"https:\/\/plumvillage.org\/?post_type=pv_event&#038;p=490883"},"modified":"2024-12-27T15:22:19","modified_gmt":"2024-12-27T14:22:19","slug":"explorer-la-vie-monastique-a-7-day-retreat-for-temporary-ordination","status":"publish","type":"pv_event","link":"https:\/\/plumvillage.org\/fr\/event\/retraite-en-presentiel\/explorer-la-vie-monastique-a-7-day-retreat-for-temporary-ordination","title":{"rendered":"Explorer la Vie Monastique: Une retraite de 7 jours avec ordination temporaire"},"content":{"rendered":"\n<p>L&rsquo;Institut europ\u00e9en pour le bouddhisme appliqu\u00e9 de Waldbr\u00f6l organise un <em>cours sur la vie monastique heureu<\/em>se du 3 au 10 juin 2025.<\/p>\n\n\n\n<p>Pendant cette retraite de 7 jours, les participant\u00b7es porteront les m\u00eames robes, suivront les m\u00eames pratiques et s&rsquo;engageront dans les m\u00eames rituels que les moines et les nonnes. Ensemble, nous r\u00e9citerons des sutras, \u00e9couterons le Dharma, observerons les r\u00e8gles de la pleine conscience, m\u00e9diterons pour gagner en clart\u00e9, en perspicacit\u00e9 et en sagesse, et prendrons mieux soin de nos souffrances.<\/p>\n\n\n\n<p>Apr\u00e8s la retraite, nous retournerons \u00e0 notre vie quotidienne, mais les beaux souvenirs de cette p\u00e9riode en tant que moines et nonnes resteront dans nos c\u0153urs. Cette exp\u00e9rience renforcera notre engagement \u00e0 pratiquer le Noble Octuple Sentier, nous guidant vers une vie paisible et heureuse.<\/p>\n\n\n\n<p><strong>Cette retraite est pr\u00e9vue en anglais et en vietnamien. Cependant, si un nombre important de francophones y participent, nous ferons de notre mieux pour offrir une traduction en fran\u00e7ais.<\/strong><\/p>\n\n\n\n<h2 class=\"wp-block-heading\">Plus d&rsquo;information<\/h2>\n\n\n\n<ul class=\"wp-block-list\">\n<li>Date : du 3 au 10 juin 2025<\/li>\n\n\n\n<li><a href=\"https:\/\/www.eiab.eu\/courses-1\/retreat%3A-ordination-f\u00fcr-m\u00f6nche-bzw.-nonnen-auf-zeit----ordination-for-temporary-monks-or-nuns-for-the-period----khoa-tu-xuat-gia-gieo-duyen\/k2523-1\" data-type=\"link\" data-id=\"https:\/\/www.eiab.eu\/courses-1\/retreat%3A-ordination-f\u00fcr-m\u00f6nche-bzw.-nonnen-auf-zeit----ordination-for-temporary-monks-or-nuns-for-the-period----khoa-tu-xuat-gia-gieo-duyen\/k2523-1\">Cliquer ici pour s&rsquo;inscrire<\/a><\/li>\n<\/ul>\n\n\n\n<figure class=\"wp-block-image size-large\"><img loading=\"lazy\" decoding=\"async\" width=\"1024\" height=\"683\" src=\"https:\/\/plumvillage.org\/wp-content\/uploads\/2024\/11\/449464684_879566464211255_5417825646771184398_n-1024x683.jpg\" alt=\"\" class=\"wp-image-480160\" srcset=\"https:\/\/plumvillage.org\/wp-content\/uploads\/2024\/11\/449464684_879566464211255_5417825646771184398_n-1024x683.jpg 1024w, https:\/\/plumvillage.org\/wp-content\/uploads\/2024\/11\/449464684_879566464211255_5417825646771184398_n-499x333.jpg 499w, https:\/\/plumvillage.org\/wp-content\/uploads\/2024\/11\/449464684_879566464211255_5417825646771184398_n-768x512.jpg 768w, https:\/\/plumvillage.org\/wp-content\/uploads\/2024\/11\/449464684_879566464211255_5417825646771184398_n-1536x1024.jpg 1536w, https:\/\/plumvillage.org\/wp-content\/uploads\/2024\/11\/449464684_879566464211255_5417825646771184398_n.jpg 2048w\" sizes=\"auto, (max-width: 1024px) 100vw, 1024px\" \/><\/figure>\n\n\n\n<p><\/p>\n","protected":false},"excerpt":{"rendered":"<p>Pendant cette retraite de 7 jours, les participant\u00b7es porteront les m\u00eames robes, suivront les m\u00eames pratiques et s&rsquo;engageront dans les m\u00eames rituels que les moines et les nonnes. Ensemble, nous r\u00e9citerons des sutras, \u00e9couterons le Dharma, observerons les r\u00e8gles de la pleine conscience, m\u00e9diterons pour gagner en clart\u00e9, en perspicacit\u00e9 et en sagesse, et prendrons mieux soin de nos souffrances.<\/p>\n","protected":false},"author":2665,"featured_media":480164,"parent":0,"menu_order":0,"template":"","meta":{"_acf_changed":false,"sync_status":"","episode_type":"","audio_file":"","podmotor_file_id":"","podmotor_episode_id":"","castos_file_data":"","cover_image":"","cover_image_id":"","duration":"","filesize":"","filesize_raw":"","date_recorded":"","explicit":"","block":"","itunes_episode_number":"","itunes_title":"","itunes_season_number":"","itunes_episode_type":"","ep_exclude_from_search":false,"footnotes":""},"class_list":["post-490883","pv_event","type-pv_event","status-publish","has-post-thumbnail","hentry"],"acf":[],"pv_custom_fields":{"locations":["EIAB - Europe"],"status":"EventScheduled","custom_status":"","start_date":1748908800,"end_date":1749513600,"registration_open":1735167600,"external_link":"","featured_image":"https:\/\/plumvillage.org\/wp-content\/uploads\/2024\/11\/449464684_879566464211255_5417825646771184398_n-480x290.jpg","is_translated":480143,"post_language":"fr","hidden":false,"event_type":4282},"_links":{"self":[{"href":"https:\/\/plumvillage.org\/fr\/wp-json\/wp\/v2\/pv_event\/490883","targetHints":{"allow":["GET"]}}],"collection":[{"href":"https:\/\/plumvillage.org\/fr\/wp-json\/wp\/v2\/pv_event"}],"about":[{"href":"https:\/\/plumvillage.org\/fr\/wp-json\/wp\/v2\/types\/pv_event"}],"author":[{"embeddable":true,"href":"https:\/\/plumvillage.org\/fr\/wp-json\/wp\/v2\/users\/2665"}],"version-history":[{"count":5,"href":"https:\/\/plumvillage.org\/fr\/wp-json\/wp\/v2\/pv_event\/490883\/revisions"}],"predecessor-version":[{"id":491632,"href":"https:\/\/plumvillage.org\/fr\/wp-json\/wp\/v2\/pv_event\/490883\/revisions\/491632"}],"wp:featuredmedia":[{"embeddable":true,"href":"https:\/\/plumvillage.org\/fr\/wp-json\/wp\/v2\/media\/480164"}],"wp:attachment":[{"href":"https:\/\/plumvillage.org\/fr\/wp-json\/wp\/v2\/media?parent=490883"}],"curies":[{"name":"wp","href":"https:\/\/api.w.org\/{rel}","templated":true}]}}