{"id":505448,"date":"2025-01-31T23:46:12","date_gmt":"2025-01-31T22:46:12","guid":{"rendered":"https:\/\/plumvillage.org\/event\/retreat\/volunteer2025"},"modified":"2025-04-26T22:23:10","modified_gmt":"2025-04-26T20:23:10","slug":"volunteer2025","status":"publish","type":"pv_event","link":"https:\/\/plumvillage.org\/fr\/event\/benevolat-2\/volunteer2025","title":{"rendered":"Volunteer \/ B\u00e9n\u00e9vole au monast\u00e8re de la Source Gu\u00e9rissante"},"content":{"rendered":"\n<div class=\"wp-block-buttons is-layout-flex wp-block-buttons-is-layout-flex\">\n<div class=\"wp-block-button\"><a class=\"wp-block-button__link wp-element-button\" href=\"https:\/\/plumvillage.org\/event\/volunteering\/volunteer-wake-up-5day#en-francais\">en Fran\u00e7ais <\/a><\/div>\n<\/div>\n\n\n\n<div class=\"jump-to align\" id=\"english\">\n\t<hr>\n\t<span class=\"jump-to-text\"><span class=\"label\">Allez vers <span class=\"icon icon-arrow-tiny\"><\/span><\/span>\n\t\t<a class=\"active\" href=\"#english\">English <\/a>, <a  href=\"#en-francais\">En Fran\u00e7ais <\/a><\/span>\n<\/div>\n\n\n<h2 class=\"wp-block-heading\">Invitation <\/h2>\n\n\n\n<div class=\"wp-block-group is-layout-constrained wp-block-group-is-layout-constrained\">\n<p>Dear Friend, <\/p>\n<\/div>\n\n\n\n<p>We would like to invite you to help create a supportive environment for participants of the retreat, at <strong>Healing Spring Monastery<\/strong>. The volunteer program is itself a retreat focused on mindful service, offering a valuable opportunity to practice mindfulness of the body, feelings, mental formations, and perceptions.<\/p>\n\n\n\n<div class=\"wp-block-group is-layout-constrained wp-block-group-is-layout-constrained\">\n<div class=\"wp-block-group is-layout-constrained wp-block-group-is-layout-constrained\">\n<h2 class=\"wp-block-heading\">Wake Up Retreat (5-Day)<\/h2>\n<\/div>\n\n\n\n<div class=\"wp-block-group is-layout-constrained wp-block-group-is-layout-constrained\">\n<ul class=\"wp-block-list\">\n<li><strong>20 &#8211; 24 June<\/strong> : Wake Up retreat <strong><mark style=\"background-color:rgba(0, 0, 0, 0)\" class=\"has-inline-color has-earth-color\">in English <\/mark><\/strong><\/li>\n<\/ul>\n<\/div>\n<\/div>\n\n\n\n<ul class=\"wp-block-list\">\n<li><strong>27 June &#8211; 01 July<\/strong> : Wake Up retreat <strong><mark style=\"background-color:rgba(0, 0, 0, 0)\" class=\"has-inline-color has-earth-color\">in English<\/mark><\/strong><\/li>\n<\/ul>\n\n\n\n<h2 class=\"wp-block-heading\">Theme Retreats in Summer <\/h2>\n\n\n\n<div class=\"wp-block-group is-nowrap is-layout-flex wp-container-core-group-is-layout-ad2f72ca wp-block-group-is-layout-flex\">\n<ul class=\"wp-block-list\">\n<li><strong>Jul 10 \u2013 Jul 16,<\/strong>&nbsp;(7 days) Meditation &amp; Hiking Retreat&nbsp;<strong><mark style=\"background-color:rgba(0, 0, 0, 0)\" class=\"has-inline-color has-earth-color\">in English<\/mark><\/strong>&nbsp;<\/li>\n\n\n\n<li><strong>Jul 24 \u2013 Jul 30&nbsp;<\/strong>(7 days) Meditation &amp; Tai Chi Retreat,<mark style=\"background-color:rgba(0, 0, 0, 0)\" class=\"has-inline-color has-earth-color\">&nbsp;<strong>in French<\/strong><\/mark>&nbsp;<\/li>\n\n\n\n<li><strong>Aug 01 \u2013 Aug 06<\/strong>, (6 days) Educator Retreat&nbsp;<strong><mark style=\"background-color:rgba(0, 0, 0, 0)\" class=\"has-inline-color has-earth-color\">in English<\/mark><\/strong><\/li>\n<\/ul>\n<\/div>\n\n\n\n<p><\/p>\n\n\n\n<div class=\"wp-block-group is-layout-constrained wp-block-group-is-layout-constrained\">\n<p><strong>The arrival day for volunteers<\/strong>: (2 day before the retreat starts)<\/p>\n<\/div>\n\n\n\n<p><strong>The departure day of volunteers<\/strong> : (1 day after the retreat ends)<\/p>\n\n\n\n<div class=\"wp-block-group is-layout-constrained wp-block-group-is-layout-constrained\">\n<div class=\"wp-block-group is-layout-constrained wp-block-group-is-layout-constrained\">\n<p><strong>Venue<\/strong> : <strong><mark style=\"background-color:rgba(0, 0, 0, 0)\" class=\"has-inline-color has-stamp-color\">Healing Spring Monastery<\/mark><\/strong> <a href=\"https:\/\/sourceguerissante.fr\/comment-venir\/\">(<\/a><a href=\"https:\/\/plumvillage.org\/fr\/practice-centre\/monastere-de-la-source-guerissante#location\">map<\/a><a href=\"https:\/\/sourceguerissante.fr\/comment-venir\/\">)<\/a><\/p>\n<\/div>\n\n\n\n<ul class=\"wp-block-list\">\n<li><sub><em>Smoking cigarettes or electronic cigarette, consuming alcohol<\/em> or <em>recreational drugs are prohibited<\/em> <em>in the monastery<\/em> <\/sub><\/li>\n\n\n\n<li><em><sub>The monastery doesn&rsquo;t provide shuttles from the train station, <a href=\"https:\/\/plumvillage.org\/fr\/practice-centre\/monastere-de-la-source-guerissante#location\">you may want to check the traveling possibilities at our website <\/a><\/sub><\/em><\/li>\n<\/ul>\n\n\n\n<p><\/p>\n<\/div>\n\n\n\n<p><strong>Accommodation : <\/strong>Camping at the monastery with your own camping gear, as the monastery does not provide camping equipment. A limited number of Dormitory is available only for cooking volunteer.<\/p>\n\n\n\n<p>In this retreat  all gender identities are welcomed<\/p>\n\n\n\n<p><strong>General<\/strong> <strong>Service<\/strong> <strong>volunteer<\/strong>: Assisting with the coordination of daily logistics and cleaning alongside participants, including tasks such as chopping vegetables, managing the tea table, maintaining toilets, arranging chairs, washing pots, and sterilizing plates.<\/p>\n\n\n\n<p><strong>Cooking volunteer<\/strong> : you can be the chef (main cook) or Helping the chef<\/p>\n\n\n\n<p><strong>Contribution<\/strong>: donation based, suggestion 50\u20ac\/1 retreat<\/p>\n\n\n\n<div class=\"wp-block-group is-layout-constrained wp-block-group-is-layout-constrained\">\n<p>If you feel that you meet the description below, we kindly invite you to apply to become a volunteer.<\/p>\n\n\n\n<p><mark style=\"background-color:rgba(0, 0, 0, 0)\" class=\"has-inline-color has-earth-color\"><strong>This is our general description : <\/strong><\/mark><\/p>\n<\/div>\n\n\n\n<ol class=\"wp-block-list\">\n<li>You <strong>participated in a retreat<\/strong> at any Hamlet in the Plum Village Center in Dordogne and\/or at Healing Spring Monastery.<\/li>\n\n\n\n<li>You must be <strong>physically, mentally &amp; emotionally stable<\/strong> to support these retreats, because the monastic community is very small and will fully focus on the retreat.<\/li>\n\n\n\n<li>If you want serve <strong>the retreats in all languages<\/strong>, You must be bilingual (English and French), <em>except cooking volunteers<\/em>.<\/li>\n\n\n\n<li>Ability to <strong>listen deeply to others<\/strong> and <strong>be open<\/strong> to the ideas of others<\/li>\n\n\n\n<li>Being mindful and <strong>keeping calm<\/strong> even in difficult situations<\/li>\n\n\n\n<li>Capable for <strong>teamwork<\/strong><\/li>\n\n\n\n<li><strong>Capable of guiding<\/strong> a group in work<\/li>\n\n\n\n<li><strong>Responsible, diligent, and thorough<\/strong> in your service<\/li>\n\n\n\n<li>Creative and energetic<\/li>\n<\/ol>\n\n\n\n<div class=\"wp-block-group is-layout-constrained wp-block-group-is-layout-constrained\">\n<p><strong><mark style=\"background-color:rgba(0, 0, 0, 0)\" class=\"has-inline-color has-earth-color\">Special description: <\/mark><\/strong><\/p>\n<\/div>\n\n\n\n<ol class=\"wp-block-list\">\n<li><strong>Wake Up Retreat<\/strong>: You must be 18-40 years old, <em>except cooking volunteers<\/em> can be more than 40 years old.<\/li>\n\n\n\n<li><strong>Themed Retreat in<\/strong> <strong>July &amp; Aug<\/strong>: You must be 18 years old and above.<\/li>\n<\/ol>\n\n\n\n<p>You must self organized your visa if you need visa to stay in France.<\/p>\n\n\n\n<p>Thank you very much for your generosity &amp; support.<\/p>\n\n\n\n<div class=\"wp-block-group is-layout-constrained wp-block-group-is-layout-constrained\">\n<h2 class=\"wp-block-heading\">Apply to be Volunteer (General service)<\/h2>\n<\/div>\n\n\n\n<div class=\"wp-block-buttons is-layout-flex wp-block-buttons-is-layout-flex\">\n<div class=\"wp-block-button\"><a class=\"wp-block-button__link wp-element-button\" href=\"https:\/\/forms.gle\/j6ufVunj5W2Egn7P9\">WAKE UP RETREAT<\/a><\/div>\n\n\n\n<div class=\"wp-block-button\"><a class=\"wp-block-button__link wp-element-button\" href=\"https:\/\/forms.gle\/RGKYNwoJ39b58Vbx7\">THEMED RETREATS : Hiking, Tai Chi, Education <\/a><\/div>\n<\/div>\n\n\n\n<p><sup>Themed retreat: Hiking, Tai Chi, Educator<\/sup><\/p>\n\n\n\n<div class=\"wp-block-group is-nowrap is-layout-flex wp-container-core-group-is-layout-ad2f72ca wp-block-group-is-layout-flex\">\n<h2 class=\"wp-block-heading\">Apply to be Cooking volunteer<\/h2>\n<\/div>\n\n\n\n<div class=\"wp-block-group is-layout-constrained wp-block-group-is-layout-constrained\">\n<p><em>(All the retreats) : wake up, hiking, Tai Chi, Educat<\/em>or<\/p>\n<\/div>\n\n\n\n<div class=\"wp-block-buttons is-layout-flex wp-block-buttons-is-layout-flex\">\n<div class=\"wp-block-button\"><a class=\"wp-block-button__link wp-element-button\" href=\"https:\/\/forms.gle\/oj9ndZy17ZBcL7U57\">COOKING VOLUNTEER<\/a><\/div>\n<\/div>\n\n\n\n<p><em>Once you sign up,  you will be guided through the whole process step by step.<\/em><\/p>\n\n\n\n<div class=\"wp-block-group is-layout-constrained wp-block-group-is-layout-constrained\">\n<p><em>Important information :&nbsp;<\/em><\/p>\n<\/div>\n\n\n\n<ul class=\"wp-block-list\">\n<li><em><a href=\"https:\/\/plumvillage.org\/fr\/conditions-generales-dutilisation\">Terms and condition<\/a><\/em>s<\/li>\n\n\n\n<li><em><a href=\"https:\/\/plumvillage.org\/fr\/retraites\/informations-importantes\/hebergement-et-prix#cancellation\">Refund policy<\/a><\/em><\/li>\n\n\n\n<li><em><a href=\"https:\/\/plumvillage.org\/fr\/le-monastere-de-la-source-guerissante-les-articles-a-apporter\">What to bring<\/a><\/em><\/li>\n\n\n\n<li><em><a href=\"https:\/\/plumvillage.org\/fr\/practice-centre\/monastere-de-la-source-guerissante#location\">How to get to the monastery&nbsp;<\/a><\/em><\/li>\n<\/ul>\n\n\n\n<pre class=\"wp-block-verse\">Wake Up Retreat: <em>This is an Affinity Retreat for young people, If you are not in this age range<\/em><em>, Please don't be sad, you may choose another general weekend retreat . Healing Spring Monastery offers retreats almost every weekend. Thank you for your understanding and your support for our young friends.<\/em><\/pre>\n\n\n\n<div class=\"jump-to align\" id=\"en-francais\">\n\t<hr>\n\t<span class=\"jump-to-text\"><span class=\"label\">Allez vers <span class=\"icon icon-arrow-tiny\"><\/span><\/span>\n\t\t<a  href=\"#english\">English <\/a>, <a class=\"active\" href=\"#en-francais\">En Fran\u00e7ais <\/a><\/span>\n<\/div>\n\n\n<h2 class=\"wp-block-heading\">Invitation <\/h2>\n\n\n\n<div class=\"wp-block-group is-layout-constrained wp-block-group-is-layout-constrained\">\n<p>Cher(e) ami(e),<\/p>\n<\/div>\n\n\n\n<p>Nous aimerions vous inviter \u00e0 nous aider \u00e0 cr\u00e9er un environnement propice pour les participants des retraites au <strong>Monast\u00e8re de la Source Gu\u00e9rissante<\/strong>. Le programme de b\u00e9n\u00e9volat est lui-m\u00eame une retraite ax\u00e9e sur le service en pleine conscience, offrant une occasion pr\u00e9cieuse de pratiquer la pleine conscience du corps, des sensations, des formations mentales et des perceptions.<\/p>\n\n\n\n<h2 class=\"wp-block-heading\">Retraite Wake Up &#8211; 5 jours <\/h2>\n\n\n\n<ul class=\"wp-block-list\">\n<li><strong>20 \u2013 24 juin<\/strong> : Retraite Wake Up <mark style=\"background-color:rgba(0, 0, 0, 0)\" class=\"has-inline-color has-earth-color\"><strong>en fran\u00e7ais.<\/strong><\/mark><\/li>\n\n\n\n<li><strong>27 juin \u2013 01 juillet<\/strong> : Retraite Wake Up <mark style=\"background-color:rgba(0, 0, 0, 0)\" class=\"has-inline-color has-earth-color\"><strong>en anglais.<\/strong><\/mark><\/li>\n<\/ul>\n\n\n\n<div class=\"wp-block-group is-layout-constrained wp-block-group-is-layout-constrained\">\n<h2 class=\"wp-block-heading\">Retraites Th\u00e9matiques dans l&rsquo;\u00e9t\u00e9 <\/h2>\n<\/div>\n\n\n\n<ul class=\"wp-block-list\">\n<li><strong>10 \u2013 16 juil<\/strong>, (7 jours) Meditation &amp; Randonn\u00e9e&nbsp;<strong><mark style=\"background-color:rgba(0, 0, 0, 0)\" class=\"has-inline-color has-earth-color\">en Anglais<\/mark><\/strong>&nbsp;<\/li>\n\n\n\n<li><strong>24 \u2013 30 Juil&nbsp;<\/strong>(7 jours) M\u00e9ditation &amp; Tai chi <strong><mark style=\"background-color:rgba(0, 0, 0, 0)\" class=\"has-inline-color has-earth-color\">en Fran\u00e7ais<\/mark><\/strong>&nbsp;<\/li>\n\n\n\n<li><strong>01 \u2013 06 ao\u00fbt&nbsp;<\/strong>(6 jours) pour les professionnels de l\u2019\u00e9ducation&nbsp;<strong><mark style=\"background-color:rgba(0, 0, 0, 0)\" class=\"has-inline-color has-earth-color\">en Anglais <\/mark><\/strong><\/li>\n<\/ul>\n\n\n\n<p><\/p>\n\n\n\n<p><strong>Jour d&rsquo;arriv\u00e9e des b\u00e9n\u00e9voles<\/strong> : (3 jours avant le d\u00e9but de la retraite)<br><strong>Jour de d\u00e9part des b\u00e9n\u00e9voles<\/strong> : (1 jour apr\u00e8s la fin de la retraite)<\/p>\n\n\n\n<div class=\"wp-block-group is-layout-constrained wp-block-group-is-layout-constrained\">\n<p><strong>Lieu<\/strong> : <strong><mark style=\"background-color:rgba(0, 0, 0, 0)\" class=\"has-inline-color has-stamp-color\">Monast\u00e8re de la Source Gu\u00e9rissante<\/mark><\/strong> <a href=\"https:\/\/plumvillage.org\/fr\/practice-centre\/monastere-de-la-source-guerissante#localisation\">(carte)<\/a><\/p>\n<\/div>\n\n\n\n<ul class=\"wp-block-list\">\n<li><em><sub>Fumer des cigarettes ou des cigarettes \u00e9lectroniques, consommer de l&rsquo;alcool ou des drogues r\u00e9cr\u00e9atives est interdit dans le monast\u00e8re.<\/sub><\/em><\/li>\n\n\n\n<li><em><sub>Le monast\u00e8re ne fournit pas de navette depuis la gare, <\/sub><\/em><a href=\"https:\/\/plumvillage.org\/fr\/practice-centre\/monastere-de-la-source-guerissante#localisation\"><em><sub>vous pouvez consulter les informations de transport sur notre site.<\/sub><\/em><br><\/a><\/li>\n<\/ul>\n\n\n\n<p><strong>H\u00e9bergement<\/strong> : Camping au monast\u00e8re avec votre propre mat\u00e9riel de camping, car le monast\u00e8re ne fournit pas d&rsquo;\u00e9quipement.Un nombre limit\u00e9 de dortoirs est disponible uniquement pour les b\u00e9n\u00e9voles en cuisine.<\/p>\n\n\n\n<p>Dans cette retraite, le monast\u00e8re accueillera toutes les identit\u00e9s de genre.<\/p>\n\n\n\n<p><strong>B\u00e9n\u00e9vole du Service<\/strong> <strong>de la Retraite<\/strong>: Aider \u00e0 la coordination de la logistique quotidienne et au nettoyage avec les participants, y compris des t\u00e2ches telles que couper les l\u00e9gumes, g\u00e9rer la table \u00e0 th\u00e9, entretenir les toilettes, organiser les chaises, laver les casseroles et st\u00e9riliser les assiettes.<\/p>\n\n\n\n<p><strong>B\u00e9n\u00e9vole de cuisinier<\/strong>: vous pouvez \u00eatre le chef (cuisinier principal) ou aider le chef<\/p>\n\n\n\n<p><strong>Contribution<\/strong> : Bas\u00e9e sur les dons, suggestion, 50\u20ac \/ 1 retraite<\/p>\n\n\n\n<p>Si vous pensez correspondre \u00e0 la description ci-dessous, nous vous invitons chaleureusement \u00e0 postuler pour devenir b\u00e9n\u00e9vole<\/p>\n\n\n\n<div class=\"wp-block-group is-layout-constrained wp-block-group-is-layout-constrained\">\n<p><mark style=\"background-color:rgba(0, 0, 0, 0)\" class=\"has-inline-color has-earth-color\"><strong>Les descriptions g\u00e9n\u00e9rales <\/strong><\/mark>: <\/p>\n<\/div>\n\n\n\n<ol class=\"wp-block-list\">\n<li><strong>Vous avez particip\u00e9<\/strong> \u00e0 une retraite dans un hameau du Centre du Village des Pruniers en Dordogne et\/ou au Monast\u00e8re de la Source Gu\u00e9rissante.<\/li>\n\n\n\n<li>Vous devez \u00eatre <strong>physiquement, mentalement et \u00e9motionnellement stable<\/strong> pour soutenir ces retraites, car la communaut\u00e9 monastique est tr\u00e8s petite et se concentrera pleinement sur la retraite.<\/li>\n\n\n\n<li>Si vous voulez servir dans <strong>la retraite en fran\u00e7ais et en anglais<\/strong>, Vous devez \u00eatre bilingue (anglais et fran\u00e7ais) , <em>Sauf pour le b\u00e9n\u00e9vole en cuisine<\/em>.<\/li>\n\n\n\n<li>Capacit\u00e9 \u00e0 <strong>\u00e9couter en pleine conscience<\/strong> les autres et \u00e0 \u00eatre ouvert.e aux id\u00e9es des autres<\/li>\n\n\n\n<li>\u00catre attentif et <strong>garder son calme<\/strong> m\u00eame dans les situations difficiles<\/li>\n\n\n\n<li><strong>Capable de collaborer<\/strong> dans les services en \u00e9quipe\/groupe (teamwork).<\/li>\n\n\n\n<li><strong>Capable de coordonner<\/strong> un groupe pour le service<\/li>\n\n\n\n<li><strong>Responsable, diligent et bienveillant.e<\/strong> dans votre service.<\/li>\n\n\n\n<li>Cr\u00e9atif et \u00e9nergique.<\/li>\n<\/ol>\n\n\n\n<p><strong><mark style=\"background-color:rgba(0, 0, 0, 0)\" class=\"has-inline-color has-earth-color\">Les descriptions sp\u00e9ciaux : <\/mark><\/strong><\/p>\n\n\n\n<ol class=\"wp-block-list\">\n<li><strong>Le<\/strong> <strong>Wake Up <\/strong>: Vous devez avoir entre 18 et 40 ans, sauf que les b\u00e9n\u00e9voles en cuisine peuvent avoir plus de 40 ans.<\/li>\n\n\n\n<li><strong>Retraite th\u00e9matique en juillet et ao\u00fbt<\/strong>: Vous devez avoir 18 ans et plus.<\/li>\n<\/ol>\n\n\n\n<p>Vous devez organiser vous-m\u00eame votre visa si vous avez besoin d&rsquo;un visa pour s\u00e9journer en France.<\/p>\n\n\n\n<div class=\"wp-block-group is-layout-constrained wp-block-group-is-layout-constrained\">\n<div class=\"wp-block-group is-layout-constrained wp-block-group-is-layout-constrained\">\n<h2 class=\"wp-block-heading\"> Postulez pour \u00eatre b\u00e9n\u00e9vole<\/h2>\n<\/div>\n<\/div>\n\n\n\n<div class=\"wp-block-group is-layout-constrained wp-block-group-is-layout-constrained\">\n<p>(Toutes les retraites)<\/p>\n<\/div>\n\n\n\n<div class=\"wp-block-buttons is-layout-flex wp-block-buttons-is-layout-flex\">\n<div class=\"wp-block-button\"><a class=\"wp-block-button__link wp-element-button\" href=\"https:\/\/forms.gle\/j6ufVunj5W2Egn7P9\">RETRAITE WAKE UP<\/a><\/div>\n\n\n\n\n\n<div class=\"wp-block-button\"><a class=\"wp-block-button__link wp-element-button\">RETRAITE Randonn\u00e9e, Tai Chi, \u00c9ducation <\/a><\/div>\n<\/div>\n\n\n\n<p><sub>Retraite Th\u00e9matiques : Randonn\u00e9e, Tai Chi, \u00c9ducation<\/sub><\/p>\n\n\n\n<div class=\"wp-block-group is-layout-constrained wp-block-group-is-layout-constrained\">\n<div class=\"wp-block-group is-layout-constrained wp-block-group-is-layout-constrained\">\n<h2 class=\"wp-block-heading\">Postulez pour \u00eatre b\u00e9n\u00e9vole en cuisine<\/h2>\n<\/div>\n\n\n\n<p><em>toutes les retraites : Wake Up, Randonn\u00e9e, Tai Chi, \u00c9ducation<\/em><\/p>\n<\/div>\n\n\n\n<div class=\"wp-block-buttons is-layout-flex wp-block-buttons-is-layout-flex\">\n<div class=\"wp-block-button\"><a class=\"wp-block-button__link wp-element-button\" href=\"https:\/\/forms.gle\/TCMmJvvFQV8wEHV59\">B\u00c9N\u00c9VOLE DE CUISINIERS <\/a><\/div>\n<\/div>\n\n\n\n<p><\/p>\n\n\n\n<p><em>Une fois inscrit, vous serez guide tout au long du processus \u00e9tape par \u00e9tape.<\/em><\/p>\n\n\n\n<p><\/p>\n\n\n\n<div class=\"wp-block-group is-layout-constrained wp-block-group-is-layout-constrained\">\n<p><em>importantes Informations:<\/em><\/p>\n<\/div>\n\n\n\n<div class=\"wp-block-group is-layout-constrained wp-block-group-is-layout-constrained\">\n<p><em><a href=\"https:\/\/plumvillage.org\/fr\/practice-centre\/monastere-de-la-source-guerissante#localisation\">Comment se rendre au monast\u00e8re<\/a><\/em><\/p>\n<\/div>\n\n\n\n<div class=\"wp-block-group is-layout-constrained wp-block-group-is-layout-constrained\">\n<p><em><a href=\"https:\/\/plumvillage.org\/fr\/conditions-generales-dutilisation\">Conditions g\u00e9n\u00e9rales<\/a><\/em><\/p>\n<\/div>\n\n\n\n<div class=\"wp-block-group is-layout-constrained wp-block-group-is-layout-constrained\">\n<p><em><a href=\"https:\/\/plumvillage.org\/fr\/retraites\/informations-importantes\/hebergement-et-prix#annulation-et-remboursement\">Politique de remboursement<\/a><\/em><\/p>\n<\/div>\n\n\n\n<p><em><a href=\"https:\/\/plumvillage.org\/fr\/le-monastere-de-la-source-guerissante-les-articles-a-apporter\">Ce qu\u2019il faut apporter<\/a><\/em><\/p>\n\n\n\n<pre class=\"wp-block-verse\">Retraite Wake Up: <em>Il s'agit d'une Retraite d'Affinit\u00e9 pour les jeunes. Si vous ne vous trouvez pas dans cette tranche d'\u00e2ge (18-35 ans), ne soyez pas triste, vous pouvez choisir une autre retraite le week-end. Le Monast\u00e8re de la Source Gu\u00e9rissante propose des retraites presque chaque week-end. Nous vous remercions pour votre compr\u00e9hension et pour votre soutien envers nos jeunes amis.<\/em><\/pre>\n","protected":false},"excerpt":{"rendered":"<p>Experience the transformative power of mindfulness and compassion as a volunteer during some retreats, you are 18 years old and above, and you have been in one of plum village center <\/p>\n","protected":false},"author":1804,"featured_media":499669,"parent":0,"menu_order":0,"template":"","meta":{"_acf_changed":false,"sync_status":"","episode_type":"","audio_file":"","podmotor_file_id":"","podmotor_episode_id":"","castos_file_data":"","cover_image":"","cover_image_id":"","duration":"","filesize":"","filesize_raw":"","date_recorded":"","explicit":"","block":"","itunes_episode_number":"","itunes_title":"","itunes_season_number":"","itunes_episode_type":"","ep_exclude_from_search":false,"footnotes":""},"class_list":["post-505448","pv_event","type-pv_event","status-publish","has-post-thumbnail","hentry"],"acf":[],"pv_custom_fields":{"locations":["Healing Spring Monastery - Europe"],"status":"EventScheduled","custom_status":"","start_date":1750118400,"end_date":1751414400,"registration_open":1743092309,"external_link":"","featured_image":"https:\/\/plumvillage.org\/wp-content\/uploads\/2025\/01\/PXL_20241128_101702947-480x290.jpg","is_translated":499524,"post_language":"fr","hidden":false,"event_type":4193},"_links":{"self":[{"href":"https:\/\/plumvillage.org\/fr\/wp-json\/wp\/v2\/pv_event\/505448","targetHints":{"allow":["GET"]}}],"collection":[{"href":"https:\/\/plumvillage.org\/fr\/wp-json\/wp\/v2\/pv_event"}],"about":[{"href":"https:\/\/plumvillage.org\/fr\/wp-json\/wp\/v2\/types\/pv_event"}],"author":[{"embeddable":true,"href":"https:\/\/plumvillage.org\/fr\/wp-json\/wp\/v2\/users\/1804"}],"version-history":[{"count":5,"href":"https:\/\/plumvillage.org\/fr\/wp-json\/wp\/v2\/pv_event\/505448\/revisions"}],"predecessor-version":[{"id":513474,"href":"https:\/\/plumvillage.org\/fr\/wp-json\/wp\/v2\/pv_event\/505448\/revisions\/513474"}],"wp:featuredmedia":[{"embeddable":true,"href":"https:\/\/plumvillage.org\/fr\/wp-json\/wp\/v2\/media\/499669"}],"wp:attachment":[{"href":"https:\/\/plumvillage.org\/fr\/wp-json\/wp\/v2\/media?parent=505448"}],"curies":[{"name":"wp","href":"https:\/\/api.w.org\/{rel}","templated":true}]}}