{"id":519002,"date":"2025-05-28T17:00:16","date_gmt":"2025-05-28T15:00:16","guid":{"rendered":"https:\/\/plumvillage.org\/?post_type=pv_event&#038;p=519002"},"modified":"2025-10-03T20:52:29","modified_gmt":"2025-10-03T18:52:29","slug":"week-end-a-la-source-guerissante-oct","status":"publish","type":"pv_event","link":"https:\/\/plumvillage.org\/fr\/event\/retraite-en-presentiel\/week-end-a-la-source-guerissante-oct","title":{"rendered":"Week-end \u00e0 la Source Gu\u00e9rissante &#8211; Oct"},"content":{"rendered":"\n<div class=\"jump-to align\" id=\"informations-generales\">\n\t<hr>\n\t<span class=\"jump-to-text\"><span class=\"label\">Allez vers <span class=\"icon icon-arrow-tiny\"><\/span><\/span>\n\t\t<a class=\"active\" href=\"#informations-generales\">Informations g\u00e9n\u00e9rales <\/a>, <a  href=\"#retraite-de-week-end\">retraite de week-end ?<\/a>, <a  href=\"#qui\">Qui ?<\/a>, <a  href=\"#le-programme\">Le programme ?<\/a>, <a  href=\"#contribution\">Contribution<\/a>, <a  href=\"#inscription\">Inscription <\/a><\/span>\n<\/div>\n\n\n<h2 class=\"wp-block-heading has-text-align-left undefined has-text-indent\">Informations g\u00e9n\u00e9rales<\/h2>\n\n\n\n<div class=\"wp-block-media-text is-stacked-on-mobile\" style=\"grid-template-columns:42% auto\"><figure class=\"wp-block-media-text__media\"><img loading=\"lazy\" decoding=\"async\" width=\"1024\" height=\"683\" src=\"https:\/\/plumvillage.org\/wp-content\/uploads\/2025\/01\/1000079205-1024x683.jpg\" alt=\"\" class=\"wp-image-498428 size-full\" srcset=\"https:\/\/plumvillage.org\/wp-content\/uploads\/2025\/01\/1000079205-1024x683.jpg 1024w, https:\/\/plumvillage.org\/wp-content\/uploads\/2025\/01\/1000079205-499x333.jpg 499w, https:\/\/plumvillage.org\/wp-content\/uploads\/2025\/01\/1000079205-768x512.jpg 768w, https:\/\/plumvillage.org\/wp-content\/uploads\/2025\/01\/1000079205-1536x1024.jpg 1536w, https:\/\/plumvillage.org\/wp-content\/uploads\/2025\/01\/1000079205.jpg 1920w\" sizes=\"auto, (max-width: 1024px) 100vw, 1024px\" \/><\/figure><div class=\"wp-block-media-text__content\">\n<ul class=\"wp-block-list\">\n<li><strong>Jour<\/strong> : Vendredi (enregistrement a 15h00) &#8211; Dimanche (d\u00e9part a 16h00)<\/li>\n\n\n\n<li><strong>Lieu<\/strong> : <mark style=\"background-color:rgba(0, 0, 0, 0)\" class=\"has-inline-color has-stamp-color\"><strong>Monast\u00e8re de la Source Gu\u00e9rissante<\/strong><\/mark> <a href=\"https:\/\/plumvillage.org\/fr\/practice-centre\/healing-spring-monastery#localisation\">(carte)<\/a><\/li>\n\n\n\n<li><strong>Langue<\/strong> : Fran\u00e7ais <\/li>\n\n\n\n<li><strong>Enseignant du Dharma <\/strong>: Enseignant du Dharma du Monast\u00e8re de la Source Gu\u00e9rissante (les fr\u00e8res).<\/li>\n\n\n\n<li><strong><mark style=\"background-color:rgba(0, 0, 0, 0)\" class=\"has-inline-color has-earth-color\">Genre : tous les identit\u00e9s genres <\/mark><\/strong><\/li>\n\n\n\n<li><strong>Repas : <\/strong>3 repas par jour (Vegan)<\/li>\n<\/ul>\n<\/div><\/div>\n\n\n\n<div class=\"jump-to align\" id=\"retraite-de-week-end\">\n\t<hr>\n\t<span class=\"jump-to-text\"><span class=\"label\">Allez vers <span class=\"icon icon-arrow-tiny\"><\/span><\/span>\n\t\t<a  href=\"#informations-generales\">Informations g\u00e9n\u00e9rales <\/a>, <a class=\"active\" href=\"#retraite-de-week-end\">retraite de week-end ?<\/a>, <a  href=\"#qui\">Qui ?<\/a>, <a  href=\"#le-programme\">Le programme ?<\/a>, <a  href=\"#contribution\">Contribution<\/a>, <a  href=\"#inscription\">Inscription <\/a><\/span>\n<\/div>\n\n\n<h2 class=\"wp-block-heading\">Qu&rsquo;est-ce qu&rsquo;une retraite de week-end?<\/h2>\n\n\n\n<p>C&rsquo;est une p\u00e9riode o\u00f9 vous avez l&rsquo;opportunit\u00e9 de s\u00e9journer et pratiquer au <strong>Monast\u00e8re de la Source Gu\u00e9rissante<\/strong>, <strong>proche de Paris<\/strong>. Ce programme simple vous permettra de vous arr\u00eater, de vous reposer et de vous nourrir de paix et de convivialit\u00e9. Vous \u00e9tudierez et pratiquerez la m\u00e9ditation avec la communaut\u00e9 monastique et d&rsquo;autres pratiquants la\u00efcs. Nous pratiquerons \u00e9galement avec des participants qui viendront pour la journ\u00e9e de pleine conscience.<\/p>\n\n\n\n<figure class=\"wp-block-pullquote\"><blockquote><p><mark style=\"background-color:rgba(0, 0, 0, 0)\" class=\"has-inline-color has-earth-color\">C\u2019etait incroyable. J\u2019ai ressenti la gentillesse de tout le monde qui sont venus. Je retourne chez moi avec pleine de bonheur et plus important beaucoup d\u2019outils, d\u2019astuces pour continuer la pratique dans ma vie quotidien! Merci fr\u00e8res<\/mark><\/p><cite><strong>participants de la retraite<\/strong><\/cite><\/blockquote><\/figure>\n\n\n\n<div class=\"jump-to align\" id=\"qui\">\n\t<hr>\n\t<span class=\"jump-to-text\"><span class=\"label\">Allez vers <span class=\"icon icon-arrow-tiny\"><\/span><\/span>\n\t\t<a  href=\"#informations-generales\">Informations g\u00e9n\u00e9rales <\/a>, <a  href=\"#retraite-de-week-end\">retraite de week-end ?<\/a>, <a class=\"active\" href=\"#qui\">Qui ?<\/a>, <a  href=\"#le-programme\">Le programme ?<\/a>, <a  href=\"#contribution\">Contribution<\/a>, <a  href=\"#inscription\">Inscription <\/a><\/span>\n<\/div>\n\n\n<h2 class=\"wp-block-heading\">Qui peut participer ?<\/h2>\n\n\n\n<p>Les personnes de <strong>18 ans et plus<\/strong> sont invit\u00e9es \u00e0 rejoindre cette retraite, que vous soyez d\u00e9butant en pleine conscience (mindfulness) et en m\u00e9ditation ou pratiquant exp\u00e9riment\u00e9.<\/p>\n\n\n\n<p>Lors de cette retraite, le Monast\u00e8re accueillera <strong>toutes les identit\u00e9s de genre<\/strong>. Veuillez noter que le Monast\u00e8re de la Source de Gu\u00e9rissante est avant tout une maison pour des moines. De temps en temps, il se peut donc que la majorit\u00e9 des participants \u00e0 la retraite soient des hommes. Vous pouvez \u00e9galement pratiquer avec les s\u0153urs au <a href=\"https:\/\/maisondelinspir.org\/2022\/04\/1.6-retraites-en-presentiel.html\">Monast\u00e8re de Maison de l&rsquo;Inspir<\/a>.<\/p>\n\n\n\n<p>Vous pouvez amener <strong>vos enfants ou vos adolescents<\/strong> \u00e0 la retraite, mais nous n\u2019avons pas de programme sp\u00e9cialement pr\u00e9vu pour eux. Cela signifie que vous \u00eates pleinement responsable de leur prise en charge pendant la retraite. Certaines activit\u00e9s destin\u00e9es aux adultes pourraient leur \u00eatre interdites.<\/p>\n\n\n\n<div class=\"jump-to align\" id=\"le-programme\">\n\t<hr>\n\t<span class=\"jump-to-text\"><span class=\"label\">Allez vers <span class=\"icon icon-arrow-tiny\"><\/span><\/span>\n\t\t<a  href=\"#informations-generales\">Informations g\u00e9n\u00e9rales <\/a>, <a  href=\"#retraite-de-week-end\">retraite de week-end ?<\/a>, <a  href=\"#qui\">Qui ?<\/a>, <a class=\"active\" href=\"#le-programme\">Le programme ?<\/a>, <a  href=\"#contribution\">Contribution<\/a>, <a  href=\"#inscription\">Inscription <\/a><\/span>\n<\/div>\n\n\n<h2 class=\"wp-block-heading\">Quel est le programme ?<\/h2>\n\n\n\n<div class=\"wp-block-media-text has-media-on-the-right is-stacked-on-mobile\"><div class=\"wp-block-media-text__content\">\n<p>Pendant cette retraite, nous aurons l&rsquo;occasion de pratiquer la m\u00e9ditation assise, la marche m\u00e9ditative, le repas en pleine conscience, le service \u00e0 la communaut\u00e9, le partage et les enseignements. Notre matin\u00e9e commence g\u00e9n\u00e9ralement \u00e0 environ 6 heures et le noble silence commence \u00e0 21h30 jusqu&rsquo;au lendemain matin apr\u00e8s avoir fait la vaisselle du petit-d\u00e9jeuner. <a href=\"https:\/\/plumvillage.org\/fr\/le-monastere-de-la-source-guerissante-les-articles-a-apporter#exemple-demploi-du-temps\" data-type=\"link\" data-id=\"https:\/\/plumvillage.org\/fr\/le-monastere-de-la-source-guerissante-les-articles-a-apporter#exemple-demploi-du-temps\">(Exemple d&#8217;emploi du temps)<\/a>.<\/p>\n\n\n\n<p>Veuillez noter qu\u2019il ne s\u2019agit pas d\u2019une retraite silencieuse d\u2019une journ\u00e9e enti\u00e8re.<\/p>\n\n\n\n<p><sub><em>(<strong>Remarque<\/strong>&nbsp;: tous nos programmes adoptent la nature de l&rsquo;impermanence, si la condition n&rsquo;est pas suffisante, les \u00e9l\u00e9ments de la retraite peuvent \u00eatre ajust\u00e9s, report\u00e9s ou annul\u00e9s)<\/em><\/sub><\/p>\n<\/div><figure class=\"wp-block-media-text__media\"><img loading=\"lazy\" decoding=\"async\" width=\"768\" height=\"1024\" src=\"https:\/\/plumvillage.org\/wp-content\/uploads\/2024\/03\/1000046272-1-768x1024.jpg\" alt=\"\" class=\"wp-image-449628 size-full\" srcset=\"https:\/\/plumvillage.org\/wp-content\/uploads\/2024\/03\/1000046272-1-768x1024.jpg 768w, https:\/\/plumvillage.org\/wp-content\/uploads\/2024\/03\/1000046272-1-499x665.jpg 499w, https:\/\/plumvillage.org\/wp-content\/uploads\/2024\/03\/1000046272-1-1152x1536.jpg 1152w, https:\/\/plumvillage.org\/wp-content\/uploads\/2024\/03\/1000046272-1.jpg 1440w\" sizes=\"auto, (max-width: 768px) 100vw, 768px\" \/><\/figure><\/div>\n\n\n\n<div class=\"jump-to align\" id=\"contribution\">\n\t<hr>\n\t<span class=\"jump-to-text\"><span class=\"label\">Allez vers <span class=\"icon icon-arrow-tiny\"><\/span><\/span>\n\t\t<a  href=\"#informations-generales\">Informations g\u00e9n\u00e9rales <\/a>, <a  href=\"#retraite-de-week-end\">retraite de week-end ?<\/a>, <a  href=\"#qui\">Qui ?<\/a>, <a  href=\"#le-programme\">Le programme ?<\/a>, <a class=\"active\" href=\"#contribution\">Contribution<\/a>, <a  href=\"#inscription\">Inscription <\/a><\/span>\n<\/div>\n\n\n<h2 class=\"wp-block-heading\">Contribution<\/h2>\n\n\n\n<p>La contribution pour la retraite est un don et d\u00e9pend de votre situation financi\u00e8re. Votre r\u00e9servation sera confirm\u00e9e apr\u00e8s le paiement.<\/p>\n\n\n\n<p>Svp, <strong>Si vous pouvez<\/strong>, Nous vous encourageons \u00e0 choisir un tarif plus \u00e9lev\u00e9, car cette contribution soutient notre mission de paix, l\u2019entretien du monast\u00e8re et aide les communaut\u00e9s monastiques. Elle permet \u00e9galement un soutien aux participants ayant des difficult\u00e9s financi\u00e8res. Bien qu\u2019il n\u2019y ait pas de r\u00e9duction 100%, des ajustements sont possibles selon les besoins.&nbsp;<strong>Si vous avez vraiment besoin<\/strong>,&nbsp;<a href=\"https:\/\/plumvillage.org\/fr\/practice-centre\/monastere-de-la-source-guerissante#contact\">contactez-nous<\/a>&nbsp;apr\u00e8s la r\u00e9servation, m\u00eame si le tarif bourse n\u2019est plus disponible.<\/p>\n\n\n\n<p>Nous ne souhaitons pas que des difficult\u00e9s financi\u00e8res constituent un obstacle \u00e0 la pratique.<\/p>\n\n\n\n<p>merci beaucoup pour votre g\u00e9n\u00e9rosit\u00e9l<\/p>\n\n\n\n<p><em>English-language retreats are also available at Healing Spring Monastery throughout the year. Please <a href=\"https:\/\/plumvillage.org\/retreats\">click here<\/a> to view our upcoming retreats.<\/em><\/p>\n\n\n\n<div class=\"jump-to align\" id=\"inscription\">\n\t<hr>\n\t<span class=\"jump-to-text\"><span class=\"label\">Allez vers <span class=\"icon icon-arrow-tiny\"><\/span><\/span>\n\t\t<a  href=\"#informations-generales\">Informations g\u00e9n\u00e9rales <\/a>, <a  href=\"#retraite-de-week-end\">retraite de week-end ?<\/a>, <a  href=\"#qui\">Qui ?<\/a>, <a  href=\"#le-programme\">Le programme ?<\/a>, <a  href=\"#contribution\">Contribution<\/a>, <a class=\"active\" href=\"#inscription\">Inscription <\/a><\/span>\n<\/div>\n\n\n<h2 class=\"wp-block-heading\">Inscrivez-vous maintenant<\/h2>\n\n\n\n<p><em><mark style=\"background-color:rgba(0, 0, 0, 0)\" class=\"has-inline-color has-earth-color\">Si vous ne trouvez pas l&rsquo;h\u00e9bergement ci-dessous, cela signifie que<strong> la retraite est compl\u00e8te<\/strong>, veuillez revenir, car il sera disponible une fois qu&rsquo;il y aura une annulation<\/mark><\/em>.<\/p>\n\n\n\n<pre class=\"wp-block-verse\"><mark style=\"background-color:rgba(0, 0, 0, 0)\" class=\"has-inline-color has-earth-color\"><strong>Tarif : <\/strong>Apr\u00e8s avoir r\u00e9pondu des questions avec les boutons jaunes, vous choisissez le type de tarif, puis vous allez en bas de la page et cliquez \"<strong>voir la disponibilit\u00e9<\/strong>\"<\/mark>. <a href=\"https:\/\/plumvillage.org\/fr\/le-monastere-de-la-source-guerissante-les-articles-a-apporter#tarif\"><strong>Explication de tarif<\/strong><\/a> <\/pre>\n\n\nRegistration opens on 1 ao\u00fbt 2025 0h00. Please return to this page.\n\n\n\n<p><\/p>\n\n\n\n<p><em>Une fois inscrit, vous serez guid\u00e9 tout au long du processus \u00e9tape par \u00e9tape.<\/em><\/p>\n\n\n\n<p><em>Informations importantes :<\/em><\/p>\n\n\n\n<ul class=\"wp-block-list\">\n<li><em><a href=\"https:\/\/plumvillage.org\/terms-and-conditions\">Conditions g\u00e9n\u00e9rales<\/a><\/em><\/li>\n\n\n\n<li><em><a href=\"https:\/\/plumvillage.org\/fr\/retraites\/informations-importantes\/hebergement-et-prix#annulation-et-remboursement\">Politique de remboursement<\/a><\/em><\/li>\n\n\n\n<li><em><a href=\"https:\/\/plumvillage.org\/fr\/le-monastere-de-la-source-guerissante-les-articles-a-apporter\" data-type=\"link\" data-id=\"https:\/\/plumvillage.org\/fr\/le-monastere-de-la-source-guerissante-les-articles-a-apporter\">Ce qu&rsquo;il faut apporter<\/a><\/em><\/li>\n\n\n\n<li><em><a href=\"https:\/\/plumvillage.org\/fr\/practice-centre\/monastere-de-la-source-guerissante#localisation\">Comment se rendre au monast\u00e8re<\/a><\/em><\/li>\n<\/ul>\n\n\n\n<p class=\"has-text-align-center\"><a href=\"https:\/\/plumvillage.org\/fr\/practice-centre\/monastere-de-la-source-guerissante#contact\"><em><sup><strong>Contacter Nous<\/strong><\/sup><\/em><\/a><\/p>\n\n\n\n<figure class=\"wp-block-pullquote\"><blockquote><p><mark style=\"background-color:rgba(0, 0, 0, 0)\" class=\"has-inline-color has-earth-color\">La retraite a \u00e9t\u00e9 un merveilleux moment de repos, de partage et de connexion avec la pratique. Merci pour ce tr\u00e8s beau weekend<\/mark>.<\/p><cite><strong>participants de la retraite<\/strong><\/cite><\/blockquote><\/figure>\n","protected":false},"excerpt":{"rendered":"<p>Lors de cette retraite, le Monast\u00e8re accueillera toutes les identit\u00e9s de genre.<\/p>\n<p>C\u2019est une p\u00e9riode o\u00f9 vous avez l\u2019opportunit\u00e9 de s\u00e9journer et de pratiquer la m\u00e9ditation au monast\u00e8re <\/p>\n","protected":false},"author":1804,"featured_media":519013,"parent":0,"menu_order":0,"template":"","meta":{"_acf_changed":false,"sync_status":"","episode_type":"","audio_file":"","podmotor_file_id":"","podmotor_episode_id":"","castos_file_data":"","cover_image":"","cover_image_id":"","duration":"","filesize":"","filesize_raw":"","date_recorded":"","explicit":"","block":"","itunes_episode_number":"","itunes_title":"","itunes_season_number":"","itunes_episode_type":"","ep_exclude_from_search":false,"footnotes":""},"class_list":["post-519002","pv_event","type-pv_event","status-publish","has-post-thumbnail","hentry"],"acf":[],"pv_custom_fields":{"locations":["Monast\u00e8re de la Source Gu\u00e9rissante - Europe"],"status":"EventCustom","custom_status":{"text":"COMPLET","color":"stamp"},"start_date":1760659200,"end_date":1760832000,"registration_open":1753999200,"external_link":"","featured_image":"https:\/\/plumvillage.org\/wp-content\/uploads\/2025\/05\/PXL_20241113_083008469.MP_-1-480x290.jpg","is_translated":false,"post_language":"fr","hidden":false,"event_type":4282},"_links":{"self":[{"href":"https:\/\/plumvillage.org\/fr\/wp-json\/wp\/v2\/pv_event\/519002","targetHints":{"allow":["GET"]}}],"collection":[{"href":"https:\/\/plumvillage.org\/fr\/wp-json\/wp\/v2\/pv_event"}],"about":[{"href":"https:\/\/plumvillage.org\/fr\/wp-json\/wp\/v2\/types\/pv_event"}],"author":[{"embeddable":true,"href":"https:\/\/plumvillage.org\/fr\/wp-json\/wp\/v2\/users\/1804"}],"version-history":[{"count":5,"href":"https:\/\/plumvillage.org\/fr\/wp-json\/wp\/v2\/pv_event\/519002\/revisions"}],"predecessor-version":[{"id":536212,"href":"https:\/\/plumvillage.org\/fr\/wp-json\/wp\/v2\/pv_event\/519002\/revisions\/536212"}],"wp:featuredmedia":[{"embeddable":true,"href":"https:\/\/plumvillage.org\/fr\/wp-json\/wp\/v2\/media\/519013"}],"wp:attachment":[{"href":"https:\/\/plumvillage.org\/fr\/wp-json\/wp\/v2\/media?parent=519002"}],"curies":[{"name":"wp","href":"https:\/\/api.w.org\/{rel}","templated":true}]}}