{"id":594604,"date":"2025-11-26T17:51:24","date_gmt":"2025-11-26T16:51:24","guid":{"rendered":"https:\/\/plumvillage.org\/?post_type=pv_event&#038;p=594604"},"modified":"2026-04-17T11:59:30","modified_gmt":"2026-04-17T09:59:30","slug":"retraite-wake-up-2026","status":"publish","type":"pv_event","link":"https:\/\/plumvillage.org\/fr\/event\/retraite-en-presentiel\/retraite-wake-up-2026","title":{"rendered":"Retraite Wake Up 2026"},"content":{"rendered":"\n<p>Cher\u00b7es jeunes ami\u00b7es bien-aim\u00e9\u00b7es,<\/p>\n\n\n\n<p>Nous sommes heureux\u2e31ses de nous rassembler une fois de plus au Village des Pruniers pour passer du temps ensemble dans la nature, pour gu\u00e9rir et nous ressourcer lors de cette retraite sp\u00e9ciale destin\u00e9e aux jeunes pratiquant\u2e31es de la pleine conscience \u00e2g\u00e9\u2e31es de 18 \u00e0 35 ans.<\/p>\n\n\n\n<p>Nous organiserons une retraite d&rsquo;une semaine du <strong>10 au 17 ao\u00fbt <\/strong>o\u00f9 nous accueillerons plusieurs centaines d&rsquo;entre vous, venant principalement d&rsquo;Europe, pour profiter d&rsquo;enseignements du Dharma, de m\u00e9ditations assises, de m\u00e9ditations march\u00e9es, pour vivre ensemble dans la joie, la simplicit\u00e9 et le bonheur. Il y aura du temps pour des randonn\u00e9es, pour s&rsquo;\u00e9couter les un\u2e31es les autres, des feux de camp, et pour toucher une dimension spirituelle dans nos vies.<\/p>\n\n\n\n<figure class=\"wp-block-image size-full\"><img loading=\"lazy\" decoding=\"async\" width=\"1024\" height=\"768\" src=\"https:\/\/plumvillage.org\/wp-content\/uploads\/2025\/11\/wake-up-2025-XXI-1024x768-1.jpeg\" alt=\"\" class=\"wp-image-595610\" srcset=\"https:\/\/plumvillage.org\/wp-content\/uploads\/2025\/11\/wake-up-2025-XXI-1024x768-1.jpeg 1024w, https:\/\/plumvillage.org\/wp-content\/uploads\/2025\/11\/wake-up-2025-XXI-1024x768-1-499x374.jpeg 499w, https:\/\/plumvillage.org\/wp-content\/uploads\/2025\/11\/wake-up-2025-XXI-1024x768-1-768x576.jpeg 768w\" sizes=\"auto, (max-width: 1024px) 100vw, 1024px\" \/><figcaption class=\"wp-element-caption\">Assis\u2e31e en Paix.<\/figcaption><\/figure>\n\n\n\n<h2 class=\"wp-block-heading\">Plus d&rsquo;Information <\/h2>\n\n\n\n<p>Nos retraites annuelles Wake Up font partie de la communaut\u00e9 active de jeunes praticien\u2e31es de la tradition du Village des Pruniers appel\u00e9e <strong><a href=\"https:\/\/wkup.org\/\">Wake Up<\/a><\/strong> (site internet en anglais).<\/p>\n\n\n\n<p>Si vous ne connaissez pas encore les retraites du Village des Pruniers, nous vous invitons \u00e0 <a href=\"https:\/\/plumvillage.org\/fr\/retraites\/informations-importantes\">en savoir plus ici <\/a>.<\/p>\n\n\n\n<p><\/p>\n\n\n\n<ul class=\"wp-block-list\">\n<li><strong>Jour d&rsquo;arriv\u00e9e et horaires d&rsquo;enregistrement :<\/strong> Lundi 10 ao\u00fbt (enregistrement \u00e0 partir de 15h) <\/li>\n\n\n\n<li><strong>Jour de d\u00e9part :<\/strong> Lundi 17 ao\u00fbt (d\u00e9part avant 9h30-12h).<\/li>\n<\/ul>\n\n\n\n<p><em>Pour soutenir la stabilit\u00e9 et l&rsquo;\u00e9nergie collective de pleine conscience, il est demand\u00e9 \u00e0 tous\u00b7tes les participant\u00b7es de rester la semaine compl\u00e8te, et de n&rsquo;arriver et de ne partir que les jours d\u00e9sign\u00e9s.<\/em><\/p>\n\n\n\n<ul class=\"wp-block-list\">\n<li><strong>Lieux :<\/strong> Les 3 hameaux du Village des Pruniers accueilleront cette retraite ensemble. Tous les hameaux recevront des ami\u00b7es hommes, femmes et non-binaires (y compris les c\u00e9libataires et les couples). Les sessions du matin, du soir et les cercles de partage seront organis\u00e9s dans chaque hameau s\u00e9par\u00e9ment, tout en se retrouvant ensemble pour les partages du Dharma, les m\u00e9ditations march\u00e9es, les ateliers et la c\u00e9l\u00e9bration de cl\u00f4ture. Un aper\u00e7u plus d\u00e9taill\u00e9 du d\u00e9roulement de la retraite sera fourni \u00e0 l&rsquo;arriv\u00e9e.<\/li>\n<\/ul>\n\n\n\n<ul class=\"wp-block-list\">\n<li><strong>Langue :<\/strong> Les enseignements seront en anglais avec traduction en fran\u00e7ais. Des groupes de partage en cercle seront propos\u00e9s en anglais, en fran\u00e7ais, ainsi que quelques places limit\u00e9es pour les personnes parlant espagnol, italien et allemand dans un des hameaux.<\/li>\n<\/ul>\n\n\n\n<ul class=\"wp-block-list\">\n<li><strong>Co\u00fbt :<\/strong> Les contributions varient selon le niveau de prix et le type d&rsquo;h\u00e9bergement choisi dans la section d&rsquo;inscription ci-dessous. Le prix comprend l&rsquo;h\u00e9bergement (sauf si vous vous inscrivez en tant que \u201cH\u00e9bergement \u00e0 l&rsquo;ext\u00e9rieur\u201d), les repas v\u00e9ganes quotidiens (petit-d\u00e9jeuner, d\u00e9jeuner et d\u00eener), les enseignements et les activit\u00e9s. Vous pouvez consulter notre tableau g\u00e9n\u00e9ral des tarifs <a href=\"https:\/\/plumvillage.org\/fr\/retraites\/informations-importantes\/hebergement-et-prix#contributions\" target=\"_blank\" rel=\"noreferrer noopener\">ici<\/a>.<\/li>\n<\/ul>\n\n\n\n<h2 class=\"wp-block-heading\">Cercles de partage (ou \u201cPartage du Dharma\u201d)<\/h2>\n\n\n\n<p>En tant que participant\u00b7es vous serez r\u00e9parti\u00b7es en groupes appel\u00e9s \u201cFamilles de partage du Dharma\u201d, avec lesquels vous resterez tout au long de la retraite. La plupart des groupes de partage sont ouverts \u00e0 tous\u00b7tes (\u201cg\u00e9n\u00e9ral\u201d), avec un m\u00e9lange de genres et d&rsquo;\u00e2ges de 18 \u00e0 35 ans, et sont facilit\u00e9s par un membre de la communaut\u00e9 monastqiue exp\u00e9riment\u00e9\u00b7e. Dans tous les cercles de partage, nous apprendrons et pratiquerons la parole aimante et l&rsquo;\u00e9coute profonde, et partagerons nos d\u00e9couvertes, joies et difficult\u00e9s. Selon les besoins, il pourra y avoir des groupes bas\u00e9s sur la langue.<\/p>\n\n\n\n<p>Conform\u00e9ment \u00e0 la tradition des retraites Wake Up, un apr\u00e8s-midi de cercles de partage dans des espaces s\u00e9curis\u00e9s sera consacr\u00e9 aux sujets de la sexualit\u00e9.<\/p>\n\n\n\n<p>Nous proposons \u00e9galement quelques groupes th\u00e9matiques comme suit (cliquez pour d\u00e9velopper et lire).<\/p>\n\n\n\n<details class=\"wp-block-details has-fresh-earth-background-color has-background is-layout-flow wp-block-details-is-layout-flow\"><summary><strong>Cercle de partage pour la communaut\u00e9 LGBTQIA+ (en anglais seulement)<\/strong><\/summary>\n<p>LGBTQIA+ est l&rsquo;acronyme de Lesbienne, Gay, Bisexuel\u00b7le, Transgenre, Queer, Intersexe et Asexuel\u00b7le. Pour accueillir la communaut\u00e9 LGBTQIA+, nous proposons des cercles de partage avec des facilitateur\u00b7rices monastiques exp\u00e9riment\u00e9\u00b7es afin de cr\u00e9er une atmosph\u00e8re inclusive et s\u00e9curisante.<\/p>\n\n\n\n<p>Cette ann\u00e9e, le Hameau du Haut et le Hameau du Bas proposeront des cercles de partage LGBTQIA+ pour celles et ceux qui s&rsquo;identifient comme LGBTQIA+, tandis que le Hameau Nouveau accueillera un cercle LGBTQIA+ et Alli\u00e9\u00b7es. Les facilitateur\u00b7rices de tous les cercles s&rsquo;identifient soit comme alli\u00e9\u00b7es, soit comme membres de la communaut\u00e9 LGBTQIA+.<\/p>\n\n\n\n<hr class=\"wp-block-separator has-alpha-channel-opacity\"\/>\n<\/details>\n\n\n\n<p><\/p>\n\n\n\n<details class=\"wp-block-details has-fresh-earth-background-color has-background is-layout-flow wp-block-details-is-layout-flow\"><summary><strong>Cercle de partage pour les Personnes de Couleur\/BIPOC (en anglais seulement)<\/strong><\/summary>\n<p><\/p>\n\n\n\n<p>Nous proposons des groupes de partage du Dharma pour les personnes Noires, Autochtones et les Personnes de Couleur (BIPOC), et celles et ceux qui s&rsquo;identifient comme tel\u00b7les peuvent choisir de rejoindre ce groupe s&rsquo;ils ou elles le souhaitent.<\/p>\n\n\n\n<p>Conscient\u00b7es que les Personnes de Couleur, en tant qu&rsquo;individus et communaut\u00e9s, peuvent avoir des exp\u00e9riences de vie similaires, notamment des discriminations intentionnelles et non intentionnelles, nous proposons des cercles de partage anim\u00e9s par un\u00b7e facilitateur\u00b7rice exp\u00e9riment\u00e9\u00b7e, dans lesquels les Personnes de Couleur peuvent s&rsquo;exprimer librement et se sentir en s\u00e9curit\u00e9. Ce cercle est r\u00e9serv\u00e9 aux Personnes de Couleur uniquement, afin de cultiver un environnement qui peut soutenir notre transformation et notre gu\u00e9rison individuelles et collectives.<\/p>\n\n\n\n<p>Notez que les Britanniques utilisent l&rsquo;acronyme BAME, signifiant Black, Asian, and Minority Ethnic (Noir\u00b7es, Asiatiques et Minorit\u00e9s Ethniques).<\/p>\n\n\n\n<hr class=\"wp-block-separator has-alpha-channel-opacity\"\/>\n<\/details>\n\n\n\n<p><\/p>\n\n\n\n<details class=\"wp-block-details has-fresh-earth-background-color has-background is-layout-flow wp-block-details-is-layout-flow\"><summary><strong>Cercle de partage pour les BIPOC &amp; LGBTQIA+ (en anglais, Hameau du Haut uniquement)<\/strong><\/summary>\n<p><\/p>\n\n\n\n<p>Ce groupe s&rsquo;adresse \u00e0 celles et ceux qui s&rsquo;identifient \u00e0 la fois comme BIPOC et LGBTQIA+. En raison du nombre de places limit\u00e9, il s&rsquo;agit d&rsquo;un groupe ferm\u00e9 r\u00e9serv\u00e9 \u00e0 celles et ceux qui s&rsquo;auto-identifient comme tel\u00b7les et qui en ont un besoin r\u00e9el. Il n&rsquo;est pas ouvert aux alli\u00e9\u00b7es ou aux ami\u00b7es ; nous invitons chaleureusement ces participant\u00b7es \u00e0 rejoindre les groupes g\u00e9n\u00e9raux.<\/p>\n\n\n\n<hr class=\"wp-block-separator has-alpha-channel-opacity\"\/>\n<\/details>\n\n\n\n<p><\/p>\n\n\n\n<details class=\"wp-block-details has-fresh-earth-background-color has-background is-layout-flow wp-block-details-is-layout-flow\"><summary><strong>Cercle de partage pour les personnes neurodivergentes (en anglais, Hameau du Haut uniquement)<\/strong><\/summary>\n<p><\/p>\n\n\n\n<p>La Famille de partage du Dharma pour les personnes neurodivergentes est un groupe uniquement destin\u00e9 aux participant\u00b7es qui s&rsquo;identifient comme neurodivergent\u00b7es (autisme, AuDHD, TDAH, ou similaire) et qui b\u00e9n\u00e9ficieraient d&rsquo;un espace plus adapt\u00e9 et plus soutenant durant la retraite. En raison du nombre de places limit\u00e9, ce groupe est r\u00e9serv\u00e9 \u00e0 celles et ceux qui ressentent un besoin r\u00e9el de cet espace d\u00e9di\u00e9. Il s&rsquo;agit d&rsquo;un groupe ferm\u00e9, propos\u00e9 dans un cadre calme et structur\u00e9, avec une facilitation sensible \u00e0 la neurodiversit\u00e9.<\/p>\n\n\n\n<p>Tandis que notre cercle d\u00e9di\u00e9 se r\u00e9unit pour un partage de 90 minutes et un d\u00eener partag\u00e9 la plupart des jours, nous suivons par ailleurs le rythme g\u00e9n\u00e9ral de la retraite pour toutes les autres activit\u00e9s. L&rsquo;environnement de Village des Pruniers pouvant \u00eatre riche en impressions sensorielles et sociales, nous vous invitons \u00e0 vous demander si vous vous sentez \u00e0 l&rsquo;aise pour naviguer de mani\u00e8re autonome dans le programme commun, notre petite \u00e9quipe n&rsquo;\u00e9tant pas en mesure d&rsquo;offrir un accompagnement individuel ou des soins personnels.<\/p>\n\n\n\n<hr class=\"wp-block-separator has-alpha-channel-opacity\"\/>\n<\/details>\n\n\n\n<figure class=\"wp-block-image size-large\"><img loading=\"lazy\" decoding=\"async\" width=\"1024\" height=\"683\" src=\"https:\/\/plumvillage.org\/wp-content\/uploads\/2024\/08\/STK09686-1024x683.jpg\" alt=\"\" class=\"wp-image-466858\" srcset=\"https:\/\/plumvillage.org\/wp-content\/uploads\/2024\/08\/STK09686-1024x683.jpg 1024w, https:\/\/plumvillage.org\/wp-content\/uploads\/2024\/08\/STK09686-499x333.jpg 499w, https:\/\/plumvillage.org\/wp-content\/uploads\/2024\/08\/STK09686-768x512.jpg 768w, https:\/\/plumvillage.org\/wp-content\/uploads\/2024\/08\/STK09686-1536x1024.jpg 1536w, https:\/\/plumvillage.org\/wp-content\/uploads\/2024\/08\/STK09686.jpg 1920w\" sizes=\"auto, (max-width: 1024px) 100vw, 1024px\" \/><figcaption class=\"wp-element-caption\">Coulant telle une rivi\u00e8re<\/figcaption><\/figure>\n\n\n\n<h2 class=\"wp-block-heading\">Inscriptions<\/h2>\n\n\n\n<div class=\"wp-block-group has-fresh-earth-background-color has-background is-layout-flow wp-block-group-is-layout-flow\">\n<details class=\"wp-block-details is-layout-flow wp-block-details-is-layout-flow\"><summary><strong>Cliquez ici pour consulter notre politique de paiement et d\u2019annulation mise \u00e0 jour.<\/strong><\/summary>\n<h2 class=\"wp-block-heading\">Inscription &amp; Paiement<\/h2>\n\n\n\n<h3 class=\"wp-block-heading\"><strong>Structure de paiement<\/strong><\/h3>\n\n\n\n<p>Pour les retraites&nbsp;\u00e0 partir du 3 janvier 2026, votre contribution sera divis\u00e9e en&nbsp;deux paiements&nbsp;:<\/p>\n\n\n\n<ul class=\"wp-block-list\">\n<li>Paiement principal \u00e0&nbsp;Bienvenue Aux Pruniers S.A.S. (BAP)&nbsp;pour les aspects pratiques de la retraite (nourriture, h\u00e9bergement, installations, administration, taxes)<\/li>\n\n\n\n<li>Contribution monastique \u00e0 Congr\u00e9gation Bouddhique Zen Village des Pruniers (CBZ)&nbsp;pour soutenir la communaut\u00e9 monastique<\/li>\n<\/ul>\n\n\n\n<p>Votre relev\u00e9 bancaire affichera deux d\u00e9bits et vous recevrez deux factures.<\/p>\n\n\n\n<p>Note : Pour les retraites ayant lieu en 2025 jusqu\u2019au 3 janvier 2026, les contributions sont re\u00e7ues par la Communaut\u00e9 Bouddhique Zen du Village des Pruniers, l\u2019association religieuse \u00e0 but non lucratif loi 1901 qui op\u00e8re nos activit\u00e9s depuis 1988-2025.<\/p>\n\n\n\n<h3 class=\"wp-block-heading\"><strong>Modes de paiement<\/strong><\/h3>\n\n\n\n<p>Notre syst\u00e8me de r\u00e9servation en ligne accepte :<\/p>\n\n\n\n<ul class=\"wp-block-list\">\n<li>Les paiements par carte bancaire (dans le monde entier)<\/li>\n\n\n\n<li>Le pr\u00e9l\u00e8vement automatique europ\u00e9en (SEPA) pour les comptes bancaires europ\u00e9ens<\/li>\n<\/ul>\n\n\n\n<p>Tous les paiements sont trait\u00e9s via la plateforme de paiement s\u00e9curis\u00e9e Stripe. Nous ne conservons pas les donn\u00e9es de paiement. En raison de la r\u00e9glementation fran\u00e7aise stricte, nous ne pouvons accepter les esp\u00e8ces, les ch\u00e8ques ou les virements bancaires manuels pour les paiements de retraite.<\/p>\n\n\n\n<h2 class=\"wp-block-heading\">Politique d\u2019annulation<\/h2>\n\n\n\n<p>Afin de garantir un acc\u00e8s \u00e9quitable pour tous et toutes, nous avons r\u00e9vis\u00e9 notre politique d\u2019annulation et ceci, pour encourager les participants \u00e0 r\u00e9server une place, uniquement lorsqu\u2019ils sont certain\u2e31es de pouvoir participer.<\/p>\n\n\n\n<h3 class=\"wp-block-heading\">Annulation par les participants<\/h3>\n\n\n\n<p>Si vous devez annuler :<\/p>\n\n\n\n<ul class=\"wp-block-list\">\n<li>28 jours ou plus avant l\u2019arriv\u00e9e&nbsp;: Remboursement int\u00e9gral moins 100 \u20ac de frais administratifs et d\u2019annulation<\/li>\n\n\n\n<li>14 \u00e0 27 jours avant l\u2019arriv\u00e9e&nbsp;: Remboursement de 50 % apr\u00e8s d\u00e9duction des 100 \u20ac de frais administratifs non remboursables<\/li>\n\n\n\n<li>13 jours ou moins avant l\u2019arriv\u00e9e&nbsp;: Aucun remboursement possible<\/li>\n<\/ul>\n\n\n\n<p>Nous recommandons vivement de souscrire une assurance voyage pour couvrir les frais d\u2019annulation de retraite en cas de circonstances impr\u00e9vues, y compris une maladie personnelle ou des urgences familiales.<\/p>\n\n\n\n<p>Pour ceux qui viennent g\u00e9n\u00e9reusement au Village des Pruniers pour aider en tant que b\u00e9n\u00e9voles, les frais d\u2019annulation sont de 25 \u20ac (pour couvrir les frais administratifs).<\/p>\n\n\n\n<h3 class=\"wp-block-heading\">Annulation par le Village des Pruniers<\/h3>\n\n\n\n<p>Le Village des Pruniers se r\u00e9serve le droit d\u2019annuler une retraite en toutes circonstances. Si cela se produit, vous recevrez un remboursement int\u00e9gral de tous les paiements effectu\u00e9s, y compris les frais administratifs.<\/p>\n\n\n\n<p>Le Village des Pruniers n\u2019accepte aucune autre responsabilit\u00e9 au-del\u00e0 du remboursement des frais d\u2019inscription \u00e0 la retraite. Nous ne pouvons \u00eatre tenus responsables des fonds d\u00e9pens\u00e9s pour des arrangements de voyage anticip\u00e9s, tels que les billets d\u2019avion et les visas. Nous recommandons vivement de souscrire une assurance voyage qui couvre cela.<\/p>\n<\/details>\n\n\n\n<p><\/p>\n<\/div>\n\n\n\n<p>Dans les boutons ci-dessous :<\/p>\n\n\n\n<ul class=\"wp-block-list\">\n<li>S\u00e9lectionnez un hameau <\/li>\n\n\n\n<li>Indiquez si vous venez seul(e) ou avec quelqu&rsquo;un <\/li>\n\n\n\n<li>S\u00e9lectionnez votre identit\u00e9 de genre <\/li>\n\n\n\n<li>S\u00e9lectionnez votre pr\u00e9f\u00e9rence de groupe de partage du Dharma <\/li>\n\n\n\n<li>Examinez ensuite attentivement les informations sur les niveaux de prix et choisissez le niveau qui vous correspond <\/li>\n<\/ul>\n\n\n\n<p>Une fois que vous avez s\u00e9lectionn\u00e9 un niveau, cliquez sur le bouton <strong>\u201cVoir la disponibilit\u00e9\u201d<\/strong> en bas de la section des prix pour voir les options d&rsquo;h\u00e9bergement sur une autre page.<\/p>\n\n\n\n<p><\/p>\n\n\n        <!--\n        <style>\n        .btn.disabled {\n            pointer-events: inherit; \n        }\n        <\/style>\n    -->\n        <style>\n            .btn {\n                --bs-btn-disabled-opacity: 0.33;\n                margin: 2px;\n            }\n\n            textarea {\n                margin: 1px;\n            }\n        <\/style>\n                <div id=\"planyo-registration\">\n            <form id=\"planyo-registration-form\">\n                <div class=\"row mb-2 g-2\" >\n                    <div class=\"col\">\n                        <div class=\"form-floating hamlet-grp\">\n                            <div class=\"questions\">\n                                Veuillez s\u00e9lectionner un hameau\u00a0:                            <\/div>\n                            <!-- Hamlet buttons -->\n                            <div class=\"btn-group\" role=\"group\">\n                                <button type='button' class='btn btn-primary hamlet-btn' data-hamlet-key='UH' >Hameau du Haut (avec les fr\u00e8res)<\/button><button type='button' class='btn btn-primary hamlet-btn' data-hamlet-key='LH' >Hameau du Bas (avec les s\u0153urs)<\/button><button type='button' class='btn btn-primary hamlet-btn' data-hamlet-key='NH' >Hameau Nouveau (avec les s\u0153urs)<\/button>                            <\/div>\n                        <\/div>\n                    <\/div>\n                <\/div>\n                <div class=\"row mb-2 g-2\" >\n                    <div class=\"col\">\n                        <div class=\"form-floating couple-grp\" style=\"display:none;\">\n                            <div class=\"questions\">\n                                Serez-vous accompagn\u00e9(e) de votre partenaire ou de membres de votre famille proche ?                            <\/div>\n                            <!-- Couple buttons -->\n                            <div class=\"btn-group\" role=\"group\">\n                                <button type=\"button\" class=\"btn btn-primary couple-btn\" data-couple=\"on\">Oui<\/button>\n                                <button type=\"button\" class=\"btn btn-primary couple-btn\" data-couple=\"off\">Non<\/button>\n                            <\/div>\n\n                        <\/div>\n                    <\/div>\n                <\/div>\n                <div class=\"row mb-2 g-2\">\n                    <div class=\"col\">\n                        <div class=\"form-floating gender-grp\" style=\"display:none;\">\n                            <div class=\"questions\">\n                                Veuillez s\u00e9lectionner l'identit\u00e9 de genre qui vous repr\u00e9sente le mieux (pour les individus) ou votre groupe (pour les couples et les familles).                            <\/div>\n                            <!-- Gender buttons -->\n                            <div class=\"btn-group\" role=\"group\">\n                                <button type=\"button\" class=\"btn btn-primary gender-btn\" data-gender=\"Female\">Femme(s)<\/button>\n                                <button type=\"button\" class=\"btn btn-primary gender-btn\" data-gender=\"Male\">Homme(s)<\/button>\n                                <button type=\"button\" class=\"btn btn-primary gender-btn\" data-gender=\"Other\">Non-binaire<\/button>\n                                <button type=\"button\" class=\"btn btn-primary gender-btn\" data-gender=\"Other\">Pr\u00e9f\u00e9rer d\u00e9crire soi-m\u00eame<\/button>\n                                <button type=\"button\" class=\"btn btn-primary gender-btn mixed-gender disabled\" data-gender=\"Mixed\" style=\"display: none;\">Groupe mixte de genres<\/button>\n                            <\/div>\n                        <\/div>\n                        <div id=\"otherGrp\" style=\"display:none;\">\n                            <textarea id=\"otherText\" placeholder=\"Please specify\"><\/textarea>\n                            <div id=\"otherMsg\" style=\"color:orange;\"><\/div>\n                        <\/div>\n                    <\/div>\n                <\/div>\n\n                <div class=\"row mb-2 g-2\">\n                    <div class=\"col\">\n                        <div class=\"form-floating groupSelection-grp\" >\n                            <div class=\"questions\">\n                                Quelle famille de partage du Dharma souhaitez vous rejoindre ? La famille de partage du Dharma est un groupe avec lequel vous aurez des cercles de partage et prendrez les repas du soir. Ce groupe est facilit\u00e9 par un\u00b7e monastique. Certains groupes sont bas\u00e9s sur la langue et d autres sont des groupes d affinit\u00e9, bas\u00e9s sur une identification commune (par exemple BIPOC, LGBTQIA+, ou Neurodivergent), lorsque ces options sont propos\u00e9es pour votre hameau.                            <\/div>\n                            <!-- Gender buttons -->\n                            <div class=\"btn-group\" role=\"group\">\n                                <button type=\"button\" class=\"btn btn-primary groupSelection-btn\"  id=\"Anglophone\" data-group=\"en_ds\">Anglophone<\/button><button type=\"button\" class=\"btn btn-primary groupSelection-btn\"  id=\"Hispanophone\" data-group=\"es_ds\">Hispanophone<\/button><button type=\"button\" class=\"btn btn-primary groupSelection-btn\"  id=\"Germanophone\" data-group=\"de_ds\">Germanophone<\/button><button type=\"button\" class=\"btn btn-primary groupSelection-btn\"  id=\"Italophone\" data-group=\"it_ds\">Italophone<\/button><button type=\"button\" class=\"btn btn-primary groupSelection-btn\"  id=\"Francophone\" data-group=\"fr_ds\">Francophone<\/button><button type=\"button\" class=\"btn btn-primary groupSelection-btn\"  id=\"Neurodivergent (Anglophone)\" data-group=\"neuro\">Neurodivergent (Anglophone)<\/button><button type=\"button\" class=\"btn btn-primary groupSelection-btn\"  id=\"S identifiant \u00e0 la fois comme BIPOC et LGBTQIA+ (Anglophone)\" data-group=\"bipoclgbt\">S identifiant \u00e0 la fois comme BIPOC et LGBTQIA+ (Anglophone)<\/button><button type=\"button\" class=\"btn btn-primary groupSelection-btn\"  id=\"LGBTQIA+ (Anglophone)\" data-group=\"lgbtgen\">LGBTQIA+ (Anglophone)<\/button><button type=\"button\" class=\"btn btn-primary groupSelection-btn\"  id=\"BIPOC (pour les personnes Noires, Autochtones et de Couleur - Anglophone)\" data-group=\"bipoc\">BIPOC (pour les personnes Noires, Autochtones et de Couleur - Anglophone)<\/button><button type=\"button\" class=\"btn btn-primary groupSelection-btn\"  id=\"LGBTQIA+ et alli\u00e9\u00b7e\u00b7s (Anglophone)\" data-group=\"lgbtgen\">LGBTQIA+ et alli\u00e9\u00b7e\u00b7s (Anglophone)<\/button>                            <\/div>\n                        <\/div>\n                        <div id=\"otherGrp\" style=\"display:none;\">\n                            <textarea id=\"otherText\" placeholder=\"Please specify\"><\/textarea>\n                            <div id=\"otherMsg\" style=\"color:orange;\"><\/div>\n                        <\/div>\n                    <\/div>\n                    <div >\n                        <span  class=\"footnote show\">Lors des retraites \u00e0 th\u00e8me, vous rejoindrez un petit groupe de 20 \u00e0 30 personnes pour des activit\u00e9s quotidiennes, notamment la m\u00e9ditation du service, les repas partag\u00e9s et les discussions de groupe - le tout guid\u00e9 par un\u00b7e monastique ou un\u00b7e praticien\u00b7ne exp\u00e9riment\u00e9\u00b7e.<\/span>\n                    <\/div>\n                <\/div>\n\n                <div class=\"row mb-2 g-2\" style=\"display:none;\">\n                    <div class=\"col\">\n                        <div class=\"form-floating\">\n                            <select id=\"start-date-select\" class=\"form-control required\" required>\n                                <!-- Start dates will be added by JavaScript -->\n                            <\/select>\n                            <label for=\"start-date-select\">S\u00e9lectionnez votre date de d\u00e9but :<\/label>\n                        <\/div>\n                    <\/div>\n                    <div class=\"col\">\n                        <div class=\"form-floating\">\n                            <select id=\"end-date-select\" class=\"form-control required \" required>\n                                <!-- End dates will be added by JavaScript -->\n                            <\/select>\n                            <label for=\"end-date-select\">S\u00e9lectionnez votre date de fin :<\/label>\n                        <\/div>\n                    <\/div>\n                <\/div>\n\n                <!-- Add the spinner container -->\n                <div id=\"loading-spinner\" style=\"display:none; text-align: center;\">\n                    <div class=\"spinner\"><\/div>\n                <\/div>\n                <!-- Price Tier Selection -->\n                <div class=\"totalUnavailable-message\"><\/div>\n\n                <!-- Price Tier Selection -->\n                <div class=\"pricing-group-wrapper mb-4\" style=\"display:none\">\n                    <h3>Veuillez s\u00e9lectionner votre niveau de contribution :<span class=\"footnote show\">\u00ab Notre nouvelle tarification \u00e9chelonn\u00e9e rend les retraites plus accessibles et \u00e9largit nos bourses, tout en soutenant l'\u0153uvre du Village des Pruniers dans le monde. Ces frais couvrent l'h\u00e9bergement, les repas, les installations de la retraite, l'entretien du domaine, ainsi qu'une contribution \u00e0 la communaut\u00e9 des enseignants. Votre g\u00e9n\u00e9rosit\u00e9 soutient \u00e9galement la formation des monastiques, les b\u00e9n\u00e9voles et les autres participants \u00e0 la retraite. Merci de bien vouloir choisir le tarif le plus \u00e9lev\u00e9 que vous pouvez offrir. \u00bb<\/span><\/h3>\n                    <div class=\"pricing-group registration-content\">\n                        <!-- Supporting Option -->\n                        <div class=\"pricing-option\">\n                            <div class=\"pricing-header\">\n                                <h4>G\u00e9n\u00e9reux<\/h4>\n                                <p>Votre g\u00e9n\u00e9reuse contribution aide \u00e0 financer des projets essentiels et \u00e0 maintenir un espace accueillant pour tous.<\/p>\n                                <div class=\"price\"><\/div> <!-- Price placeholder -->\n                                <div class=\"availability places-left\"><\/div> <!-- Availability placeholder -->\n                                <div class=\"unavailable-message\"><\/div>\n                            <\/div>\n\n                            <button type='button' class='btn btn-primary price-tier-btn' data-price-tier='Supporting'>Choisir G\u00e9n\u00e9reux<\/button>\n\n\n                        <\/div>\n                        <!-- Sustaining Option (Default) -->\n                        <div class=\"pricing-option\">\n                            <div class=\"pricing-header\">\n                                <h4>Soutien<\/h4>\n                                <p>Ce tarif couvre enti\u00e8rement vos frais de retraite et contribue \u00e0 la formation monastique, \u00e0 l'entretien des installations et \u00e0 notre travail engag\u00e9 dans le monde.<\/p>\n                                <div class=\"price\"><\/div> <!-- Price placeholder -->\n\n                                <div class=\"availability places-left\"><\/div> <!-- Availability placeholder -->\n                                <div class=\"unavailable-message\"><\/div>\n                            <\/div>\n\n                            <button type='button' class='btn btn-primary price-tier-btn' data-price-tier='Sustaining'>Choisir Soutien<\/button>\n                        <\/div>\n                        <!-- Basic Option -->\n                        <div class=\"pricing-option\">\n                            <div class=\"pricing-header\">\n                                <h4>R\u00e9duit<\/h4>\n                                <p>Couvrir les co\u00fbts superficiels de votre retraite. Nous proposons ce tarif pour rendre nos retraites accessibles \u00e0 tous. Les places sont limit\u00e9es, et nous vous encourageons \u00e0 choisir cette option uniquement si le tarif de maintien d\u00e9passe vos moyens.<\/p>\n                                <div class=\"price\"><\/div> <!-- Price placeholder -->\n\n                                <div class=\"availability places-left\"><\/div> <!-- Availability placeholder -->\n                                <div class=\"unavailable-message\"><\/div>\n                            <\/div>\n                            <button type='button' class='btn btn-primary price-tier-btn' data-price-tier='Basic'>Choisir R\u00e9duit<\/button>\n                        <\/div>\n                        <!-- Scholarship Option -->\n                        <div class=\"pricing-option\">\n                            <div class=\"pricing-header\">\n                                <h4>Bourse<\/h4>\n                                <p>Pour ceux qui ont besoin d'une assistance financi\u00e8re. Ce tarif r\u00e9duit est disponible gr\u00e2ce \u00e0 la g\u00e9n\u00e9rosit\u00e9 des autres retraitants. La disponibilit\u00e9 est limit\u00e9e.<\/p>\n                                <div class=\"price\"><\/div> <!-- Price placeholder -->\n                                <div class=\"availability places-left\"><\/div> <!-- Availability placeholder -->\n                                <div class=\"unavailable-message\"><\/div>\n                            <\/div>\n                            <div>\n                                <button type='button' class='btn btn-primary price-tier-btn' data-price-tier='Scholarship'>Choisir Bourse<\/button>\n                            <\/div>\n                        <\/div>\n\n                    <\/div>\n                <\/div>\n\n                <div class=\"row mb-2 g-2\">\n                    <div class=\"col\">\n                        <div id=\"error-msg\" style=\"display:none; color:red;\"><\/div>\n                    <\/div>\n                <\/div>\n\n                <div class=\"row mb-2 g-2 availability-search\" style=\"display: none\">\n                    <div class=\"col\">\n                        <button type=\"submit\" class=\"btn btn-primary \">Voir les disponibilit\u00e9s<\/button>\n                    <\/div>\n                <\/div>\n            <\/form>\n        <\/div>\n\n\n\n\n\n\n<p><\/p>\n\n\n\n<p><strong>Plus d\u2019informations pour mieux se pr\u00e9parer \u00e0 venir pratiquer avec nous<\/strong><\/p>\n\n\n\n<ul class=\"wp-block-list\">\n<li><a href=\"https:\/\/plumvillage.org\/fr\/a-propos\/village-des-pruniers\/nos-hameaux\">Informations sur nos hameaux<\/a><\/li>\n\n\n\n<li><a href=\"https:\/\/plumvillage.org\/fr\/retraites\/informations-importantes\/hebergement-et-prix\">H\u00e9bergement et contributions<\/a><\/li>\n\n\n\n<li><a href=\"https:\/\/plumvillage.org\/fr\/retraites\/informations-importantes\/organisations-pratiques\" target=\"_blank\" rel=\"noreferrer noopener\">Transport, comment se v\u00eatir, que dois-je apporter et les repas<\/a><\/li>\n<\/ul>\n\n\n\n<h2 class=\"wp-block-heading\"><em>Retours de la retraite Wake Up de l&rsquo;ann\u00e9e derni\u00e8re<\/em><\/h2>\n\n\n\n<blockquote class=\"wp-block-quote is-layout-flow wp-block-quote-is-layout-flow\">\n<p><em>J&rsquo;ai eu le sentiment de pouvoir beaucoup pratiquer, en d\u00e9veloppant ma compassion envers moi-m\u00eame et envers les autres, et en voyant que le changement est possible. Cela m&rsquo;a donn\u00e9 de l&rsquo;espoir.<\/em><\/p>\n<\/blockquote>\n\n\n\n<blockquote class=\"wp-block-quote is-layout-flow wp-block-quote-is-layout-flow\">\n<p><em>La retraite \u00e9tait fantastique, tr\u00e8s nourrissante pour mon corps, mon esprit et mon \u00e2me.<\/em><\/p>\n<\/blockquote>\n\n\n\n<blockquote class=\"wp-block-quote is-layout-flow wp-block-quote-is-layout-flow\">\n<p><em>Totalement transformateur.<\/em><\/p>\n<\/blockquote>\n\n\n\n<figure class=\"wp-block-image size-large\"><img loading=\"lazy\" decoding=\"async\" width=\"1024\" height=\"683\" src=\"https:\/\/plumvillage.org\/wp-content\/uploads\/2025\/08\/wake-up-2025-IV-1024x683.jpg\" alt=\"\" class=\"wp-image-532241\" srcset=\"https:\/\/plumvillage.org\/wp-content\/uploads\/2025\/08\/wake-up-2025-IV-1024x683.jpg 1024w, https:\/\/plumvillage.org\/wp-content\/uploads\/2025\/08\/wake-up-2025-IV-499x333.jpg 499w, https:\/\/plumvillage.org\/wp-content\/uploads\/2025\/08\/wake-up-2025-IV-768x512.jpg 768w, https:\/\/plumvillage.org\/wp-content\/uploads\/2025\/08\/wake-up-2025-IV-1536x1024.jpg 1536w, https:\/\/plumvillage.org\/wp-content\/uploads\/2025\/08\/wake-up-2025-IV.jpg 1920w\" sizes=\"auto, (max-width: 1024px) 100vw, 1024px\" \/><figcaption class=\"wp-element-caption\">Joyeusement ensemble<\/figcaption><\/figure>\n\n\n\n<blockquote class=\"wp-block-quote is-layout-flow wp-block-quote-is-layout-flow\">\n<p><em>L&rsquo;atmosph\u00e8re de pleine conscience m&rsquo;a vraiment ramen\u00e9 dans le moment pr\u00e9sent, sans me perdre dans le pass\u00e9 ou dans le futur.<\/em><\/p>\n<\/blockquote>\n\n\n\n<blockquote class=\"wp-block-quote is-layout-flow wp-block-quote-is-layout-flow\">\n<p><em>C&rsquo;\u00e9tait \u00e0 la fois l&rsquo;une des meilleures mais aussi l&rsquo;une des choses les plus effrayantes que j&rsquo;aie jamais faites. Je suis venu au Village des Pruniers en sachant que j&rsquo;avais beaucoup de travail int\u00e9rieur \u00e0 faire et que je ne serais pas en mesure d&rsquo;\u00e9viter de faire ce travail l\u00e0-bas. J&rsquo;ai rencontr\u00e9 beaucoup de personnes formidables, tant au sein de la communaut\u00e9 monastique que la\u00efque..<\/em><\/p>\n<\/blockquote>\n\n\n\n<h2 class=\"wp-block-heading\">B\u00e9n\u00e9volat<\/h2>\n\n\n\n<p>Nous aimerions inviter les pratiquant\u2e31es exp\u00e9riment\u00e9\u2e31es de la tradition du Village des Pruniers \u00e0 nous soutenir en tant que b\u00e9n\u00e9voles du <strong>5 au 19 ao\u00fbt <\/strong>pendant la retraite Wake Up 2026 pour les jeunes \u00e2g\u00e9s de 18 \u00e0 35 ans.<br><strong>Merci de noter qu&rsquo;un niveau d&rsquo;anglais permettant de comprendre et de s&rsquo;exprimer est requis pour les b\u00e9n\u00e9voles.<\/strong><\/p>\n\n\n\n<figure class=\"wp-block-embed is-type-wp-embed is-provider-village-des-pruniers wp-block-embed-village-des-pruniers\"><div class=\"wp-block-embed__wrapper\">\n<blockquote class=\"wp-embedded-content\" data-secret=\"rmCLCPwXhr\"><a href=\"https:\/\/plumvillage.org\/fr\/event\/benevolat-2\/benevolat-wake-up-2026\">B\u00e9n\u00e9volat &#8211; Wake Up 2026<\/a><\/blockquote><iframe loading=\"lazy\" class=\"wp-embedded-content\" sandbox=\"allow-scripts\" security=\"restricted\" style=\"position: absolute; visibility: hidden;\" title=\"\u00ab\u00a0B\u00e9n\u00e9volat &#8211; Wake Up 2026\u00a0\u00bb &#8212; Village des Pruniers\" src=\"https:\/\/plumvillage.org\/fr\/event\/benevolat-2\/benevolat-wake-up-2026\/embed#?secret=fOGqcaYL31#?secret=rmCLCPwXhr\" data-secret=\"rmCLCPwXhr\" width=\"600\" height=\"338\" frameborder=\"0\" marginwidth=\"0\" marginheight=\"0\" scrolling=\"no\"><\/iframe>\n<\/div><\/figure>\n","protected":false},"excerpt":{"rendered":"<p>Nous sommes heureux\u00b7ses de vous accueillir une nouvelle fois au Village des Pruniers pour passer du temps ensemble en pleine nature, pratiquer, gu\u00e9rir et prendre soin de nous lors de cette retraite sp\u00e9ciale pour les jeunes de 18 \u00e0 35 ans.<\/p>\n","protected":false},"author":7572,"featured_media":532223,"parent":0,"menu_order":0,"template":"","meta":{"_acf_changed":false,"sync_status":"","episode_type":"","audio_file":"","podmotor_file_id":"","podmotor_episode_id":"","castos_file_data":"","cover_image":"","cover_image_id":"","duration":"","filesize":"","filesize_raw":"","date_recorded":"","explicit":"","block":"","itunes_episode_number":"","itunes_title":"","itunes_season_number":"","itunes_episode_type":"","ep_exclude_from_search":false,"footnotes":""},"class_list":["post-594604","pv_event","type-pv_event","status-publish","has-post-thumbnail","hentry"],"acf":[],"pv_custom_fields":{"locations":["Le Village des Pruniers - Europe","Hameau du Bas","Hameau du Haut","Hameau Nouveau"],"status":"EventScheduled","custom_status":{"text":"R\u00e9servez la date","color":"ink"},"start_date":1786320000,"end_date":1786924800,"registration_open":1775566800,"external_link":"","featured_image":"https:\/\/plumvillage.org\/wp-content\/uploads\/2025\/08\/wake-up-2025-XXVIII-480x290.jpg","is_translated":594603,"post_language":"fr","hidden":false,"event_type":4282},"_links":{"self":[{"href":"https:\/\/plumvillage.org\/fr\/wp-json\/wp\/v2\/pv_event\/594604","targetHints":{"allow":["GET"]}}],"collection":[{"href":"https:\/\/plumvillage.org\/fr\/wp-json\/wp\/v2\/pv_event"}],"about":[{"href":"https:\/\/plumvillage.org\/fr\/wp-json\/wp\/v2\/types\/pv_event"}],"author":[{"embeddable":true,"href":"https:\/\/plumvillage.org\/fr\/wp-json\/wp\/v2\/users\/7572"}],"version-history":[{"count":5,"href":"https:\/\/plumvillage.org\/fr\/wp-json\/wp\/v2\/pv_event\/594604\/revisions"}],"predecessor-version":[{"id":640463,"href":"https:\/\/plumvillage.org\/fr\/wp-json\/wp\/v2\/pv_event\/594604\/revisions\/640463"}],"wp:featuredmedia":[{"embeddable":true,"href":"https:\/\/plumvillage.org\/fr\/wp-json\/wp\/v2\/media\/532223"}],"wp:attachment":[{"href":"https:\/\/plumvillage.org\/fr\/wp-json\/wp\/v2\/media?parent=594604"}],"curies":[{"name":"wp","href":"https:\/\/api.w.org\/{rel}","templated":true}]}}