{"id":246457,"date":"2022-01-18T11:39:41","date_gmt":"2022-01-18T10:39:41","guid":{"rendered":"https:\/\/plumvillage.org\/?post_type=pv_event&#038;p=246457"},"modified":"2022-01-25T14:46:09","modified_gmt":"2022-01-25T13:46:09","slug":"il-miracolo-della-consapevolezza","status":"publish","type":"pv_event","link":"https:\/\/plumvillage.org\/it\/event\/online-retreat-it\/il-miracolo-della-consapevolezza","title":{"rendered":"Il Miracolo della Consapevolezza"},"content":{"rendered":"\n<p><\/p>\n\n\n<figure class=\"video-embed align\"\">\n\n    <script>var $8ZgbtjPThh4 = '<iframe loading=\"lazy\" id=\"hyperyoutubeplayer\" data-player-type=\"youtube\" title=\"Il Miracolo della Consapevolezza, Ritiro On-line dal 28 al 30 Gennaio.\" width=\"640\" height=\"360\" src=\"https:\/\/www.youtube.com\/embed\/8ZgbtjPThh4?feature=oembed&#038;rel=0&#038;enablejsapi=1&#038;origin=https:\/\/plumvillage.org&#038;playsinline=1&#038;modestbranding=1&#038;autoplay=1\" frameborder=\"0\" allow=\"accelerometer; autoplay; clipboard-write; encrypted-media; gyroscope; picture-in-picture; web-share\" referrerpolicy=\"strict-origin-when-cross-origin\" allowfullscreen><\/iframe>';<\/script>    <div class=\"video-wrapper\">\n              <a\n          class=\"play \"\n          aria-label=\"Play Video\"\n          href=\"#\"\n          data-embed-link=\"$8ZgbtjPThh4\"\n          data-target=\"8ZgbtjPThh4303\">\n          <img decoding=\"async\" src=\"https:\/\/i.ytimg.com\/vi\/8ZgbtjPThh4\/mqdefault.jpg\">          <span class=\"icon icon-bg icon-play\"><\/span>\n        <\/a>\n                    <div class=\"iframe-target iframe-target-8ZgbtjPThh4303\">\n          <span class=\"icon icon-close\"><\/span>\n          <div class=\"iframe-container ratio ratio-16x9 dropzone\"><\/div>\n        <\/div>\n          <\/div>\n    \n<\/figure>\n\n\n<p><em>&#8220;E&#8217; stata un esperienza molto ricca, e adeguata ai miei tempi, nel fine settimana. Ho partecipato a tutti i &#8220;&#8221;live&#8221;&#8221;,&nbsp; ed ho seguito , soprattutto il sabato, l&#8217;intero percorso suggerito,&nbsp; con attenzione anche ai pasti che mi sono preparata prima.&#8221;-<\/em> <strong>Maria Paola Morbioli<\/strong><\/p>\n\n\n\n<h2 class=\"wp-block-heading\"><strong><em>Che cos&#8217;\u00e8 il ritiro &#8220;Il Miracolo della Consapevolezza?&#8221;<\/em><\/strong><\/h2>\n\n\n\n<p><em>Il ritiro il miracolo di consapevolezza \u00e8 un programma ON-LINE di 3 giorni per il fine settimana con i monaci di Plum village. Questo <\/em><strong>programma semplice e leggero<\/strong><em> ti permetter\u00e0 di fermarti, riposare, essere presente e nutrirti di energia di pace e di unione.<\/em><\/p>\n\n\n\n<p><em>Questo ritiro ci dar\u00e0 l&#8217;opportunit\u00e0 di tornare a noi stessi, praticare la consapevolezza nella nostra vita quotidiana. \u00c8 una grande fonte di felicit\u00e0 poter praticare come una comunit\u00e0, come un gruppo, essere presenti l&#8217;uno per l&#8217;altro, essere consapevoli insieme e sostenersi a vicenda, anche per passare del tempo di qualit\u00e0 con se stessi.<\/em><\/p>\n\n\n\n<p><em>Meditazioni e Insegnamenti saranno sessioni LIVE (via Zoom). Questo programma forse sar\u00e0 offerto regolarmente ma <\/em><strong>con tematiche diversi.<\/strong><\/p>\n\n\n\n<h2 class=\"wp-block-heading\"><strong><em>A chi \u00e8 rivolto specificamente questo programma?<\/em><\/strong><\/h2>\n\n\n\n<p><em>Suggeriamo questo programma principalmente per coloro che hanno gi\u00e0 praticato la consapevolezza nella tradizione di Plum Village, come ha insegnato il Venerabile Thich Nhat Hanh.<\/em><\/p>\n\n\n\n<p><em>Se sei nuovo a questa tradizione, anche tu sei il benvenuto, e ti invitiamo a leggere attentamente le informazioni del programma in modo che tu possa apprezzare al meglio pratica.&nbsp;<\/em><\/p>\n\n\n<figure class=\"video-embed align\"\">\n\n    <script>var $_A53VJWGYq8 = '<iframe loading=\"lazy\" id=\"hyperyoutubeplayer\" data-player-type=\"youtube\" title=\"Condivisione sul ritiro &quot;Il Miracolo della Consapevolezza&quot;\" width=\"640\" height=\"360\" src=\"https:\/\/www.youtube.com\/embed\/_A53VJWGYq8?feature=oembed&#038;rel=0&#038;enablejsapi=1&#038;origin=https:\/\/plumvillage.org&#038;playsinline=1&#038;modestbranding=1&#038;autoplay=1\" frameborder=\"0\" allow=\"accelerometer; autoplay; clipboard-write; encrypted-media; gyroscope; picture-in-picture; web-share\" referrerpolicy=\"strict-origin-when-cross-origin\" allowfullscreen><\/iframe>';<\/script>    <div class=\"video-wrapper\">\n              <a\n          class=\"play \"\n          aria-label=\"Play Video\"\n          href=\"#\"\n          data-embed-link=\"$_A53VJWGYq8\"\n          data-target=\"_A53VJWGYq8911\">\n          <img decoding=\"async\" src=\"https:\/\/i.ytimg.com\/vi\/_A53VJWGYq8\/maxresdefault.jpg\">          <span class=\"icon icon-bg icon-play\"><\/span>\n        <\/a>\n                    <div class=\"iframe-target iframe-target-_A53VJWGYq8911\">\n          <span class=\"icon icon-close\"><\/span>\n          <div class=\"iframe-container ratio ratio-16x9 dropzone\"><\/div>\n        <\/div>\n          <\/div>\n    \n<\/figure>\n\n\n<h2 class=\"wp-block-heading\"><strong><em>Cosa far\u00f2 in 3 giorni?<\/em><\/strong><\/h2>\n\n\n\n<p><em>Il fuso orario \u00e8 quello di Roma<\/em><\/p>\n\n\n\n<p><strong>Venerd\u00ec, 28 gennaio 2022<\/strong><br><em>Mattina Meditazione Seduta in silenzio (15 min) *pre-registrato<\/em><br><em>19.00 Sera Meditazione seduta (15 min) *Live<\/em><br><em>19.15 Orientamento (60 min) *Live<\/em><br><em>Rilassamento profondo a fine giornata *pre-registrato<\/em><\/p>\n\n\n\n<p><strong>Sabato, 29 gennaio 2022<\/strong><br><em>09.30 Meditazione seduta guidata (30 min) *Live<\/em><br><em>pausa<\/em><br><em>10.15 Discorso di Dharma (60 minuti).*Live<\/em><br><em>pausa<\/em><br><em>16.00 Condivisione del Dharma (90 min) *Live<\/em><br><em><em>Nel pomeriggio ci saranno pratiche personali<\/em><\/em><br><em>Rilassamento profondo alla fine della giornata *pre-registrato&nbsp;<\/em><\/p>\n\n\n\n<p><strong>Domenica, 30 gennaio 2022<\/strong><br><em>09.30 Meditazione seduta guidata (30 min)*Live<\/em><br><em>pausa<\/em><br><em>10.15 Discorso di Dharma (60 minuti)*Live<\/em><br><em>pausa<\/em><br><em><em>Nel pomeriggio ci saranno pratiche personali<\/em><\/em><br><em>Rilassamento profondo alla fine della giornata *pre-registrato<\/em><\/p>\n\n\n\n<h2 class=\"wp-block-heading\"><strong><em>Come partecipare?<\/em><\/strong><\/h2>\n\n\n\n<p><em>\u00c8 facile partecipare a questo programma, ecco i passi da seguire:&nbsp;<\/em><\/p>\n\n\n\n<ol class=\"wp-block-list\"><li><em>Compilare il modulo di registrazione.<\/em><\/li><li><em>Donazione.<\/em><\/li><li><em>Ricevere la conferma con le informazioni via e-mail.<\/em><\/li><li>Apprezzare le attivit\u00e0: Sessioni LIVE e video pre-registrati<\/li><\/ol>\n\n\n\n<h2 class=\"wp-block-heading\"><strong><em>Qual \u00e8 il contributo?<\/em><\/strong><\/h2>\n\n\n\n<p><em>Questo programma \u00e8 <\/em><strong><em>un programma basato su donazioni<\/em><\/strong><em>. Ci sar\u00e0 un importo suggerito. Puoi offrire una donazione secondo la tua condizione finanziaria. La tua generosit\u00e0 sosterr\u00e0 la vita del monastero.<\/em><\/p>\n\n\n\n<h2 class=\"wp-block-heading\"><strong><em>Condivisione del Dharma<\/em><\/strong><\/h2>\n\n\n\n<p><em>Ci sar\u00e0 <\/em><strong><em>uno<\/em><\/strong><em> <\/em><strong><em>spazio limitato <\/em><\/strong><em>per la condivisione del Dharma. Si tratta di una sessione di pratica in piccoli gruppi di 20 persone dove condividiamo la nostra esperienza nella pratica e ci connettiamo l&#8217;un l&#8217;altro praticando la parola amorevole e l&#8217;ascolto profondo. Ti chiediamo gentilmente di registrarti se vuoi partecipare a questa sessione. In questo ritiro sei libero\/a di decidere se partecipare o no alla Condivisione del Dharma.<\/em><strong><em> \u00a0<\/em><\/strong><\/p>\n\n\n\n<p><strong>La registrazione \u00e8 ora chiusa.<\/strong><br><em>Abbiamo raggiunto il numero massimo di partecipanti.Ci auguriamo di poter praticare insieme nel prossimo ritiro.<\/em><\/p>\n\n\n\n<p><strong><em>Esperienza dei partecipanti al programma precedente:<\/em><\/strong><\/p>\n\n\n\n<ol class=\"wp-block-list\"><li><em>Sono stati giorni molto nutrienti, mantenere i rapporti con il Sangha, anche se online, \u00e8 davvero importante per me. Ho trovato delle risposte a domande che non avevo nemmeno il coraggio di pormi e ancora sento in me l&#8217;energia del ritiro.- <\/em><strong>Aliai&nbsp;<\/strong><\/li><li><em>Gli incontri sono sempre molto curati e ben fatti: le email sono precise, i materiali sul sito sono ottimi. Funziona tutto a meraviglia! &#8211;<\/em><strong><em> <\/em>Simone Baldocchi<\/strong><\/li><li><em>Anche se non sono riuscita a seguire il programma del venerd\u00ec per motivi di lavoro, ho ricevuto grande nutrimento sia dalle meditazioni della mattina che dagli insegnamenti del pomeriggio. Parole semplici e dirette, espresse con la pace nella voce mi hanno trasmesso valori profondi e importanti. Vorrei salvare le registrazioni degli insegnamenti per poterli risentire con calma quando posso dedicare la mia attenzione totale all&#8217;ascolto. Grazie, grazie. Un grande sostegno per praticare e farlo insieme! A volte da soli si perde la qualit\u00e0 della pratica e la motivazione.- <\/em><strong>Silvia<\/strong><\/li><li><em>E&#8217; stata un esperienza molto ricca, e adeguata ai miei tempi, nel fine settimana. Ho partecipato a tutti i &#8220;&#8221;live&#8221;&#8221;,&nbsp; ed ho seguito , soprattutto il sabato ,l&#8217;intero percorso suggerito ,&nbsp; con attenzione anche ai pasti che mi sono preparata prima.-<\/em> <strong>Maria Paola Morbioli<\/strong><\/li><\/ol>\n\n\n\n<figure class=\"wp-block-image size-large\"><img loading=\"lazy\" decoding=\"async\" width=\"1024\" height=\"683\" src=\"https:\/\/plumvillage.org\/wp-content\/uploads\/2022\/01\/Copy-of-20111223_4333A-1024x683.jpg\" alt=\"\" class=\"wp-image-246458\" srcset=\"https:\/\/plumvillage.org\/wp-content\/uploads\/2022\/01\/Copy-of-20111223_4333A-1024x683.jpg 1024w, https:\/\/plumvillage.org\/wp-content\/uploads\/2022\/01\/Copy-of-20111223_4333A-499x333.jpg 499w, https:\/\/plumvillage.org\/wp-content\/uploads\/2022\/01\/Copy-of-20111223_4333A-768x512.jpg 768w, https:\/\/plumvillage.org\/wp-content\/uploads\/2022\/01\/Copy-of-20111223_4333A-1536x1024.jpg 1536w, https:\/\/plumvillage.org\/wp-content\/uploads\/2022\/01\/Copy-of-20111223_4333A.jpg 1920w\" sizes=\"auto, (max-width: 1024px) 100vw, 1024px\" \/><\/figure>\n","protected":false},"excerpt":{"rendered":"<p>&#8220;E&#8217; stata un esperienza molto ricca, e adeguata ai miei tempi, nel fine settimana. Ho partecipato a tutti i &#8220;&#8221;live&#8221;&#8221;,&nbsp; ed ho seguito , soprattutto il sabato, l&#8217;intero percorso suggerito,&nbsp; con attenzione anche ai pasti che mi sono preparata prima.&#8221;- Maria Paola Morbioli Che cos&#8217;\u00e8 il ritiro &#8220;Il Miracolo della Consapevolezza?&#8221; Il ritiro il miracolo<\/p>\n","protected":false},"author":1140,"featured_media":246458,"parent":0,"menu_order":0,"template":"","meta":{"_acf_changed":false,"sync_status":"","episode_type":"","audio_file":"","podmotor_file_id":"","podmotor_episode_id":"","castos_file_data":"","cover_image":"","cover_image_id":"","duration":"","filesize":"","filesize_raw":"","date_recorded":"","explicit":"","block":"","itunes_episode_number":"","itunes_title":"","itunes_season_number":"","itunes_episode_type":"","ep_exclude_from_search":false,"footnotes":""},"class_list":["post-246457","pv_event","type-pv_event","status-publish","has-post-thumbnail","hentry"],"acf":[],"pv_custom_fields":{"locations":"","status":"EventScheduled","custom_status":"","start_date":1643328000,"end_date":1643500800,"registration_open":1642443231,"external_link":"","featured_image":"https:\/\/plumvillage.org\/wp-content\/uploads\/2022\/01\/Copy-of-20111223_4333A-480x290.jpg","is_translated":false,"post_language":"it","hidden":false,"event_type":3033},"_links":{"self":[{"href":"https:\/\/plumvillage.org\/it\/wp-json\/wp\/v2\/pv_event\/246457","targetHints":{"allow":["GET"]}}],"collection":[{"href":"https:\/\/plumvillage.org\/it\/wp-json\/wp\/v2\/pv_event"}],"about":[{"href":"https:\/\/plumvillage.org\/it\/wp-json\/wp\/v2\/types\/pv_event"}],"author":[{"embeddable":true,"href":"https:\/\/plumvillage.org\/it\/wp-json\/wp\/v2\/users\/1140"}],"version-history":[{"count":0,"href":"https:\/\/plumvillage.org\/it\/wp-json\/wp\/v2\/pv_event\/246457\/revisions"}],"wp:featuredmedia":[{"embeddable":true,"href":"https:\/\/plumvillage.org\/it\/wp-json\/wp\/v2\/media\/246458"}],"wp:attachment":[{"href":"https:\/\/plumvillage.org\/it\/wp-json\/wp\/v2\/media?parent=246457"}],"curies":[{"name":"wp","href":"https:\/\/api.w.org\/{rel}","templated":true}]}}